{"version":"1.0","provider_name":"\u017durnalas Lietuv\u0117","provider_url":"https:\/\/lietuve.lt","title":"Prezident\u0117 \u012fvertino vaik\u0173 gyvenimo s\u0105lygas specialiojo ugdymo centre - \u017durnalas Lietuv\u0117","type":"rich","width":600,"height":338,"html":"<blockquote class=\"wp-embedded-content\" data-secret=\"zpIJh2RI78\"><a href=\"https:\/\/lietuve.lt\/prezidente-ivertino-vaiku-gyvenimo-salygas-specialiojo-ugdymo-centre\/\">Prezident\u0117 \u012fvertino vaik\u0173 gyvenimo s\u0105lygas specialiojo ugdymo centre<\/a><\/blockquote><iframe sandbox=\"allow-scripts\" security=\"restricted\" src=\"https:\/\/lietuve.lt\/prezidente-ivertino-vaiku-gyvenimo-salygas-specialiojo-ugdymo-centre\/embed\/#?secret=zpIJh2RI78\" width=\"600\" height=\"338\" title=\"&#8220;Prezident\u0117 \u012fvertino vaik\u0173 gyvenimo s\u0105lygas specialiojo ugdymo centre&#8221; &#8212; \u017durnalas Lietuv\u0117\" data-secret=\"zpIJh2RI78\" frameborder=\"0\" marginwidth=\"0\" marginheight=\"0\" scrolling=\"no\" class=\"wp-embedded-content\"><\/iframe><script type=\"text\/javascript\">\n\/* <![CDATA[ *\/\n\/*! This file is auto-generated *\/\n!function(d,l){\"use strict\";l.querySelector&&d.addEventListener&&\"undefined\"!=typeof URL&&(d.wp=d.wp||{},d.wp.receiveEmbedMessage||(d.wp.receiveEmbedMessage=function(e){var t=e.data;if((t||t.secret||t.message||t.value)&&!\/[^a-zA-Z0-9]\/.test(t.secret)){for(var s,r,n,a=l.querySelectorAll('iframe[data-secret=\"'+t.secret+'\"]'),o=l.querySelectorAll('blockquote[data-secret=\"'+t.secret+'\"]'),c=new RegExp(\"^https?:$\",\"i\"),i=0;i<o.length;i++)o[i].style.display=\"none\";for(i=0;i<a.length;i++)s=a[i],e.source===s.contentWindow&&(s.removeAttribute(\"style\"),\"height\"===t.message?(1e3<(r=parseInt(t.value,10))?r=1e3:~~r<200&&(r=200),s.height=r):\"link\"===t.message&&(r=new URL(s.getAttribute(\"src\")),n=new URL(t.value),c.test(n.protocol))&&n.host===r.host&&l.activeElement===s&&(d.top.location.href=t.value))}},d.addEventListener(\"message\",d.wp.receiveEmbedMessage,!1),l.addEventListener(\"DOMContentLoaded\",function(){for(var e,t,s=l.querySelectorAll(\"iframe.wp-embedded-content\"),r=0;r<s.length;r++)(t=(e=s[r]).getAttribute(\"data-secret\"))||(t=Math.random().toString(36).substring(2,12),e.src+=\"#?secret=\"+t,e.setAttribute(\"data-secret\",t)),e.contentWindow.postMessage({message:\"ready\",secret:t},\"*\")},!1)))}(window,document);\n\/\/# sourceURL=https:\/\/lietuve.lt\/wp-includes\/js\/wp-embed.min.js\n\/* ]]> *\/\n<\/script>\n","description":"Ketvirtadien\u012f, baland\u017eio 16 d., Lietuvos Respublikos Prezident\u0117 Dalia Grybauskait\u0117 apsilank\u0117 \u0160v\u0117k\u0161nos specialiojo ugdymo centre, susipa\u017eino su vaik\u0173 gyvenimo, ugdymo s\u0105lygomis. Su \u0161vietimo ir mokslo ministru Dainiumi Pavalkiu ir vaiko teisi\u0173 apsaugos kontroliere Edita \u017diobiene aptar\u0117 centro pertvark\u0105. Valstyb\u0117 turi pasir\u016bpinti visais vaikais, praradusiais galimyb\u0119 augti \u0161eimoje, ypa\u010d tais, kuriems reikia atidesn\u0117s prie\u017ei\u016bros d\u0117l sveikatos ar"}