{"version":"1.0","provider_name":"\u017durnalas Lietuv\u0117","provider_url":"https:\/\/lietuve.lt","title":"Prezident\u0117 kvie\u010dia \u012f i\u0161kilmingus Lietuvos gimtadienio renginius - \u017durnalas Lietuv\u0117","type":"rich","width":600,"height":338,"html":"<blockquote class=\"wp-embedded-content\" data-secret=\"Djl9lpbnDz\"><a href=\"https:\/\/lietuve.lt\/prezidente-kviecia-i-iskilmingus-lietuvos-gimtadienio-renginius\/\">Prezident\u0117 kvie\u010dia \u012f i\u0161kilmingus Lietuvos gimtadienio renginius<\/a><\/blockquote><iframe sandbox=\"allow-scripts\" security=\"restricted\" src=\"https:\/\/lietuve.lt\/prezidente-kviecia-i-iskilmingus-lietuvos-gimtadienio-renginius\/embed\/#?secret=Djl9lpbnDz\" width=\"600\" height=\"338\" title=\"&#8220;Prezident\u0117 kvie\u010dia \u012f i\u0161kilmingus Lietuvos gimtadienio renginius&#8221; &#8212; \u017durnalas Lietuv\u0117\" data-secret=\"Djl9lpbnDz\" frameborder=\"0\" marginwidth=\"0\" marginheight=\"0\" scrolling=\"no\" class=\"wp-embedded-content\"><\/iframe><script type=\"text\/javascript\">\n\/* <![CDATA[ *\/\n\/*! This file is auto-generated *\/\n!function(d,l){\"use strict\";l.querySelector&&d.addEventListener&&\"undefined\"!=typeof URL&&(d.wp=d.wp||{},d.wp.receiveEmbedMessage||(d.wp.receiveEmbedMessage=function(e){var t=e.data;if((t||t.secret||t.message||t.value)&&!\/[^a-zA-Z0-9]\/.test(t.secret)){for(var s,r,n,a=l.querySelectorAll('iframe[data-secret=\"'+t.secret+'\"]'),o=l.querySelectorAll('blockquote[data-secret=\"'+t.secret+'\"]'),c=new RegExp(\"^https?:$\",\"i\"),i=0;i<o.length;i++)o[i].style.display=\"none\";for(i=0;i<a.length;i++)s=a[i],e.source===s.contentWindow&&(s.removeAttribute(\"style\"),\"height\"===t.message?(1e3<(r=parseInt(t.value,10))?r=1e3:~~r<200&&(r=200),s.height=r):\"link\"===t.message&&(r=new URL(s.getAttribute(\"src\")),n=new URL(t.value),c.test(n.protocol))&&n.host===r.host&&l.activeElement===s&&(d.top.location.href=t.value))}},d.addEventListener(\"message\",d.wp.receiveEmbedMessage,!1),l.addEventListener(\"DOMContentLoaded\",function(){for(var e,t,s=l.querySelectorAll(\"iframe.wp-embedded-content\"),r=0;r<s.length;r++)(t=(e=s[r]).getAttribute(\"data-secret\"))||(t=Math.random().toString(36).substring(2,12),e.src+=\"#?secret=\"+t,e.setAttribute(\"data-secret\",t)),e.contentWindow.postMessage({message:\"ready\",secret:t},\"*\")},!1)))}(window,document);\n\/\/# sourceURL=https:\/\/lietuve.lt\/wp-includes\/js\/wp-embed.min.js\n\/* ]]> *\/\n<\/script>\n","thumbnail_url":"https:\/\/lietuve.lt\/wp-content\/uploads\/2018\/01\/1-112.jpg","thumbnail_width":680,"thumbnail_height":397,"description":"Lietuvos Prezident\u0117 Dalia Grybauskait\u0117 visus \u017emones ragina \u0161v\u0119sti Lietuvos gimtadien\u012f ir kvie\u010dia kartu dalyvauti Valstyb\u0117s atk\u016brimo 100-me\u010dio jubiliejui skirtuose \u012fsp\u016bdinguose renginiuose. Svarbiausias ir did\u017eiausias valstyb\u0117s \u0161imtme\u010dio min\u0117jimo renginys\u00a0\u2013 vasario 16\u00a0dien\u0105 12\u00a0val. S. Daukanto aik\u0161t\u0117je rengiama Baltijos valstybi\u0173 v\u0117liav\u0173 pak\u0117limo ceremonija, kuri\u0105 12.30\u00a0val. vainikuos vis\u0105 \u0161al\u012f sujungsiantis ba\u017eny\u010di\u0173 varp\u0173 skamb\u0117jimas. \u0160i valanda pasirinkta neatsitiktinai\u00a0\u2013 lygiai prie\u0161"}