{"version":"1.0","provider_name":"\u017durnalas Lietuv\u0117","provider_url":"https:\/\/lietuve.lt","title":"Prezident\u0117 kvie\u010dia sodinti \u0161imtme\u010dio \u0105\u017euoliukus - \u017durnalas Lietuv\u0117","type":"rich","width":600,"height":338,"html":"<blockquote class=\"wp-embedded-content\" data-secret=\"EWPAApzZY7\"><a href=\"https:\/\/lietuve.lt\/prezidente-kviecia-sodinti-simtmecio-azuoliukus\/\">Prezident\u0117 kvie\u010dia sodinti \u0161imtme\u010dio \u0105\u017euoliukus<\/a><\/blockquote><iframe sandbox=\"allow-scripts\" security=\"restricted\" src=\"https:\/\/lietuve.lt\/prezidente-kviecia-sodinti-simtmecio-azuoliukus\/embed\/#?secret=EWPAApzZY7\" width=\"600\" height=\"338\" title=\"&#8220;Prezident\u0117 kvie\u010dia sodinti \u0161imtme\u010dio \u0105\u017euoliukus&#8221; &#8212; \u017durnalas Lietuv\u0117\" data-secret=\"EWPAApzZY7\" frameborder=\"0\" marginwidth=\"0\" marginheight=\"0\" scrolling=\"no\" class=\"wp-embedded-content\"><\/iframe><script type=\"text\/javascript\">\n\/* <![CDATA[ *\/\n\/*! This file is auto-generated *\/\n!function(d,l){\"use strict\";l.querySelector&&d.addEventListener&&\"undefined\"!=typeof URL&&(d.wp=d.wp||{},d.wp.receiveEmbedMessage||(d.wp.receiveEmbedMessage=function(e){var t=e.data;if((t||t.secret||t.message||t.value)&&!\/[^a-zA-Z0-9]\/.test(t.secret)){for(var s,r,n,a=l.querySelectorAll('iframe[data-secret=\"'+t.secret+'\"]'),o=l.querySelectorAll('blockquote[data-secret=\"'+t.secret+'\"]'),c=new RegExp(\"^https?:$\",\"i\"),i=0;i<o.length;i++)o[i].style.display=\"none\";for(i=0;i<a.length;i++)s=a[i],e.source===s.contentWindow&&(s.removeAttribute(\"style\"),\"height\"===t.message?(1e3<(r=parseInt(t.value,10))?r=1e3:~~r<200&&(r=200),s.height=r):\"link\"===t.message&&(r=new URL(s.getAttribute(\"src\")),n=new URL(t.value),c.test(n.protocol))&&n.host===r.host&&l.activeElement===s&&(d.top.location.href=t.value))}},d.addEventListener(\"message\",d.wp.receiveEmbedMessage,!1),l.addEventListener(\"DOMContentLoaded\",function(){for(var e,t,s=l.querySelectorAll(\"iframe.wp-embedded-content\"),r=0;r<s.length;r++)(t=(e=s[r]).getAttribute(\"data-secret\"))||(t=Math.random().toString(36).substring(2,12),e.src+=\"#?secret=\"+t,e.setAttribute(\"data-secret\",t)),e.contentWindow.postMessage({message:\"ready\",secret:t},\"*\")},!1)))}(window,document);\n\/\/# sourceURL=https:\/\/lietuve.lt\/wp-includes\/js\/wp-embed.min.js\n\/* ]]> *\/\n<\/script>\n","thumbnail_url":"https:\/\/lietuve.lt\/wp-content\/uploads\/2018\/04\/2-45.jpg","thumbnail_width":800,"thumbnail_height":510,"description":"Penktadien\u012f Prezident\u0117 Dalia Grybauskait\u0117, kviesdama visus prisijungti prie pavasarini\u0173 aplinkos tvarkymo ir med\u017ei\u0173 sodinimo iniciatyv\u0173, Prezidento r\u016bm\u0173 parke pasodino \u0105\u017euoliuk\u0105 Valstyb\u0117s atk\u016brimo \u0161imtme\u010dio garbei. Jau rytoj visoje Lietuvoje prasideda aplinkos tvarkymo akcija \u201eDarom\u201c, o po savait\u0117s \u2013 nacionalin\u0117 mi\u0161ko sodinimo \u0161vent\u0117. Pasak Prezident\u0117s, Valstyb\u0117s atk\u016brimo \u0161imtmet\u012f daugelis gal\u0117tume \u012fprasminti prie savo nam\u0173, gimtosiose vietose pasodindami"}