{"version":"1.0","provider_name":"\u017durnalas Lietuv\u0117","provider_url":"https:\/\/lietuve.lt","title":"Prezident\u0117 kvie\u010dia visus prisijungti prie akcijos \u201eDarom\u201c - \u017durnalas Lietuv\u0117","type":"rich","width":600,"height":338,"html":"<blockquote class=\"wp-embedded-content\" data-secret=\"MEHTiZIhPm\"><a href=\"https:\/\/lietuve.lt\/prezidente-kviecia-visus-prisijungti-prie-akcijos-darom\/\">Prezident\u0117 kvie\u010dia visus prisijungti prie akcijos \u201eDarom\u201c<\/a><\/blockquote><iframe sandbox=\"allow-scripts\" security=\"restricted\" src=\"https:\/\/lietuve.lt\/prezidente-kviecia-visus-prisijungti-prie-akcijos-darom\/embed\/#?secret=MEHTiZIhPm\" width=\"600\" height=\"338\" title=\"&#8220;Prezident\u0117 kvie\u010dia visus prisijungti prie akcijos \u201eDarom\u201c&#8221; &#8212; \u017durnalas Lietuv\u0117\" data-secret=\"MEHTiZIhPm\" frameborder=\"0\" marginwidth=\"0\" marginheight=\"0\" scrolling=\"no\" class=\"wp-embedded-content\"><\/iframe><script type=\"text\/javascript\">\n\/* <![CDATA[ *\/\n\/*! This file is auto-generated *\/\n!function(d,l){\"use strict\";l.querySelector&&d.addEventListener&&\"undefined\"!=typeof URL&&(d.wp=d.wp||{},d.wp.receiveEmbedMessage||(d.wp.receiveEmbedMessage=function(e){var t=e.data;if((t||t.secret||t.message||t.value)&&!\/[^a-zA-Z0-9]\/.test(t.secret)){for(var s,r,n,a=l.querySelectorAll('iframe[data-secret=\"'+t.secret+'\"]'),o=l.querySelectorAll('blockquote[data-secret=\"'+t.secret+'\"]'),c=new RegExp(\"^https?:$\",\"i\"),i=0;i<o.length;i++)o[i].style.display=\"none\";for(i=0;i<a.length;i++)s=a[i],e.source===s.contentWindow&&(s.removeAttribute(\"style\"),\"height\"===t.message?(1e3<(r=parseInt(t.value,10))?r=1e3:~~r<200&&(r=200),s.height=r):\"link\"===t.message&&(r=new URL(s.getAttribute(\"src\")),n=new URL(t.value),c.test(n.protocol))&&n.host===r.host&&l.activeElement===s&&(d.top.location.href=t.value))}},d.addEventListener(\"message\",d.wp.receiveEmbedMessage,!1),l.addEventListener(\"DOMContentLoaded\",function(){for(var e,t,s=l.querySelectorAll(\"iframe.wp-embedded-content\"),r=0;r<s.length;r++)(t=(e=s[r]).getAttribute(\"data-secret\"))||(t=Math.random().toString(36).substring(2,12),e.src+=\"#?secret=\"+t,e.setAttribute(\"data-secret\",t)),e.contentWindow.postMessage({message:\"ready\",secret:t},\"*\")},!1)))}(window,document);\n\/\/# sourceURL=https:\/\/lietuve.lt\/wp-includes\/js\/wp-embed.min.js\n\/* ]]> *\/\n<\/script>\n","description":"Prezident\u0117 Dalia Grybauskait\u0117 dav\u0117 start\u0105 tradicinei akcijai \u201eDarom\u201c ir drauge su \u012fvairi\u0173 sutrikim\u0173 turin\u010diais \u017emon\u0117mis psichosocialin\u0117s reabilitacijos centro \u201eRastis\u201c parke sodino \u017eydin\u010dius augalus. Valstyb\u0117s vadov\u0117 pakviet\u0117 visus \u0161alies gyventojus kuo aktyviau prisijungti prie \u0161ios gamtos tvarkymo akcijos. Prezident\u0117s teigimu, kiekvienas \u017emogus gali kurti geresn\u0119 Lietuv\u0105. Saugi ir gra\u017ei aplinka padeda \u012fveikti net ir pa\u010dius did\u017eiausius"}