{"version":"1.0","provider_name":"\u017durnalas Lietuv\u0117","provider_url":"https:\/\/lietuve.lt","title":"Prezident\u0117 Laisv\u0117s dien\u0105 min\u0117jo su partizanu Antanu Luk\u0161a - \u017durnalas Lietuv\u0117","type":"rich","width":600,"height":338,"html":"<blockquote class=\"wp-embedded-content\" data-secret=\"qBn1lAG5QT\"><a href=\"https:\/\/lietuve.lt\/prezidente-laisves-diena-minejo-su-partizanu-antanu-luksa\/\">Prezident\u0117 Laisv\u0117s dien\u0105 min\u0117jo su partizanu Antanu Luk\u0161a<\/a><\/blockquote><iframe sandbox=\"allow-scripts\" security=\"restricted\" src=\"https:\/\/lietuve.lt\/prezidente-laisves-diena-minejo-su-partizanu-antanu-luksa\/embed\/#?secret=qBn1lAG5QT\" width=\"600\" height=\"338\" title=\"&#8220;Prezident\u0117 Laisv\u0117s dien\u0105 min\u0117jo su partizanu Antanu Luk\u0161a&#8221; &#8212; \u017durnalas Lietuv\u0117\" data-secret=\"qBn1lAG5QT\" frameborder=\"0\" marginwidth=\"0\" marginheight=\"0\" scrolling=\"no\" class=\"wp-embedded-content\"><\/iframe><script type=\"text\/javascript\">\n\/* <![CDATA[ *\/\n\/*! This file is auto-generated *\/\n!function(d,l){\"use strict\";l.querySelector&&d.addEventListener&&\"undefined\"!=typeof URL&&(d.wp=d.wp||{},d.wp.receiveEmbedMessage||(d.wp.receiveEmbedMessage=function(e){var t=e.data;if((t||t.secret||t.message||t.value)&&!\/[^a-zA-Z0-9]\/.test(t.secret)){for(var s,r,n,a=l.querySelectorAll('iframe[data-secret=\"'+t.secret+'\"]'),o=l.querySelectorAll('blockquote[data-secret=\"'+t.secret+'\"]'),c=new RegExp(\"^https?:$\",\"i\"),i=0;i<o.length;i++)o[i].style.display=\"none\";for(i=0;i<a.length;i++)s=a[i],e.source===s.contentWindow&&(s.removeAttribute(\"style\"),\"height\"===t.message?(1e3<(r=parseInt(t.value,10))?r=1e3:~~r<200&&(r=200),s.height=r):\"link\"===t.message&&(r=new URL(s.getAttribute(\"src\")),n=new URL(t.value),c.test(n.protocol))&&n.host===r.host&&l.activeElement===s&&(d.top.location.href=t.value))}},d.addEventListener(\"message\",d.wp.receiveEmbedMessage,!1),l.addEventListener(\"DOMContentLoaded\",function(){for(var e,t,s=l.querySelectorAll(\"iframe.wp-embedded-content\"),r=0;r<s.length;r++)(t=(e=s[r]).getAttribute(\"data-secret\"))||(t=Math.random().toString(36).substring(2,12),e.src+=\"#?secret=\"+t,e.setAttribute(\"data-secret\",t)),e.contentWindow.postMessage({message:\"ready\",secret:t},\"*\")},!1)))}(window,document);\n\/\/# sourceURL=https:\/\/lietuve.lt\/wp-includes\/js\/wp-embed.min.js\n\/* ]]> *\/\n<\/script>\n","description":"Pirmadien\u012f, rugpj\u016b\u010dio 31 d., Lietuvos Respublikos Prezident\u0117 Dalia Grybauskait\u0117, min\u0117dama Lietuvos laisv\u0117s dien\u0105, susitiko su partizanu, kariu savanoriu Antanu Luk\u0161a. \u012e partizanin\u012f jud\u0117jim\u0105 1946 m. \u012fsitrauk\u0119s A. Luk\u0161a yra vieno \u017eymiausi\u0173 \u0161alies partizan\u0173 Juozo Luk\u0161os-Daumanto brolis. Partizanin\u0117s kovos metais jis neteko 3 broli\u0173 ir t\u0117vo. Po met\u0173, praleist\u0173 partizaniniame jud\u0117jime, A. Luk\u0161a buvo i\u0161duotas, nuteistas"}