{"version":"1.0","provider_name":"\u017durnalas Lietuv\u0117","provider_url":"https:\/\/lietuve.lt","title":"Prezident\u0117: \u201eLietuva \u2013 pasaulinio lygio i\u0161rad\u0117j\u0173 \u0161alis\u201c - \u017durnalas Lietuv\u0117","type":"rich","width":600,"height":338,"html":"<blockquote class=\"wp-embedded-content\" data-secret=\"4qmObSPPlj\"><a href=\"https:\/\/lietuve.lt\/prezidente-lietuva-pasaulinio-lygio-isradeju-salis\/\">Prezident\u0117: \u201eLietuva \u2013 pasaulinio lygio i\u0161rad\u0117j\u0173 \u0161alis\u201c<\/a><\/blockquote><iframe sandbox=\"allow-scripts\" security=\"restricted\" src=\"https:\/\/lietuve.lt\/prezidente-lietuva-pasaulinio-lygio-isradeju-salis\/embed\/#?secret=4qmObSPPlj\" width=\"600\" height=\"338\" title=\"&#8220;Prezident\u0117: \u201eLietuva \u2013 pasaulinio lygio i\u0161rad\u0117j\u0173 \u0161alis\u201c&#8221; &#8212; \u017durnalas Lietuv\u0117\" data-secret=\"4qmObSPPlj\" frameborder=\"0\" marginwidth=\"0\" marginheight=\"0\" scrolling=\"no\" class=\"wp-embedded-content\"><\/iframe><script type=\"text\/javascript\">\n\/* <![CDATA[ *\/\n\/*! This file is auto-generated *\/\n!function(d,l){\"use strict\";l.querySelector&&d.addEventListener&&\"undefined\"!=typeof URL&&(d.wp=d.wp||{},d.wp.receiveEmbedMessage||(d.wp.receiveEmbedMessage=function(e){var t=e.data;if((t||t.secret||t.message||t.value)&&!\/[^a-zA-Z0-9]\/.test(t.secret)){for(var s,r,n,a=l.querySelectorAll('iframe[data-secret=\"'+t.secret+'\"]'),o=l.querySelectorAll('blockquote[data-secret=\"'+t.secret+'\"]'),c=new RegExp(\"^https?:$\",\"i\"),i=0;i<o.length;i++)o[i].style.display=\"none\";for(i=0;i<a.length;i++)s=a[i],e.source===s.contentWindow&&(s.removeAttribute(\"style\"),\"height\"===t.message?(1e3<(r=parseInt(t.value,10))?r=1e3:~~r<200&&(r=200),s.height=r):\"link\"===t.message&&(r=new URL(s.getAttribute(\"src\")),n=new URL(t.value),c.test(n.protocol))&&n.host===r.host&&l.activeElement===s&&(d.top.location.href=t.value))}},d.addEventListener(\"message\",d.wp.receiveEmbedMessage,!1),l.addEventListener(\"DOMContentLoaded\",function(){for(var e,t,s=l.querySelectorAll(\"iframe.wp-embedded-content\"),r=0;r<s.length;r++)(t=(e=s[r]).getAttribute(\"data-secret\"))||(t=Math.random().toString(36).substring(2,12),e.src+=\"#?secret=\"+t,e.setAttribute(\"data-secret\",t)),e.contentWindow.postMessage({message:\"ready\",secret:t},\"*\")},!1)))}(window,document);\n\/\/# sourceURL=https:\/\/lietuve.lt\/wp-includes\/js\/wp-embed.min.js\n\/* ]]> *\/\n<\/script>\n","description":"Prezident\u0117 Dalia Grybauskait\u0117 atidar\u0117 Vilniuje vykstan\u010di\u0105 konferencij\u0105\u00a0\u201eI\u0161mani Lietuva\u201c. Renginio metu organizuojamoje i\u0161mani\u0173 sprendim\u0173 parodoje vilnie\u010diai ir sostin\u0117s sve\u010diai gal\u0117s pajusti, k\u0105 rei\u0161kia gyventi i\u0161maniuosiuose namuose, pamatyti m\u016bs\u0173 \u0161alyje kuriamus dronus, pa\u017eaisti kompiuterinius \u017eaidimus, susipa\u017einti su naujausiais vaizdo ir garso sprendimais. Renginio lankytojai taip pat gal\u0117s pasiklausyti s\u0117km\u0117s istorij\u0173 ir su\u017einoti apie ateities \u012fmon\u0117ms ir j\u0173"}