{"version":"1.0","provider_name":"\u017durnalas Lietuv\u0117","provider_url":"https:\/\/lietuve.lt","title":"Prezident\u0117: \u201eLietuvos regionus stiprina \u017emoni\u0173 bendruomeni\u0161kumas\u201c - \u017durnalas Lietuv\u0117","type":"rich","width":600,"height":338,"html":"<blockquote class=\"wp-embedded-content\" data-secret=\"dyRYXmjclS\"><a href=\"https:\/\/lietuve.lt\/prezidente-lietuvos-regionus-stiprina-zmoniu-bendruomeniskumas\/\">Prezident\u0117: \u201eLietuvos regionus stiprina \u017emoni\u0173 bendruomeni\u0161kumas\u201c<\/a><\/blockquote><iframe sandbox=\"allow-scripts\" security=\"restricted\" src=\"https:\/\/lietuve.lt\/prezidente-lietuvos-regionus-stiprina-zmoniu-bendruomeniskumas\/embed\/#?secret=dyRYXmjclS\" width=\"600\" height=\"338\" title=\"&#8220;Prezident\u0117: \u201eLietuvos regionus stiprina \u017emoni\u0173 bendruomeni\u0161kumas\u201c&#8221; &#8212; \u017durnalas Lietuv\u0117\" data-secret=\"dyRYXmjclS\" frameborder=\"0\" marginwidth=\"0\" marginheight=\"0\" scrolling=\"no\" class=\"wp-embedded-content\"><\/iframe><script type=\"text\/javascript\">\n\/* <![CDATA[ *\/\n\/*! This file is auto-generated *\/\n!function(d,l){\"use strict\";l.querySelector&&d.addEventListener&&\"undefined\"!=typeof URL&&(d.wp=d.wp||{},d.wp.receiveEmbedMessage||(d.wp.receiveEmbedMessage=function(e){var t=e.data;if((t||t.secret||t.message||t.value)&&!\/[^a-zA-Z0-9]\/.test(t.secret)){for(var s,r,n,a=l.querySelectorAll('iframe[data-secret=\"'+t.secret+'\"]'),o=l.querySelectorAll('blockquote[data-secret=\"'+t.secret+'\"]'),c=new RegExp(\"^https?:$\",\"i\"),i=0;i<o.length;i++)o[i].style.display=\"none\";for(i=0;i<a.length;i++)s=a[i],e.source===s.contentWindow&&(s.removeAttribute(\"style\"),\"height\"===t.message?(1e3<(r=parseInt(t.value,10))?r=1e3:~~r<200&&(r=200),s.height=r):\"link\"===t.message&&(r=new URL(s.getAttribute(\"src\")),n=new URL(t.value),c.test(n.protocol))&&n.host===r.host&&l.activeElement===s&&(d.top.location.href=t.value))}},d.addEventListener(\"message\",d.wp.receiveEmbedMessage,!1),l.addEventListener(\"DOMContentLoaded\",function(){for(var e,t,s=l.querySelectorAll(\"iframe.wp-embedded-content\"),r=0;r<s.length;r++)(t=(e=s[r]).getAttribute(\"data-secret\"))||(t=Math.random().toString(36).substring(2,12),e.src+=\"#?secret=\"+t,e.setAttribute(\"data-secret\",t)),e.contentWindow.postMessage({message:\"ready\",secret:t},\"*\")},!1)))}(window,document);\n\/\/# sourceURL=https:\/\/lietuve.lt\/wp-includes\/js\/wp-embed.min.js\n\/* ]]> *\/\n<\/script>\n","description":"Ketvirtadien\u012f, gegu\u017e\u0117s 28 d., Prezident\u0117 Dalia Grybauskait\u0117 lank\u0117si Vilniaus rajone, \u010cekoni\u0161k\u0117se, ir ap\u017ei\u016br\u0117jo \u010dia s\u0117kmingai \u012fgyvendintus infrastrukt\u016bros projektus. Vienas j\u0173 \u2013 neseniai \u012frengta vaik\u0173 \u017eaidimo aik\u0161tel\u0117, kuria naudotis gali visi miestelio gyventojai. \u010cekoni\u0161k\u0117s yra daugiatautis miestelis, kuriame gyvena lietuviai, lenkai ir kit\u0173 tautybi\u0173 \u017emon\u0117s. \u201e\u012evairi\u0173 tautybi\u0173 \u010cekoni\u0161ki\u0173 \u017emones jungia bendras tikslas \u2013 kurti gra\u017ei\u0105 kaimynyst\u0119."}