{"version":"1.0","provider_name":"\u017durnalas Lietuv\u0117","provider_url":"https:\/\/lietuve.lt","title":"Prezident\u0117: \u201eNATO prie\u0161akin\u0117s paj\u0117gos \u2013 Lietuvos saugumo garantas\u201c  - \u017durnalas Lietuv\u0117","type":"rich","width":600,"height":338,"html":"<blockquote class=\"wp-embedded-content\" data-secret=\"54P5sZlLtB\"><a href=\"https:\/\/lietuve.lt\/prezidente-nato-priesakines-pajegos-lietuvos-saugumo-garantas\/\">Prezident\u0117: \u201eNATO prie\u0161akin\u0117s paj\u0117gos \u2013 Lietuvos saugumo garantas\u201c<\/a><\/blockquote><iframe sandbox=\"allow-scripts\" security=\"restricted\" src=\"https:\/\/lietuve.lt\/prezidente-nato-priesakines-pajegos-lietuvos-saugumo-garantas\/embed\/#?secret=54P5sZlLtB\" width=\"600\" height=\"338\" title=\"&#8220;Prezident\u0117: \u201eNATO prie\u0161akin\u0117s paj\u0117gos \u2013 Lietuvos saugumo garantas\u201c&#8221; &#8212; \u017durnalas Lietuv\u0117\" data-secret=\"54P5sZlLtB\" frameborder=\"0\" marginwidth=\"0\" marginheight=\"0\" scrolling=\"no\" class=\"wp-embedded-content\"><\/iframe><script type=\"text\/javascript\">\n\/* <![CDATA[ *\/\n\/*! This file is auto-generated *\/\n!function(d,l){\"use strict\";l.querySelector&&d.addEventListener&&\"undefined\"!=typeof URL&&(d.wp=d.wp||{},d.wp.receiveEmbedMessage||(d.wp.receiveEmbedMessage=function(e){var t=e.data;if((t||t.secret||t.message||t.value)&&!\/[^a-zA-Z0-9]\/.test(t.secret)){for(var s,r,n,a=l.querySelectorAll('iframe[data-secret=\"'+t.secret+'\"]'),o=l.querySelectorAll('blockquote[data-secret=\"'+t.secret+'\"]'),c=new RegExp(\"^https?:$\",\"i\"),i=0;i<o.length;i++)o[i].style.display=\"none\";for(i=0;i<a.length;i++)s=a[i],e.source===s.contentWindow&&(s.removeAttribute(\"style\"),\"height\"===t.message?(1e3<(r=parseInt(t.value,10))?r=1e3:~~r<200&&(r=200),s.height=r):\"link\"===t.message&&(r=new URL(s.getAttribute(\"src\")),n=new URL(t.value),c.test(n.protocol))&&n.host===r.host&&l.activeElement===s&&(d.top.location.href=t.value))}},d.addEventListener(\"message\",d.wp.receiveEmbedMessage,!1),l.addEventListener(\"DOMContentLoaded\",function(){for(var e,t,s=l.querySelectorAll(\"iframe.wp-embedded-content\"),r=0;r<s.length;r++)(t=(e=s[r]).getAttribute(\"data-secret\"))||(t=Math.random().toString(36).substring(2,12),e.src+=\"#?secret=\"+t,e.setAttribute(\"data-secret\",t)),e.contentWindow.postMessage({message:\"ready\",secret:t},\"*\")},!1)))}(window,document);\n\/\/# sourceURL=https:\/\/lietuve.lt\/wp-includes\/js\/wp-embed.min.js\n\/* ]]> *\/\n<\/script>\n","description":"Prezident\u0117 Dalia Grybauskait\u0117 Rukloje, Lietuvos Did\u017eiojo etmono Jonu\u0161o Radvilos mokomajame pulke, pasveikino \u012f Lietuv\u0105 atvykusius NATO prie\u0161akini\u0173 paj\u0117g\u0173 bataliono kovin\u0117s grup\u0117s karius ir susitiko su Vokietijos gynybos ministre Ursula von der Leyen. Ceremonijoje taip pat dalyvavo Jungtini\u0173 Amerikos Valstij\u0173, Belgijos ir \u010cekijos kariai. Sveikindama Vokietijos ir kitus s\u0105junginink\u0173 karius, Prezident\u0117 pabr\u0117\u017e\u0117, jog \u0161iandien \u017eengiamas istorinis"}