{"version":"1.0","provider_name":"\u017durnalas Lietuv\u0117","provider_url":"https:\/\/lietuve.lt","title":"Prezident\u0117: \u201eNegalima i\u0161duoti Ukrainos d\u0117l ekonomin\u0117s naudos\u201c - \u017durnalas Lietuv\u0117","type":"rich","width":600,"height":338,"html":"<blockquote class=\"wp-embedded-content\" data-secret=\"MXEOT6libj\"><a href=\"https:\/\/lietuve.lt\/prezidente-negalima-isduoti-ukrainos-del-ekonomines-naudos\/\">Prezident\u0117: \u201eNegalima i\u0161duoti Ukrainos d\u0117l ekonomin\u0117s naudos\u201c<\/a><\/blockquote><iframe sandbox=\"allow-scripts\" security=\"restricted\" src=\"https:\/\/lietuve.lt\/prezidente-negalima-isduoti-ukrainos-del-ekonomines-naudos\/embed\/#?secret=MXEOT6libj\" width=\"600\" height=\"338\" title=\"&#8220;Prezident\u0117: \u201eNegalima i\u0161duoti Ukrainos d\u0117l ekonomin\u0117s naudos\u201c&#8221; &#8212; \u017durnalas Lietuv\u0117\" data-secret=\"MXEOT6libj\" frameborder=\"0\" marginwidth=\"0\" marginheight=\"0\" scrolling=\"no\" class=\"wp-embedded-content\"><\/iframe><script type=\"text\/javascript\">\n\/* <![CDATA[ *\/\n\/*! This file is auto-generated *\/\n!function(d,l){\"use strict\";l.querySelector&&d.addEventListener&&\"undefined\"!=typeof URL&&(d.wp=d.wp||{},d.wp.receiveEmbedMessage||(d.wp.receiveEmbedMessage=function(e){var t=e.data;if((t||t.secret||t.message||t.value)&&!\/[^a-zA-Z0-9]\/.test(t.secret)){for(var s,r,n,a=l.querySelectorAll('iframe[data-secret=\"'+t.secret+'\"]'),o=l.querySelectorAll('blockquote[data-secret=\"'+t.secret+'\"]'),c=new RegExp(\"^https?:$\",\"i\"),i=0;i<o.length;i++)o[i].style.display=\"none\";for(i=0;i<a.length;i++)s=a[i],e.source===s.contentWindow&&(s.removeAttribute(\"style\"),\"height\"===t.message?(1e3<(r=parseInt(t.value,10))?r=1e3:~~r<200&&(r=200),s.height=r):\"link\"===t.message&&(r=new URL(s.getAttribute(\"src\")),n=new URL(t.value),c.test(n.protocol))&&n.host===r.host&&l.activeElement===s&&(d.top.location.href=t.value))}},d.addEventListener(\"message\",d.wp.receiveEmbedMessage,!1),l.addEventListener(\"DOMContentLoaded\",function(){for(var e,t,s=l.querySelectorAll(\"iframe.wp-embedded-content\"),r=0;r<s.length;r++)(t=(e=s[r]).getAttribute(\"data-secret\"))||(t=Math.random().toString(36).substring(2,12),e.src+=\"#?secret=\"+t,e.setAttribute(\"data-secret\",t)),e.contentWindow.postMessage({message:\"ready\",secret:t},\"*\")},!1)))}(window,document);\n\/\/# sourceURL=https:\/\/lietuve.lt\/wp-includes\/js\/wp-embed.min.js\n\/* ]]> *\/\n<\/script>\n","thumbnail_url":"https:\/\/lietuve.lt\/wp-content\/uploads\/2015\/02\/resize_800x500_dsc_97681.jpg","thumbnail_width":769,"thumbnail_height":435,"description":"Lietuvos Respublikos Prezident\u0117 Dalia Grybauskait\u0117, dalyvaudama tarptautin\u0117je Miuncheno saugumo konferencijoje, susitiko su Ukrainos Prezidentu Petro Poro\u0161enka. Dvi\u0161aliame susitikime Prezidentai aptar\u0117 situacij\u0105 Ukrainoje ir kalb\u0117jo apie ES paramos priemones \u0161iai \u0161aliai. Lietuvos vadov\u0117 pabr\u0117\u017e\u0117, kad a\u0161tr\u0117janti pad\u0117tis Ukrainoje, kuri reikalauja vis daugiau civili\u0173 \u017emoni\u0173 auk\u0173, kelia gr\u0117sm\u0119 viso regiono taikai ir saugumui. Rusijos agresija prie\u0161 Ukrain\u0105"}