{"version":"1.0","provider_name":"\u017durnalas Lietuv\u0117","provider_url":"https:\/\/lietuve.lt","title":"Prezident\u0117 si\u016blo \u012fvesti ribotas vie\u0161ojo sektoriaus \u012fstaig\u0173 vadov\u0173 kadencijas  - \u017durnalas Lietuv\u0117","type":"rich","width":600,"height":338,"html":"<blockquote class=\"wp-embedded-content\" data-secret=\"zYE74RkVix\"><a href=\"https:\/\/lietuve.lt\/prezidente-siulo-ivesti-ribotas-viesojo-sektoriaus-istaigu-vadovu-kadencijas\/\">Prezident\u0117 si\u016blo \u012fvesti ribotas vie\u0161ojo sektoriaus \u012fstaig\u0173 vadov\u0173 kadencijas<\/a><\/blockquote><iframe sandbox=\"allow-scripts\" security=\"restricted\" src=\"https:\/\/lietuve.lt\/prezidente-siulo-ivesti-ribotas-viesojo-sektoriaus-istaigu-vadovu-kadencijas\/embed\/#?secret=zYE74RkVix\" width=\"600\" height=\"338\" title=\"&#8220;Prezident\u0117 si\u016blo \u012fvesti ribotas vie\u0161ojo sektoriaus \u012fstaig\u0173 vadov\u0173 kadencijas&#8221; &#8212; \u017durnalas Lietuv\u0117\" data-secret=\"zYE74RkVix\" frameborder=\"0\" marginwidth=\"0\" marginheight=\"0\" scrolling=\"no\" class=\"wp-embedded-content\"><\/iframe><script type=\"text\/javascript\">\n\/* <![CDATA[ *\/\n\/*! This file is auto-generated *\/\n!function(d,l){\"use strict\";l.querySelector&&d.addEventListener&&\"undefined\"!=typeof URL&&(d.wp=d.wp||{},d.wp.receiveEmbedMessage||(d.wp.receiveEmbedMessage=function(e){var t=e.data;if((t||t.secret||t.message||t.value)&&!\/[^a-zA-Z0-9]\/.test(t.secret)){for(var s,r,n,a=l.querySelectorAll('iframe[data-secret=\"'+t.secret+'\"]'),o=l.querySelectorAll('blockquote[data-secret=\"'+t.secret+'\"]'),c=new RegExp(\"^https?:$\",\"i\"),i=0;i<o.length;i++)o[i].style.display=\"none\";for(i=0;i<a.length;i++)s=a[i],e.source===s.contentWindow&&(s.removeAttribute(\"style\"),\"height\"===t.message?(1e3<(r=parseInt(t.value,10))?r=1e3:~~r<200&&(r=200),s.height=r):\"link\"===t.message&&(r=new URL(s.getAttribute(\"src\")),n=new URL(t.value),c.test(n.protocol))&&n.host===r.host&&l.activeElement===s&&(d.top.location.href=t.value))}},d.addEventListener(\"message\",d.wp.receiveEmbedMessage,!1),l.addEventListener(\"DOMContentLoaded\",function(){for(var e,t,s=l.querySelectorAll(\"iframe.wp-embedded-content\"),r=0;r<s.length;r++)(t=(e=s[r]).getAttribute(\"data-secret\"))||(t=Math.random().toString(36).substring(2,12),e.src+=\"#?secret=\"+t,e.setAttribute(\"data-secret\",t)),e.contentWindow.postMessage({message:\"ready\",secret:t},\"*\")},!1)))}(window,document);\n\/\/# sourceURL=https:\/\/lietuve.lt\/wp-includes\/js\/wp-embed.min.js\n\/* ]]> *\/\n<\/script>\n","thumbnail_url":"https:\/\/lietuve.lt\/wp-content\/uploads\/2017\/01\/180.jpg","thumbnail_width":680,"thumbnail_height":447,"description":"Prezident\u0117 Dalia Grybauskait\u0117 t\u0119sia vie\u0161ojo sektoriaus valdymo skaidrinim\u0105 si\u016blydama palaipsniui visur nutraukti am\u017ein\u0173 vadov\u0173 tradicijas. Prezident\u0117 teikia Valstyb\u0117s ir savivaldyb\u0117s \u012fmoni\u0173 bei Akcini\u0173 bendrovi\u0173 \u012fstatym\u0173 pataisas, kuriomis \u012fvedamos 5 met\u0173 kadencijos valstyb\u0117s ir savivaldybi\u0173 \u012fmoni\u0173 bei valstyb\u0117s ir savivaldybi\u0173 valdom\u0173 akcini\u0173 ir u\u017edar\u0173j\u0173 akcini\u0173 bendrovi\u0173 vadovams ir nustatoma, kad tas pats \u017emogus negali eiti vienos"}