{"version":"1.0","provider_name":"\u017durnalas Lietuv\u0117","provider_url":"https:\/\/lietuve.lt","title":"Prezident\u0117 skatina spr\u0119sti klausos negali\u0105 turin\u010di\u0173 \u017emoni\u0173 problemas  - \u017durnalas Lietuv\u0117","type":"rich","width":600,"height":338,"html":"<blockquote class=\"wp-embedded-content\" data-secret=\"x8fKimHcTl\"><a href=\"https:\/\/lietuve.lt\/prezidente-skatina-spresti-klausos-negalia-turinciu-zmoniu-problemas\/\">Prezident\u0117 skatina spr\u0119sti klausos negali\u0105 turin\u010di\u0173 \u017emoni\u0173 problemas<\/a><\/blockquote><iframe sandbox=\"allow-scripts\" security=\"restricted\" src=\"https:\/\/lietuve.lt\/prezidente-skatina-spresti-klausos-negalia-turinciu-zmoniu-problemas\/embed\/#?secret=x8fKimHcTl\" width=\"600\" height=\"338\" title=\"&#8220;Prezident\u0117 skatina spr\u0119sti klausos negali\u0105 turin\u010di\u0173 \u017emoni\u0173 problemas&#8221; &#8212; \u017durnalas Lietuv\u0117\" data-secret=\"x8fKimHcTl\" frameborder=\"0\" marginwidth=\"0\" marginheight=\"0\" scrolling=\"no\" class=\"wp-embedded-content\"><\/iframe><script type=\"text\/javascript\">\n\/* <![CDATA[ *\/\n\/*! This file is auto-generated *\/\n!function(d,l){\"use strict\";l.querySelector&&d.addEventListener&&\"undefined\"!=typeof URL&&(d.wp=d.wp||{},d.wp.receiveEmbedMessage||(d.wp.receiveEmbedMessage=function(e){var t=e.data;if((t||t.secret||t.message||t.value)&&!\/[^a-zA-Z0-9]\/.test(t.secret)){for(var s,r,n,a=l.querySelectorAll('iframe[data-secret=\"'+t.secret+'\"]'),o=l.querySelectorAll('blockquote[data-secret=\"'+t.secret+'\"]'),c=new RegExp(\"^https?:$\",\"i\"),i=0;i<o.length;i++)o[i].style.display=\"none\";for(i=0;i<a.length;i++)s=a[i],e.source===s.contentWindow&&(s.removeAttribute(\"style\"),\"height\"===t.message?(1e3<(r=parseInt(t.value,10))?r=1e3:~~r<200&&(r=200),s.height=r):\"link\"===t.message&&(r=new URL(s.getAttribute(\"src\")),n=new URL(t.value),c.test(n.protocol))&&n.host===r.host&&l.activeElement===s&&(d.top.location.href=t.value))}},d.addEventListener(\"message\",d.wp.receiveEmbedMessage,!1),l.addEventListener(\"DOMContentLoaded\",function(){for(var e,t,s=l.querySelectorAll(\"iframe.wp-embedded-content\"),r=0;r<s.length;r++)(t=(e=s[r]).getAttribute(\"data-secret\"))||(t=Math.random().toString(36).substring(2,12),e.src+=\"#?secret=\"+t,e.setAttribute(\"data-secret\",t)),e.contentWindow.postMessage({message:\"ready\",secret:t},\"*\")},!1)))}(window,document);\n\/\/# sourceURL=https:\/\/lietuve.lt\/wp-includes\/js\/wp-embed.min.js\n\/* ]]> *\/\n<\/script>\n","description":"Sekmadien\u012f, lapkri\u010dio 30 d., Lietuvos Prezident\u0117 Dalia Grybauskait\u0117 lank\u0117si Kaune ir susitiko su \u0161alies kur\u010di\u0173j\u0173 draugijos ir Lietuvos kur\u010di\u0173j\u0173 jaunimo asociacijos nariais. \u201e\u0160iuo metu Lietuvoje gyvena per 40 t\u016bkstan\u010di\u0173 klausos negali\u0105 turin\u010di\u0173 \u017emoni\u0173 \u2013 daugiau nei septintame pagal gyventoj\u0173 skai\u010di\u0173 \u0161alies mieste. Burdamiesi \u012f bendruomenes \u0161ie \u017emon\u0117s tampa didele pilietine j\u0117ga. Valstyb\u0117 jiems privalo pad\u0117ti"}