{"version":"1.0","provider_name":"\u017durnalas Lietuv\u0117","provider_url":"https:\/\/lietuve.lt","title":"Prezident\u0117 su ministrais aptar\u0117 pagalbos \u0161alies eksportuotojams galimybes - \u017durnalas Lietuv\u0117","type":"rich","width":600,"height":338,"html":"<blockquote class=\"wp-embedded-content\" data-secret=\"K44qxVz41h\"><a href=\"https:\/\/lietuve.lt\/prezidente-su-ministrais-aptare-pagalbos-salies-eksportuotojams-galimybes\/\">Prezident\u0117 su ministrais aptar\u0117 pagalbos \u0161alies eksportuotojams galimybes<\/a><\/blockquote><iframe sandbox=\"allow-scripts\" security=\"restricted\" src=\"https:\/\/lietuve.lt\/prezidente-su-ministrais-aptare-pagalbos-salies-eksportuotojams-galimybes\/embed\/#?secret=K44qxVz41h\" width=\"600\" height=\"338\" title=\"&#8220;Prezident\u0117 su ministrais aptar\u0117 pagalbos \u0161alies eksportuotojams galimybes&#8221; &#8212; \u017durnalas Lietuv\u0117\" data-secret=\"K44qxVz41h\" frameborder=\"0\" marginwidth=\"0\" marginheight=\"0\" scrolling=\"no\" class=\"wp-embedded-content\"><\/iframe><script type=\"text\/javascript\">\n\/* <![CDATA[ *\/\n\/*! This file is auto-generated *\/\n!function(d,l){\"use strict\";l.querySelector&&d.addEventListener&&\"undefined\"!=typeof URL&&(d.wp=d.wp||{},d.wp.receiveEmbedMessage||(d.wp.receiveEmbedMessage=function(e){var t=e.data;if((t||t.secret||t.message||t.value)&&!\/[^a-zA-Z0-9]\/.test(t.secret)){for(var s,r,n,a=l.querySelectorAll('iframe[data-secret=\"'+t.secret+'\"]'),o=l.querySelectorAll('blockquote[data-secret=\"'+t.secret+'\"]'),c=new RegExp(\"^https?:$\",\"i\"),i=0;i<o.length;i++)o[i].style.display=\"none\";for(i=0;i<a.length;i++)s=a[i],e.source===s.contentWindow&&(s.removeAttribute(\"style\"),\"height\"===t.message?(1e3<(r=parseInt(t.value,10))?r=1e3:~~r<200&&(r=200),s.height=r):\"link\"===t.message&&(r=new URL(s.getAttribute(\"src\")),n=new URL(t.value),c.test(n.protocol))&&n.host===r.host&&l.activeElement===s&&(d.top.location.href=t.value))}},d.addEventListener(\"message\",d.wp.receiveEmbedMessage,!1),l.addEventListener(\"DOMContentLoaded\",function(){for(var e,t,s=l.querySelectorAll(\"iframe.wp-embedded-content\"),r=0;r<s.length;r++)(t=(e=s[r]).getAttribute(\"data-secret\"))||(t=Math.random().toString(36).substring(2,12),e.src+=\"#?secret=\"+t,e.setAttribute(\"data-secret\",t)),e.contentWindow.postMessage({message:\"ready\",secret:t},\"*\")},!1)))}(window,document);\n\/\/# sourceURL=https:\/\/lietuve.lt\/wp-includes\/js\/wp-embed.min.js\n\/* ]]> *\/\n<\/script>\n","description":"Penktadien\u012f, rugpj\u016b\u010dio 8 d., Lietuvos Prezident\u0117 Dalia Grybauskait\u0117 susitiko su Ministr\u0105 Pirminink\u0105 pavaduojan\u010diu \u016bkio ministru Evaldu Gustu ir \u017eem\u0117s \u016bkio ministre Virginija Baltraitiene aptarti Kremliaus politinio sprendimo, ribojan\u010dio \u017eem\u0117s \u016bkio produkcijos, \u017ealiav\u0173 ir maisto produkt\u0173 import\u0105 i\u0161 \u0161ali\u0173, pritaikiusi\u0173 sankcijas Rusijai. \u201eRusija tapo visi\u0161kai nepatikimu ir neprognozuojamu verslo partneriu. Turime ramiai \u012fvertinti savo \u016bkio pad\u0117t\u012f"}