{"version":"1.0","provider_name":"\u017durnalas Lietuv\u0117","provider_url":"https:\/\/lietuve.lt","title":"Prezident\u0117 su naujos kadencijos savivaldybi\u0173 vadovais aptar\u0117 region\u0173 problemas - \u017durnalas Lietuv\u0117","type":"rich","width":600,"height":338,"html":"<blockquote class=\"wp-embedded-content\" data-secret=\"h7pUGpzsoo\"><a href=\"https:\/\/lietuve.lt\/prezidente-su-naujos-kadencijos-savivaldybiu-vadovais-aptare-regionu-problemas\/\">Prezident\u0117 su naujos kadencijos savivaldybi\u0173 vadovais aptar\u0117 region\u0173 problemas<\/a><\/blockquote><iframe sandbox=\"allow-scripts\" security=\"restricted\" src=\"https:\/\/lietuve.lt\/prezidente-su-naujos-kadencijos-savivaldybiu-vadovais-aptare-regionu-problemas\/embed\/#?secret=h7pUGpzsoo\" width=\"600\" height=\"338\" title=\"&#8220;Prezident\u0117 su naujos kadencijos savivaldybi\u0173 vadovais aptar\u0117 region\u0173 problemas&#8221; &#8212; \u017durnalas Lietuv\u0117\" data-secret=\"h7pUGpzsoo\" frameborder=\"0\" marginwidth=\"0\" marginheight=\"0\" scrolling=\"no\" class=\"wp-embedded-content\"><\/iframe><script type=\"text\/javascript\">\n\/* <![CDATA[ *\/\n\/*! This file is auto-generated *\/\n!function(d,l){\"use strict\";l.querySelector&&d.addEventListener&&\"undefined\"!=typeof URL&&(d.wp=d.wp||{},d.wp.receiveEmbedMessage||(d.wp.receiveEmbedMessage=function(e){var t=e.data;if((t||t.secret||t.message||t.value)&&!\/[^a-zA-Z0-9]\/.test(t.secret)){for(var s,r,n,a=l.querySelectorAll('iframe[data-secret=\"'+t.secret+'\"]'),o=l.querySelectorAll('blockquote[data-secret=\"'+t.secret+'\"]'),c=new RegExp(\"^https?:$\",\"i\"),i=0;i<o.length;i++)o[i].style.display=\"none\";for(i=0;i<a.length;i++)s=a[i],e.source===s.contentWindow&&(s.removeAttribute(\"style\"),\"height\"===t.message?(1e3<(r=parseInt(t.value,10))?r=1e3:~~r<200&&(r=200),s.height=r):\"link\"===t.message&&(r=new URL(s.getAttribute(\"src\")),n=new URL(t.value),c.test(n.protocol))&&n.host===r.host&&l.activeElement===s&&(d.top.location.href=t.value))}},d.addEventListener(\"message\",d.wp.receiveEmbedMessage,!1),l.addEventListener(\"DOMContentLoaded\",function(){for(var e,t,s=l.querySelectorAll(\"iframe.wp-embedded-content\"),r=0;r<s.length;r++)(t=(e=s[r]).getAttribute(\"data-secret\"))||(t=Math.random().toString(36).substring(2,12),e.src+=\"#?secret=\"+t,e.setAttribute(\"data-secret\",t)),e.contentWindow.postMessage({message:\"ready\",secret:t},\"*\")},!1)))}(window,document);\n\/\/# sourceURL=https:\/\/lietuve.lt\/wp-includes\/js\/wp-embed.min.js\n\/* ]]> *\/\n<\/script>\n","description":"Pirmadien\u012f, baland\u017eio 27 d., Lietuvos Respublikos Prezident\u0117 Dalia Grybauskait\u0117, susitikusi su naujos kadencijos savivaldybi\u0173 vadovais, aptar\u0117 region\u0173 problemas ir pagrindinius nauj\u0173 mer\u0173 darbus. \u0160iemet pirm\u0105 kart\u0105 Lietuvos istorijoje surengtuose tiesioginiuose mer\u0173 rinkimuose i\u0161rinkti 24 nauji ir perrinkti 33 buv\u0119 savivaldybi\u0173 vadovai. \u201ePirm\u0105 kart\u0105 tiesiogiai i\u0161rinkdami merus, \u017emon\u0117s i\u0161rei\u0161k\u0117 i\u0161skirtin\u012f pasitik\u0117jim\u0105. Tod\u0117l dideli gyventoj\u0173 l\u016bkes\u010diai tur\u0117s"}