{"version":"1.0","provider_name":"\u017durnalas Lietuv\u0117","provider_url":"https:\/\/lietuve.lt","title":"Prezident\u0117 susitiko su emocin\u0117s paramos tarnyb\u0173 savanoriais - \u017durnalas Lietuv\u0117","type":"rich","width":600,"height":338,"html":"<blockquote class=\"wp-embedded-content\" data-secret=\"yjHVsJQMze\"><a href=\"https:\/\/lietuve.lt\/prezidente-susitiko-su-emocines-paramos-tarnybu-savanoriais\/\">Prezident\u0117 susitiko su emocin\u0117s paramos tarnyb\u0173 savanoriais<\/a><\/blockquote><iframe sandbox=\"allow-scripts\" security=\"restricted\" src=\"https:\/\/lietuve.lt\/prezidente-susitiko-su-emocines-paramos-tarnybu-savanoriais\/embed\/#?secret=yjHVsJQMze\" width=\"600\" height=\"338\" title=\"&#8220;Prezident\u0117 susitiko su emocin\u0117s paramos tarnyb\u0173 savanoriais&#8221; &#8212; \u017durnalas Lietuv\u0117\" data-secret=\"yjHVsJQMze\" frameborder=\"0\" marginwidth=\"0\" marginheight=\"0\" scrolling=\"no\" class=\"wp-embedded-content\"><\/iframe><script type=\"text\/javascript\">\n\/* <![CDATA[ *\/\n\/*! This file is auto-generated *\/\n!function(d,l){\"use strict\";l.querySelector&&d.addEventListener&&\"undefined\"!=typeof URL&&(d.wp=d.wp||{},d.wp.receiveEmbedMessage||(d.wp.receiveEmbedMessage=function(e){var t=e.data;if((t||t.secret||t.message||t.value)&&!\/[^a-zA-Z0-9]\/.test(t.secret)){for(var s,r,n,a=l.querySelectorAll('iframe[data-secret=\"'+t.secret+'\"]'),o=l.querySelectorAll('blockquote[data-secret=\"'+t.secret+'\"]'),c=new RegExp(\"^https?:$\",\"i\"),i=0;i<o.length;i++)o[i].style.display=\"none\";for(i=0;i<a.length;i++)s=a[i],e.source===s.contentWindow&&(s.removeAttribute(\"style\"),\"height\"===t.message?(1e3<(r=parseInt(t.value,10))?r=1e3:~~r<200&&(r=200),s.height=r):\"link\"===t.message&&(r=new URL(s.getAttribute(\"src\")),n=new URL(t.value),c.test(n.protocol))&&n.host===r.host&&l.activeElement===s&&(d.top.location.href=t.value))}},d.addEventListener(\"message\",d.wp.receiveEmbedMessage,!1),l.addEventListener(\"DOMContentLoaded\",function(){for(var e,t,s=l.querySelectorAll(\"iframe.wp-embedded-content\"),r=0;r<s.length;r++)(t=(e=s[r]).getAttribute(\"data-secret\"))||(t=Math.random().toString(36).substring(2,12),e.src+=\"#?secret=\"+t,e.setAttribute(\"data-secret\",t)),e.contentWindow.postMessage({message:\"ready\",secret:t},\"*\")},!1)))}(window,document);\n\/\/# sourceURL=https:\/\/lietuve.lt\/wp-includes\/js\/wp-embed.min.js\n\/* ]]> *\/\n<\/script>\n","description":"Ketvirtadien\u012f Prezident\u0117 Dalia Grybauskait\u0117, susitikusi su \u201eVaik\u0173 linijos\u201c ir \u201eJaunimo linijos\u201c savanoriais bei vadovais, aptar\u0117 emocin\u0117s paramos tarnyb\u0173 veikl\u0105 ir priemones, kaip u\u017etikrinti pagalb\u0105 krizes i\u0161gyvenantiems \u017emon\u0117ms. \u201eNevyriausybini\u0173 organizacij\u0173 \u201eVaik\u0173 linija\u201c ir \u201eJaunimo linija\u201c veikla rodo, kad savanoriai s\u0117kmingai u\u017etikrina gyvybi\u0161kai svarbi\u0105 param\u0105 \u017emon\u0117ms krizin\u0117mis situacijomis. Prisiimdamos atsakomyb\u0119 ir efektyviai organizuodamos veikl\u0105, jos padeda t\u016bkstan\u010diams"}