{"version":"1.0","provider_name":"\u017durnalas Lietuv\u0117","provider_url":"https:\/\/lietuve.lt","title":"Prezident\u0117 susitiko su pab\u0117g\u0117li\u0173 i\u0161 Irako \u0161eima - \u017durnalas Lietuv\u0117","type":"rich","width":600,"height":338,"html":"<blockquote class=\"wp-embedded-content\" data-secret=\"O0kmqYCfsn\"><a href=\"https:\/\/lietuve.lt\/prezidente-susitiko-su-pabegeliu-is-irako-seima\/\">Prezident\u0117 susitiko su pab\u0117g\u0117li\u0173 i\u0161 Irako \u0161eima<\/a><\/blockquote><iframe sandbox=\"allow-scripts\" security=\"restricted\" src=\"https:\/\/lietuve.lt\/prezidente-susitiko-su-pabegeliu-is-irako-seima\/embed\/#?secret=O0kmqYCfsn\" width=\"600\" height=\"338\" title=\"&#8220;Prezident\u0117 susitiko su pab\u0117g\u0117li\u0173 i\u0161 Irako \u0161eima&#8221; &#8212; \u017durnalas Lietuv\u0117\" data-secret=\"O0kmqYCfsn\" frameborder=\"0\" marginwidth=\"0\" marginheight=\"0\" scrolling=\"no\" class=\"wp-embedded-content\"><\/iframe><script type=\"text\/javascript\">\n\/* <![CDATA[ *\/\n\/*! This file is auto-generated *\/\n!function(d,l){\"use strict\";l.querySelector&&d.addEventListener&&\"undefined\"!=typeof URL&&(d.wp=d.wp||{},d.wp.receiveEmbedMessage||(d.wp.receiveEmbedMessage=function(e){var t=e.data;if((t||t.secret||t.message||t.value)&&!\/[^a-zA-Z0-9]\/.test(t.secret)){for(var s,r,n,a=l.querySelectorAll('iframe[data-secret=\"'+t.secret+'\"]'),o=l.querySelectorAll('blockquote[data-secret=\"'+t.secret+'\"]'),c=new RegExp(\"^https?:$\",\"i\"),i=0;i<o.length;i++)o[i].style.display=\"none\";for(i=0;i<a.length;i++)s=a[i],e.source===s.contentWindow&&(s.removeAttribute(\"style\"),\"height\"===t.message?(1e3<(r=parseInt(t.value,10))?r=1e3:~~r<200&&(r=200),s.height=r):\"link\"===t.message&&(r=new URL(s.getAttribute(\"src\")),n=new URL(t.value),c.test(n.protocol))&&n.host===r.host&&l.activeElement===s&&(d.top.location.href=t.value))}},d.addEventListener(\"message\",d.wp.receiveEmbedMessage,!1),l.addEventListener(\"DOMContentLoaded\",function(){for(var e,t,s=l.querySelectorAll(\"iframe.wp-embedded-content\"),r=0;r<s.length;r++)(t=(e=s[r]).getAttribute(\"data-secret\"))||(t=Math.random().toString(36).substring(2,12),e.src+=\"#?secret=\"+t,e.setAttribute(\"data-secret\",t)),e.contentWindow.postMessage({message:\"ready\",secret:t},\"*\")},!1)))}(window,document);\n\/\/# sourceURL=https:\/\/lietuve.lt\/wp-includes\/js\/wp-embed.min.js\n\/* ]]> *\/\n<\/script>\n","description":"Ketvirtadien\u012f Lietuvos Respublikos Prezident\u0117 Dalia Grybauskait\u0117 drauge su Vilniaus arkivyskupu Gintaru Gru\u0161u lank\u0117si \u0160v. apa\u0161tal\u0173 Petro ir Povilo parapijos namuose ir susitiko su \u010dia gyvenan\u010dia pab\u0117g\u0117li\u0173 i\u0161 Irako \u0161eima bei juos globojan\u010diais savanoriais. Prie\u0161 du m\u0117nesius \u012f Lietuv\u0105 i\u0161 Irako d\u0117l religinio persekiojimo buvo atkeltos trys krik\u0161\u010dioni\u0173 \u0161eimos \u2013 i\u0161 viso 15 \u017emoni\u0173. Lietuvoje veikian\u010dios"}