{"version":"1.0","provider_name":"\u017durnalas Lietuv\u0117","provider_url":"https:\/\/lietuve.lt","title":"Prezident\u0117: \u201eSvarbiausioms permainoms valstyb\u0117je \u2013 galimybi\u0173 metas\u201c - \u017durnalas Lietuv\u0117","type":"rich","width":600,"height":338,"html":"<blockquote class=\"wp-embedded-content\" data-secret=\"bLOHHJTRlx\"><a href=\"https:\/\/lietuve.lt\/prezidente-svarbiausioms-permainoms-valstybeje-galimybiu-metas\/\">Prezident\u0117: \u201eSvarbiausioms permainoms valstyb\u0117je \u2013 galimybi\u0173 metas\u201c<\/a><\/blockquote><iframe sandbox=\"allow-scripts\" security=\"restricted\" src=\"https:\/\/lietuve.lt\/prezidente-svarbiausioms-permainoms-valstybeje-galimybiu-metas\/embed\/#?secret=bLOHHJTRlx\" width=\"600\" height=\"338\" title=\"&#8220;Prezident\u0117: \u201eSvarbiausioms permainoms valstyb\u0117je \u2013 galimybi\u0173 metas\u201c&#8221; &#8212; \u017durnalas Lietuv\u0117\" data-secret=\"bLOHHJTRlx\" frameborder=\"0\" marginwidth=\"0\" marginheight=\"0\" scrolling=\"no\" class=\"wp-embedded-content\"><\/iframe><script type=\"text\/javascript\">\n\/* <![CDATA[ *\/\n\/*! This file is auto-generated *\/\n!function(d,l){\"use strict\";l.querySelector&&d.addEventListener&&\"undefined\"!=typeof URL&&(d.wp=d.wp||{},d.wp.receiveEmbedMessage||(d.wp.receiveEmbedMessage=function(e){var t=e.data;if((t||t.secret||t.message||t.value)&&!\/[^a-zA-Z0-9]\/.test(t.secret)){for(var s,r,n,a=l.querySelectorAll('iframe[data-secret=\"'+t.secret+'\"]'),o=l.querySelectorAll('blockquote[data-secret=\"'+t.secret+'\"]'),c=new RegExp(\"^https?:$\",\"i\"),i=0;i<o.length;i++)o[i].style.display=\"none\";for(i=0;i<a.length;i++)s=a[i],e.source===s.contentWindow&&(s.removeAttribute(\"style\"),\"height\"===t.message?(1e3<(r=parseInt(t.value,10))?r=1e3:~~r<200&&(r=200),s.height=r):\"link\"===t.message&&(r=new URL(s.getAttribute(\"src\")),n=new URL(t.value),c.test(n.protocol))&&n.host===r.host&&l.activeElement===s&&(d.top.location.href=t.value))}},d.addEventListener(\"message\",d.wp.receiveEmbedMessage,!1),l.addEventListener(\"DOMContentLoaded\",function(){for(var e,t,s=l.querySelectorAll(\"iframe.wp-embedded-content\"),r=0;r<s.length;r++)(t=(e=s[r]).getAttribute(\"data-secret\"))||(t=Math.random().toString(36).substring(2,12),e.src+=\"#?secret=\"+t,e.setAttribute(\"data-secret\",t)),e.contentWindow.postMessage({message:\"ready\",secret:t},\"*\")},!1)))}(window,document);\n\/\/# sourceURL=https:\/\/lietuve.lt\/wp-includes\/js\/wp-embed.min.js\n\/* ]]> *\/\n<\/script>\n","description":"Prezident\u0117 Dalia Grybauskait\u0117 prie\u0161 art\u0117jan\u010di\u0105 parlamento pavasario sesij\u0105 tradici\u0161kai susitiko su Seimo valdyba ir aptar\u0117 svarbiausius darbus ir strategines reformas. Pasak Prezident\u0117s, per rudens sesij\u0105 dar daug k\u0105 buvo galima nura\u0161yti senojo Seimo palikimui, o pavasario sesijos sprendimai\u00a0\u2013 jau \u0161io Seimo atsakomyb\u0117. Strateginiai valstyb\u0117s prioritetai baigiami i\u0161gryninti, dabar laukia intensyvus darbas. Politin\u0117 valia ir susitelkimas"}