{"version":"1.0","provider_name":"\u017durnalas Lietuv\u0117","provider_url":"https:\/\/lietuve.lt","title":"Prezident\u0117: \u201eTurime b\u016bti visapusi\u0161kai pasireng\u0119 kovoti u\u017e savo valstyb\u0119\u201c - \u017durnalas Lietuv\u0117","type":"rich","width":600,"height":338,"html":"<blockquote class=\"wp-embedded-content\" data-secret=\"gd9Ot2JIN6\"><a href=\"https:\/\/lietuve.lt\/prezidente-turime-buti-visapusiskai-pasirenge-kovoti-uz-savo-valstybe\/\">Prezident\u0117: \u201eTurime b\u016bti visapusi\u0161kai pasireng\u0119 kovoti u\u017e savo valstyb\u0119\u201c<\/a><\/blockquote><iframe sandbox=\"allow-scripts\" security=\"restricted\" src=\"https:\/\/lietuve.lt\/prezidente-turime-buti-visapusiskai-pasirenge-kovoti-uz-savo-valstybe\/embed\/#?secret=gd9Ot2JIN6\" width=\"600\" height=\"338\" title=\"&#8220;Prezident\u0117: \u201eTurime b\u016bti visapusi\u0161kai pasireng\u0119 kovoti u\u017e savo valstyb\u0119\u201c&#8221; &#8212; \u017durnalas Lietuv\u0117\" data-secret=\"gd9Ot2JIN6\" frameborder=\"0\" marginwidth=\"0\" marginheight=\"0\" scrolling=\"no\" class=\"wp-embedded-content\"><\/iframe><script type=\"text\/javascript\">\n\/* <![CDATA[ *\/\n\/*! This file is auto-generated *\/\n!function(d,l){\"use strict\";l.querySelector&&d.addEventListener&&\"undefined\"!=typeof URL&&(d.wp=d.wp||{},d.wp.receiveEmbedMessage||(d.wp.receiveEmbedMessage=function(e){var t=e.data;if((t||t.secret||t.message||t.value)&&!\/[^a-zA-Z0-9]\/.test(t.secret)){for(var s,r,n,a=l.querySelectorAll('iframe[data-secret=\"'+t.secret+'\"]'),o=l.querySelectorAll('blockquote[data-secret=\"'+t.secret+'\"]'),c=new RegExp(\"^https?:$\",\"i\"),i=0;i<o.length;i++)o[i].style.display=\"none\";for(i=0;i<a.length;i++)s=a[i],e.source===s.contentWindow&&(s.removeAttribute(\"style\"),\"height\"===t.message?(1e3<(r=parseInt(t.value,10))?r=1e3:~~r<200&&(r=200),s.height=r):\"link\"===t.message&&(r=new URL(s.getAttribute(\"src\")),n=new URL(t.value),c.test(n.protocol))&&n.host===r.host&&l.activeElement===s&&(d.top.location.href=t.value))}},d.addEventListener(\"message\",d.wp.receiveEmbedMessage,!1),l.addEventListener(\"DOMContentLoaded\",function(){for(var e,t,s=l.querySelectorAll(\"iframe.wp-embedded-content\"),r=0;r<s.length;r++)(t=(e=s[r]).getAttribute(\"data-secret\"))||(t=Math.random().toString(36).substring(2,12),e.src+=\"#?secret=\"+t,e.setAttribute(\"data-secret\",t)),e.contentWindow.postMessage({message:\"ready\",secret:t},\"*\")},!1)))}(window,document);\n\/\/# sourceURL=https:\/\/lietuve.lt\/wp-includes\/js\/wp-embed.min.js\n\/* ]]> *\/\n<\/script>\n","thumbnail_url":"https:\/\/lietuve.lt\/wp-content\/uploads\/2014\/09\/dsc_5968-1024x698.jpg","thumbnail_width":1024,"thumbnail_height":698,"description":"Antradien\u012f, rugs\u0117jo 9 d., atsi\u017evelgiant \u012f geopolitin\u0117s situacijos i\u0161skirtinum\u0105, nacionaliniam saugumui kylan\u010dius i\u0161\u0161\u016bkius ir Lietuvos \u012fsipareigojim\u0105 pl\u0117toti ne tik kolektyvin\u0119, bet ir savaranki\u0161k\u0105 gynyb\u0105, Lietuvos Respublikos Prezident\u0117s Dalios Grybauskait\u0117s iniciatyva parengtos ir Seimui teikiamos Karo pad\u0117ties \u012fstatymo pataisos, kurios sustiprins valstyb\u0117s gynybin\u012f paj\u0117gum\u0105. Prezident\u0117 \u012fstatymo pataisomis si\u016blo nustatyti, kad karo pad\u0117ties atveju Lietuvos ginkluotosioms paj\u0117goms"}