{"version":"1.0","provider_name":"\u017durnalas Lietuv\u0117","provider_url":"https:\/\/lietuve.lt","title":"Prezident\u0117: \u201eValstyb\u0117s socialin\u0117s politikos prioritetai turi keistis\u201c - \u017durnalas Lietuv\u0117","type":"rich","width":600,"height":338,"html":"<blockquote class=\"wp-embedded-content\" data-secret=\"FQfN31IQ4H\"><a href=\"https:\/\/lietuve.lt\/prezidente-valstybes-socialines-politikos-prioritetai-turi-keistis\/\">Prezident\u0117: \u201eValstyb\u0117s socialin\u0117s politikos prioritetai turi keistis\u201c<\/a><\/blockquote><iframe sandbox=\"allow-scripts\" security=\"restricted\" src=\"https:\/\/lietuve.lt\/prezidente-valstybes-socialines-politikos-prioritetai-turi-keistis\/embed\/#?secret=FQfN31IQ4H\" width=\"600\" height=\"338\" title=\"&#8220;Prezident\u0117: \u201eValstyb\u0117s socialin\u0117s politikos prioritetai turi keistis\u201c&#8221; &#8212; \u017durnalas Lietuv\u0117\" data-secret=\"FQfN31IQ4H\" frameborder=\"0\" marginwidth=\"0\" marginheight=\"0\" scrolling=\"no\" class=\"wp-embedded-content\"><\/iframe><script type=\"text\/javascript\">\n\/* <![CDATA[ *\/\n\/*! This file is auto-generated *\/\n!function(d,l){\"use strict\";l.querySelector&&d.addEventListener&&\"undefined\"!=typeof URL&&(d.wp=d.wp||{},d.wp.receiveEmbedMessage||(d.wp.receiveEmbedMessage=function(e){var t=e.data;if((t||t.secret||t.message||t.value)&&!\/[^a-zA-Z0-9]\/.test(t.secret)){for(var s,r,n,a=l.querySelectorAll('iframe[data-secret=\"'+t.secret+'\"]'),o=l.querySelectorAll('blockquote[data-secret=\"'+t.secret+'\"]'),c=new RegExp(\"^https?:$\",\"i\"),i=0;i<o.length;i++)o[i].style.display=\"none\";for(i=0;i<a.length;i++)s=a[i],e.source===s.contentWindow&&(s.removeAttribute(\"style\"),\"height\"===t.message?(1e3<(r=parseInt(t.value,10))?r=1e3:~~r<200&&(r=200),s.height=r):\"link\"===t.message&&(r=new URL(s.getAttribute(\"src\")),n=new URL(t.value),c.test(n.protocol))&&n.host===r.host&&l.activeElement===s&&(d.top.location.href=t.value))}},d.addEventListener(\"message\",d.wp.receiveEmbedMessage,!1),l.addEventListener(\"DOMContentLoaded\",function(){for(var e,t,s=l.querySelectorAll(\"iframe.wp-embedded-content\"),r=0;r<s.length;r++)(t=(e=s[r]).getAttribute(\"data-secret\"))||(t=Math.random().toString(36).substring(2,12),e.src+=\"#?secret=\"+t,e.setAttribute(\"data-secret\",t)),e.contentWindow.postMessage({message:\"ready\",secret:t},\"*\")},!1)))}(window,document);\n\/\/# sourceURL=https:\/\/lietuve.lt\/wp-includes\/js\/wp-embed.min.js\n\/* ]]> *\/\n<\/script>\n","description":"Antradien\u012f Lietuvos Respublikos Prezident\u0117 Dalia Grybauskait\u0117 apsilank\u0117 Dotnuvos slaugos namuose, susipa\u017eino su senyvo am\u017eiaus \u017emon\u0117ms teikiamomis paslaugomis. Sen\u0117jan\u010dios visuomen\u0117s problema Lietuvai tampa vis aktualesn\u0117. Socialin\u0117s paslaugos, kurios tur\u0117t\u0173 pasiekti vyresnio am\u017eiaus \u017emones, yra per menkai i\u0161pl\u0117totos. Seni ir vieni\u0161i \u017emon\u0117s priversti laukti eil\u0117se, kad patekt\u0173 \u012f globos ir slaugos \u012fstaigas. Lietuvoje socialin\u0117s paslaugos senyvo am\u017eiaus"}