{"version":"1.0","provider_name":"\u017durnalas Lietuv\u0117","provider_url":"https:\/\/lietuve.lt","title":"Prezidento Gitano Naus\u0117dos inauguracijos kalba Seime - \u017durnalas Lietuv\u0117","type":"rich","width":600,"height":338,"html":"<blockquote class=\"wp-embedded-content\" data-secret=\"diQawif0wS\"><a href=\"https:\/\/lietuve.lt\/prezidento-gitano-nausedos-inauguracijos-kalba-seime\/\">Prezidento Gitano Naus\u0117dos inauguracijos kalba Seime<\/a><\/blockquote><iframe sandbox=\"allow-scripts\" security=\"restricted\" src=\"https:\/\/lietuve.lt\/prezidento-gitano-nausedos-inauguracijos-kalba-seime\/embed\/#?secret=diQawif0wS\" width=\"600\" height=\"338\" title=\"&#8220;Prezidento Gitano Naus\u0117dos inauguracijos kalba Seime&#8221; &#8212; \u017durnalas Lietuv\u0117\" data-secret=\"diQawif0wS\" frameborder=\"0\" marginwidth=\"0\" marginheight=\"0\" scrolling=\"no\" class=\"wp-embedded-content\"><\/iframe><script type=\"text\/javascript\">\n\/* <![CDATA[ *\/\n\/*! This file is auto-generated *\/\n!function(d,l){\"use strict\";l.querySelector&&d.addEventListener&&\"undefined\"!=typeof URL&&(d.wp=d.wp||{},d.wp.receiveEmbedMessage||(d.wp.receiveEmbedMessage=function(e){var t=e.data;if((t||t.secret||t.message||t.value)&&!\/[^a-zA-Z0-9]\/.test(t.secret)){for(var s,r,n,a=l.querySelectorAll('iframe[data-secret=\"'+t.secret+'\"]'),o=l.querySelectorAll('blockquote[data-secret=\"'+t.secret+'\"]'),c=new RegExp(\"^https?:$\",\"i\"),i=0;i<o.length;i++)o[i].style.display=\"none\";for(i=0;i<a.length;i++)s=a[i],e.source===s.contentWindow&&(s.removeAttribute(\"style\"),\"height\"===t.message?(1e3<(r=parseInt(t.value,10))?r=1e3:~~r<200&&(r=200),s.height=r):\"link\"===t.message&&(r=new URL(s.getAttribute(\"src\")),n=new URL(t.value),c.test(n.protocol))&&n.host===r.host&&l.activeElement===s&&(d.top.location.href=t.value))}},d.addEventListener(\"message\",d.wp.receiveEmbedMessage,!1),l.addEventListener(\"DOMContentLoaded\",function(){for(var e,t,s=l.querySelectorAll(\"iframe.wp-embedded-content\"),r=0;r<s.length;r++)(t=(e=s[r]).getAttribute(\"data-secret\"))||(t=Math.random().toString(36).substring(2,12),e.src+=\"#?secret=\"+t,e.setAttribute(\"data-secret\",t)),e.contentWindow.postMessage({message:\"ready\",secret:t},\"*\")},!1)))}(window,document);\n\/\/# sourceURL=https:\/\/lietuve.lt\/wp-includes\/js\/wp-embed.min.js\n\/* ]]> *\/\n<\/script>\n","thumbnail_url":"https:\/\/lietuve.lt\/wp-content\/uploads\/2019\/07\/6-5.jpg","thumbnail_width":1024,"thumbnail_height":659,"description":"Brang\u016bs Lietuvos \u017emon\u0117s, J\u016bs\u0173 ekscelencijos Prezidentai Dalia Grybauskaite, Valdai Adamkau, Vytautai Landsbergi, Pone Seimo pirmininke, Gerbiami Seimo nariai, Gerbiami sve\u010diai, \u0161iandien, priimdamas Lietuvos \u017emoni\u0173 man suteiktus \u012fgaliojimus, pirmiausia nor\u0117\u010diau pad\u0117koti Lietuvos vadovams, garbingai ir i\u0161mintingai vadovavusiems valstybei sud\u0117tingiausiais jai periodais. Semdamiesi j\u0117g\u0173 i\u0161 Tautos istorijos ir did\u017eiavyri\u0173 \u2013 nuo karaliaus Mindaugo iki Nepriklausomyb\u0117s Akto signatar\u0173,"}