{"version":"1.0","provider_name":"\u017durnalas Lietuv\u0117","provider_url":"https:\/\/lietuve.lt","title":"Prezidento kalba konferencijoje \u201eGerov\u0117s valstyb\u0117s kont\u016brai Lietuvoje\u201c - \u017durnalas Lietuv\u0117","type":"rich","width":600,"height":338,"html":"<blockquote class=\"wp-embedded-content\" data-secret=\"dijpknLHu5\"><a href=\"https:\/\/lietuve.lt\/prezidento-kalba-konferencijoje-geroves-valstybes-konturai-lietuvoje\/\">Prezidento kalba konferencijoje \u201eGerov\u0117s valstyb\u0117s kont\u016brai Lietuvoje\u201c<\/a><\/blockquote><iframe sandbox=\"allow-scripts\" security=\"restricted\" src=\"https:\/\/lietuve.lt\/prezidento-kalba-konferencijoje-geroves-valstybes-konturai-lietuvoje\/embed\/#?secret=dijpknLHu5\" width=\"600\" height=\"338\" title=\"&#8220;Prezidento kalba konferencijoje \u201eGerov\u0117s valstyb\u0117s kont\u016brai Lietuvoje\u201c&#8221; &#8212; \u017durnalas Lietuv\u0117\" data-secret=\"dijpknLHu5\" frameborder=\"0\" marginwidth=\"0\" marginheight=\"0\" scrolling=\"no\" class=\"wp-embedded-content\"><\/iframe><script type=\"text\/javascript\">\n\/* <![CDATA[ *\/\n\/*! This file is auto-generated *\/\n!function(d,l){\"use strict\";l.querySelector&&d.addEventListener&&\"undefined\"!=typeof URL&&(d.wp=d.wp||{},d.wp.receiveEmbedMessage||(d.wp.receiveEmbedMessage=function(e){var t=e.data;if((t||t.secret||t.message||t.value)&&!\/[^a-zA-Z0-9]\/.test(t.secret)){for(var s,r,n,a=l.querySelectorAll('iframe[data-secret=\"'+t.secret+'\"]'),o=l.querySelectorAll('blockquote[data-secret=\"'+t.secret+'\"]'),c=new RegExp(\"^https?:$\",\"i\"),i=0;i<o.length;i++)o[i].style.display=\"none\";for(i=0;i<a.length;i++)s=a[i],e.source===s.contentWindow&&(s.removeAttribute(\"style\"),\"height\"===t.message?(1e3<(r=parseInt(t.value,10))?r=1e3:~~r<200&&(r=200),s.height=r):\"link\"===t.message&&(r=new URL(s.getAttribute(\"src\")),n=new URL(t.value),c.test(n.protocol))&&n.host===r.host&&l.activeElement===s&&(d.top.location.href=t.value))}},d.addEventListener(\"message\",d.wp.receiveEmbedMessage,!1),l.addEventListener(\"DOMContentLoaded\",function(){for(var e,t,s=l.querySelectorAll(\"iframe.wp-embedded-content\"),r=0;r<s.length;r++)(t=(e=s[r]).getAttribute(\"data-secret\"))||(t=Math.random().toString(36).substring(2,12),e.src+=\"#?secret=\"+t,e.setAttribute(\"data-secret\",t)),e.contentWindow.postMessage({message:\"ready\",secret:t},\"*\")},!1)))}(window,document);\n\/\/# sourceURL=https:\/\/lietuve.lt\/wp-includes\/js\/wp-embed.min.js\n\/* ]]> *\/\n<\/script>\n","thumbnail_url":"https:\/\/lietuve.lt\/wp-content\/uploads\/2020\/01\/1-29.jpg","thumbnail_width":1024,"thumbnail_height":682,"description":"Gerbiami konferencijos dalyviai, \u012f Vytauto Did\u017eiojo universitet\u0105 mus \u0161iandien sukviet\u0117 ne tik giliai i\u0161jaustas, bet ir intelektualiai pagr\u012fstas r\u016bpestis d\u0117l \u0161alies ateities. Neatsitiktinai \u0161i konferencija vyksta akademin\u0117je aplinkoje, kuri skatina kelti klausimus, keistis nuomon\u0117mis, gin\u010dytis ir pagaliau prieiti prie tam tikr\u0173 i\u0161vad\u0173. Galiu tik pasid\u017eiaugti, gal\u0117damas prad\u0117ti diskusij\u0105 gerbiam\u0173 \u0161vietimo, ekonomikos, sociologijos, psichologijos, vie\u0161ojo administravimo"}