{"version":"1.0","provider_name":"\u017durnalas Lietuv\u0117","provider_url":"https:\/\/lietuve.lt","title":"Prezident\u016bra pakviet\u0117 \u012f Etnografini\u0173 region\u0173 metams skirt\u0105 popiet\u0119 - \u017durnalas Lietuv\u0117","type":"rich","width":600,"height":338,"html":"<blockquote class=\"wp-embedded-content\" data-secret=\"oMUutSYxvW\"><a href=\"https:\/\/lietuve.lt\/prezidentura-pakviete-i-etnografiniu-regionu-metams-skirta-popiete\/\">Prezident\u016bra pakviet\u0117 \u012f Etnografini\u0173 region\u0173 metams skirt\u0105 popiet\u0119<\/a><\/blockquote><iframe sandbox=\"allow-scripts\" security=\"restricted\" src=\"https:\/\/lietuve.lt\/prezidentura-pakviete-i-etnografiniu-regionu-metams-skirta-popiete\/embed\/#?secret=oMUutSYxvW\" width=\"600\" height=\"338\" title=\"&#8220;Prezident\u016bra pakviet\u0117 \u012f Etnografini\u0173 region\u0173 metams skirt\u0105 popiet\u0119&#8221; &#8212; \u017durnalas Lietuv\u0117\" data-secret=\"oMUutSYxvW\" frameborder=\"0\" marginwidth=\"0\" marginheight=\"0\" scrolling=\"no\" class=\"wp-embedded-content\"><\/iframe><script type=\"text\/javascript\">\n\/* <![CDATA[ *\/\n\/*! This file is auto-generated *\/\n!function(d,l){\"use strict\";l.querySelector&&d.addEventListener&&\"undefined\"!=typeof URL&&(d.wp=d.wp||{},d.wp.receiveEmbedMessage||(d.wp.receiveEmbedMessage=function(e){var t=e.data;if((t||t.secret||t.message||t.value)&&!\/[^a-zA-Z0-9]\/.test(t.secret)){for(var s,r,n,a=l.querySelectorAll('iframe[data-secret=\"'+t.secret+'\"]'),o=l.querySelectorAll('blockquote[data-secret=\"'+t.secret+'\"]'),c=new RegExp(\"^https?:$\",\"i\"),i=0;i<o.length;i++)o[i].style.display=\"none\";for(i=0;i<a.length;i++)s=a[i],e.source===s.contentWindow&&(s.removeAttribute(\"style\"),\"height\"===t.message?(1e3<(r=parseInt(t.value,10))?r=1e3:~~r<200&&(r=200),s.height=r):\"link\"===t.message&&(r=new URL(s.getAttribute(\"src\")),n=new URL(t.value),c.test(n.protocol))&&n.host===r.host&&l.activeElement===s&&(d.top.location.href=t.value))}},d.addEventListener(\"message\",d.wp.receiveEmbedMessage,!1),l.addEventListener(\"DOMContentLoaded\",function(){for(var e,t,s=l.querySelectorAll(\"iframe.wp-embedded-content\"),r=0;r<s.length;r++)(t=(e=s[r]).getAttribute(\"data-secret\"))||(t=Math.random().toString(36).substring(2,12),e.src+=\"#?secret=\"+t,e.setAttribute(\"data-secret\",t)),e.contentWindow.postMessage({message:\"ready\",secret:t},\"*\")},!1)))}(window,document);\n\/\/# sourceURL=https:\/\/lietuve.lt\/wp-includes\/js\/wp-embed.min.js\n\/* ]]> *\/\n<\/script>\n","thumbnail_url":"https:\/\/lietuve.lt\/wp-content\/uploads\/2015\/02\/resize_800x500__dsc0535.jpg","thumbnail_width":751,"thumbnail_height":500,"description":"Sekmadien\u012f, vasario 8 d., t\u0119siant atvir\u0173 erdvi\u0173 rengini\u0173 cikl\u0105, Prezident\u016bra kartu su Lietuvos liaudies kult\u016bros centru kviet\u0117 \u012f popiet\u0119, skirt\u0105 pamin\u0117ti Etnografini\u0173 region\u0173 metams, kuri\u0173 glob\u0117ja yra Lietuvos Respublikos Prezident\u0117 Dalia Grybauskait\u0117. Renginyje dz\u016bki\u0161kas, suvalkieti\u0161kas, auk\u0161taiti\u0161kas, \u017eemaiti\u0161kas, Ma\u017eosios Lietuvos dainas, pasakojimus ir \u0161okius atliko Vilniaus folkloro ansambliai \u201eRadasta\u201c ir \u201eNal\u0161ia\u201c. \u012e rengin\u012f susirink\u0119 vilnie\u010diai ir"}