{"version":"1.0","provider_name":"\u017durnalas Lietuv\u0117","provider_url":"https:\/\/lietuve.lt","title":"Prezident\u016bros parke \u2013 vilnie\u010diams ir miesto sve\u010diams skirtas koncertas - \u017durnalas Lietuv\u0117","type":"rich","width":600,"height":338,"html":"<blockquote class=\"wp-embedded-content\" data-secret=\"1t0YRDSbDe\"><a href=\"https:\/\/lietuve.lt\/prezidenturos-parke-vilnieciams-ir-miesto-sveciams-skirtas-koncertas\/\">Prezident\u016bros parke \u2013 vilnie\u010diams ir miesto sve\u010diams skirtas koncertas<\/a><\/blockquote><iframe sandbox=\"allow-scripts\" security=\"restricted\" src=\"https:\/\/lietuve.lt\/prezidenturos-parke-vilnieciams-ir-miesto-sveciams-skirtas-koncertas\/embed\/#?secret=1t0YRDSbDe\" width=\"600\" height=\"338\" title=\"&#8220;Prezident\u016bros parke \u2013 vilnie\u010diams ir miesto sve\u010diams skirtas koncertas&#8221; &#8212; \u017durnalas Lietuv\u0117\" data-secret=\"1t0YRDSbDe\" frameborder=\"0\" marginwidth=\"0\" marginheight=\"0\" scrolling=\"no\" class=\"wp-embedded-content\"><\/iframe><script type=\"text\/javascript\">\n\/* <![CDATA[ *\/\n\/*! This file is auto-generated *\/\n!function(d,l){\"use strict\";l.querySelector&&d.addEventListener&&\"undefined\"!=typeof URL&&(d.wp=d.wp||{},d.wp.receiveEmbedMessage||(d.wp.receiveEmbedMessage=function(e){var t=e.data;if((t||t.secret||t.message||t.value)&&!\/[^a-zA-Z0-9]\/.test(t.secret)){for(var s,r,n,a=l.querySelectorAll('iframe[data-secret=\"'+t.secret+'\"]'),o=l.querySelectorAll('blockquote[data-secret=\"'+t.secret+'\"]'),c=new RegExp(\"^https?:$\",\"i\"),i=0;i<o.length;i++)o[i].style.display=\"none\";for(i=0;i<a.length;i++)s=a[i],e.source===s.contentWindow&&(s.removeAttribute(\"style\"),\"height\"===t.message?(1e3<(r=parseInt(t.value,10))?r=1e3:~~r<200&&(r=200),s.height=r):\"link\"===t.message&&(r=new URL(s.getAttribute(\"src\")),n=new URL(t.value),c.test(n.protocol))&&n.host===r.host&&l.activeElement===s&&(d.top.location.href=t.value))}},d.addEventListener(\"message\",d.wp.receiveEmbedMessage,!1),l.addEventListener(\"DOMContentLoaded\",function(){for(var e,t,s=l.querySelectorAll(\"iframe.wp-embedded-content\"),r=0;r<s.length;r++)(t=(e=s[r]).getAttribute(\"data-secret\"))||(t=Math.random().toString(36).substring(2,12),e.src+=\"#?secret=\"+t,e.setAttribute(\"data-secret\",t)),e.contentWindow.postMessage({message:\"ready\",secret:t},\"*\")},!1)))}(window,document);\n\/\/# sourceURL=https:\/\/lietuve.lt\/wp-includes\/js\/wp-embed.min.js\n\/* ]]> *\/\n<\/script>\n","thumbnail_url":"https:\/\/lietuve.lt\/wp-content\/uploads\/2014\/09\/dsc_0448-e1411744590811.jpg","thumbnail_width":900,"thumbnail_height":596,"description":"Sekmadien\u012f prasideda jau \u0161e\u0161tasis Lietuvos Respublikos Prezident\u0117s Dalios Grybauskait\u0117s inicijuotas atvir\u0173 erdvi\u0173 sezonas ir naujas visuomenei atvir\u0173 koncert\u0173, parod\u0173 ir susitikim\u0173 prezident\u016broje ciklas. Rugs\u0117jo 28 d., sekmadien\u012f, 14 val. vilnie\u010diai ir miesto sve\u010diai kvie\u010diami vidiniame prezident\u016bros kieme pasiklausyti Tarptautinei muzikos dienai skirto koncerto. Atvir\u0173 erdvi\u0173 sezono atidaryme naujai aran\u017euotas \u201eEmpti\u201c, \u201ePieno lazeri\u0173\u201c, \u201eG&amp;G Sindikato\u201c, Andriaus"}