{"version":"1.0","provider_name":"\u017durnalas Lietuv\u0117","provider_url":"https:\/\/lietuve.lt","title":"Prie\u0161 70 met\u0173 Serdokuose pasibaigusi istorija - \u017durnalas Lietuv\u0117","type":"rich","width":600,"height":338,"html":"<blockquote class=\"wp-embedded-content\" data-secret=\"mw5yPFHjkb\"><a href=\"https:\/\/lietuve.lt\/pries-70-metu-serdokuose-pasibaigusi-istorija\/\">Prie\u0161 70 met\u0173 Serdokuose pasibaigusi istorija<\/a><\/blockquote><iframe sandbox=\"allow-scripts\" security=\"restricted\" src=\"https:\/\/lietuve.lt\/pries-70-metu-serdokuose-pasibaigusi-istorija\/embed\/#?secret=mw5yPFHjkb\" width=\"600\" height=\"338\" title=\"&#8220;Prie\u0161 70 met\u0173 Serdokuose pasibaigusi istorija&#8221; &#8212; \u017durnalas Lietuv\u0117\" data-secret=\"mw5yPFHjkb\" frameborder=\"0\" marginwidth=\"0\" marginheight=\"0\" scrolling=\"no\" class=\"wp-embedded-content\"><\/iframe><script type=\"text\/javascript\">\n\/* <![CDATA[ *\/\n\/*! This file is auto-generated *\/\n!function(d,l){\"use strict\";l.querySelector&&d.addEventListener&&\"undefined\"!=typeof URL&&(d.wp=d.wp||{},d.wp.receiveEmbedMessage||(d.wp.receiveEmbedMessage=function(e){var t=e.data;if((t||t.secret||t.message||t.value)&&!\/[^a-zA-Z0-9]\/.test(t.secret)){for(var s,r,n,a=l.querySelectorAll('iframe[data-secret=\"'+t.secret+'\"]'),o=l.querySelectorAll('blockquote[data-secret=\"'+t.secret+'\"]'),c=new RegExp(\"^https?:$\",\"i\"),i=0;i<o.length;i++)o[i].style.display=\"none\";for(i=0;i<a.length;i++)s=a[i],e.source===s.contentWindow&&(s.removeAttribute(\"style\"),\"height\"===t.message?(1e3<(r=parseInt(t.value,10))?r=1e3:~~r<200&&(r=200),s.height=r):\"link\"===t.message&&(r=new URL(s.getAttribute(\"src\")),n=new URL(t.value),c.test(n.protocol))&&n.host===r.host&&l.activeElement===s&&(d.top.location.href=t.value))}},d.addEventListener(\"message\",d.wp.receiveEmbedMessage,!1),l.addEventListener(\"DOMContentLoaded\",function(){for(var e,t,s=l.querySelectorAll(\"iframe.wp-embedded-content\"),r=0;r<s.length;r++)(t=(e=s[r]).getAttribute(\"data-secret\"))||(t=Math.random().toString(36).substring(2,12),e.src+=\"#?secret=\"+t,e.setAttribute(\"data-secret\",t)),e.contentWindow.postMessage({message:\"ready\",secret:t},\"*\")},!1)))}(window,document);\n\/\/# sourceURL=https:\/\/lietuve.lt\/wp-includes\/js\/wp-embed.min.js\n\/* ]]> *\/\n<\/script>\n","thumbnail_url":"https:\/\/lietuve.lt\/wp-content\/uploads\/2017\/12\/1-132.jpg","thumbnail_width":1024,"thumbnail_height":549,"description":"Kal\u0117dos yra d\u017eiugesio metas. Kal\u0117diniu laikotarpiu sveikiname\u00a0 artimuosius, pa\u017e\u012fstamus ir linkime\u00a0 gerumo. Bet ne visada ir ne visiems Kal\u0117dos buvo d\u017eiaugsmo metas. 1947 met\u0173 gruod\u017eio 26 dien\u0105 Serdok\u0173 kaime buvo i\u0161duotas ir nu\u017eudytas vienas Suvalkijos partizan\u0173 vad\u0173 \u2013 K\u0119stu\u010dio rinktin\u0117s, veikusios Vilkavi\u0161kio rajone, vadas Pranas Ku\u010dinskas-Klevas, Apynys, Ainis. Apie Pran\u0105 Ku\u010dinsk\u0105 papasakojo jo brolio Jono"}