{"version":"1.0","provider_name":"\u017durnalas Lietuv\u0117","provider_url":"https:\/\/lietuve.lt","title":"Pristatytas j\u0117zuit\u0173 student\u0173 XVII a. Kra\u017eiuose kurt\u0173 tekst\u0173 rinkinys  - \u017durnalas Lietuv\u0117","type":"rich","width":600,"height":338,"html":"<blockquote class=\"wp-embedded-content\" data-secret=\"KQd6YpI7QU\"><a href=\"https:\/\/lietuve.lt\/pristatytas-jezuitu-studentu-xvii-a-kraziuose-kurtu-tekstu-rinkinys\/\">Pristatytas j\u0117zuit\u0173 student\u0173 XVII a. Kra\u017eiuose kurt\u0173 tekst\u0173 rinkinys<\/a><\/blockquote><iframe sandbox=\"allow-scripts\" security=\"restricted\" src=\"https:\/\/lietuve.lt\/pristatytas-jezuitu-studentu-xvii-a-kraziuose-kurtu-tekstu-rinkinys\/embed\/#?secret=KQd6YpI7QU\" width=\"600\" height=\"338\" title=\"&#8220;Pristatytas j\u0117zuit\u0173 student\u0173 XVII a. Kra\u017eiuose kurt\u0173 tekst\u0173 rinkinys&#8221; &#8212; \u017durnalas Lietuv\u0117\" data-secret=\"KQd6YpI7QU\" frameborder=\"0\" marginwidth=\"0\" marginheight=\"0\" scrolling=\"no\" class=\"wp-embedded-content\"><\/iframe><script type=\"text\/javascript\">\n\/* <![CDATA[ *\/\n\/*! This file is auto-generated *\/\n!function(d,l){\"use strict\";l.querySelector&&d.addEventListener&&\"undefined\"!=typeof URL&&(d.wp=d.wp||{},d.wp.receiveEmbedMessage||(d.wp.receiveEmbedMessage=function(e){var t=e.data;if((t||t.secret||t.message||t.value)&&!\/[^a-zA-Z0-9]\/.test(t.secret)){for(var s,r,n,a=l.querySelectorAll('iframe[data-secret=\"'+t.secret+'\"]'),o=l.querySelectorAll('blockquote[data-secret=\"'+t.secret+'\"]'),c=new RegExp(\"^https?:$\",\"i\"),i=0;i<o.length;i++)o[i].style.display=\"none\";for(i=0;i<a.length;i++)s=a[i],e.source===s.contentWindow&&(s.removeAttribute(\"style\"),\"height\"===t.message?(1e3<(r=parseInt(t.value,10))?r=1e3:~~r<200&&(r=200),s.height=r):\"link\"===t.message&&(r=new URL(s.getAttribute(\"src\")),n=new URL(t.value),c.test(n.protocol))&&n.host===r.host&&l.activeElement===s&&(d.top.location.href=t.value))}},d.addEventListener(\"message\",d.wp.receiveEmbedMessage,!1),l.addEventListener(\"DOMContentLoaded\",function(){for(var e,t,s=l.querySelectorAll(\"iframe.wp-embedded-content\"),r=0;r<s.length;r++)(t=(e=s[r]).getAttribute(\"data-secret\"))||(t=Math.random().toString(36).substring(2,12),e.src+=\"#?secret=\"+t,e.setAttribute(\"data-secret\",t)),e.contentWindow.postMessage({message:\"ready\",secret:t},\"*\")},!1)))}(window,document);\n\/\/# sourceURL=https:\/\/lietuve.lt\/wp-includes\/js\/wp-embed.min.js\n\/* ]]> *\/\n<\/script>\n","description":"2015 m. rugs\u0117jo 18\u201320 dienomis visoje Lietuvoje jau 22-\u0105j\u012f kart\u0105 vyko Europos paveldo dien\u0173 renginiai. \u0160i\u0173 met\u0173 tema buvo \u201ePaveld\u0117kime savo ateit\u012f\u201c. Art\u0117jant Lietuvos valstyb\u0117s atk\u016brimo \u0161imtme\u010diui, Europos paveldo dien\u0173 metu \u0161iemet nagrin\u0117ti \u012fvairi\u0173 laikotarpi\u0173 Lietuvos valstybingumo \u017eenklai, stengtasi atskleisti, kaip jie atsispindi ir kaip juos galima naujai perskaityti kult\u016bros pavelde. Kelm\u0117s rajone renginiai, skirti"}