{"version":"1.0","provider_name":"\u017durnalas Lietuv\u0117","provider_url":"https:\/\/lietuve.lt","title":"Rasos Kau\u0161i\u016bt\u0117s pergal\u0117 tarptautiniame vokalist\u0173 konkurse Slov\u0117nijoje - \u017durnalas Lietuv\u0117","type":"rich","width":600,"height":338,"html":"<blockquote class=\"wp-embedded-content\" data-secret=\"OumDldqP6s\"><a href=\"https:\/\/lietuve.lt\/rasos-kausiutes-pergale-tarptautiniame-vokalistu-konkurse-slovenijoje\/\">Rasos Kau\u0161i\u016bt\u0117s pergal\u0117 tarptautiniame vokalist\u0173 konkurse Slov\u0117nijoje<\/a><\/blockquote><iframe sandbox=\"allow-scripts\" security=\"restricted\" src=\"https:\/\/lietuve.lt\/rasos-kausiutes-pergale-tarptautiniame-vokalistu-konkurse-slovenijoje\/embed\/#?secret=OumDldqP6s\" width=\"600\" height=\"338\" title=\"&#8220;Rasos Kau\u0161i\u016bt\u0117s pergal\u0117 tarptautiniame vokalist\u0173 konkurse Slov\u0117nijoje&#8221; &#8212; \u017durnalas Lietuv\u0117\" data-secret=\"OumDldqP6s\" frameborder=\"0\" marginwidth=\"0\" marginheight=\"0\" scrolling=\"no\" class=\"wp-embedded-content\"><\/iframe><script type=\"text\/javascript\">\n\/* <![CDATA[ *\/\n\/*! This file is auto-generated *\/\n!function(d,l){\"use strict\";l.querySelector&&d.addEventListener&&\"undefined\"!=typeof URL&&(d.wp=d.wp||{},d.wp.receiveEmbedMessage||(d.wp.receiveEmbedMessage=function(e){var t=e.data;if((t||t.secret||t.message||t.value)&&!\/[^a-zA-Z0-9]\/.test(t.secret)){for(var s,r,n,a=l.querySelectorAll('iframe[data-secret=\"'+t.secret+'\"]'),o=l.querySelectorAll('blockquote[data-secret=\"'+t.secret+'\"]'),c=new RegExp(\"^https?:$\",\"i\"),i=0;i<o.length;i++)o[i].style.display=\"none\";for(i=0;i<a.length;i++)s=a[i],e.source===s.contentWindow&&(s.removeAttribute(\"style\"),\"height\"===t.message?(1e3<(r=parseInt(t.value,10))?r=1e3:~~r<200&&(r=200),s.height=r):\"link\"===t.message&&(r=new URL(s.getAttribute(\"src\")),n=new URL(t.value),c.test(n.protocol))&&n.host===r.host&&l.activeElement===s&&(d.top.location.href=t.value))}},d.addEventListener(\"message\",d.wp.receiveEmbedMessage,!1),l.addEventListener(\"DOMContentLoaded\",function(){for(var e,t,s=l.querySelectorAll(\"iframe.wp-embedded-content\"),r=0;r<s.length;r++)(t=(e=s[r]).getAttribute(\"data-secret\"))||(t=Math.random().toString(36).substring(2,12),e.src+=\"#?secret=\"+t,e.setAttribute(\"data-secret\",t)),e.contentWindow.postMessage({message:\"ready\",secret:t},\"*\")},!1)))}(window,document);\n\/\/# sourceURL=https:\/\/lietuve.lt\/wp-includes\/js\/wp-embed.min.js\n\/* ]]> *\/\n<\/script>\n","thumbnail_url":"https:\/\/lietuve.lt\/wp-content\/uploads\/2015\/07\/Rasa-Kau\u0161i\u016bt\u0117.jpg","thumbnail_width":720,"thumbnail_height":405,"description":"Tarptautiniame vokalist\u0173 konkurse Slov\u0117nijoje \u201eAuksinis mikrofonas\u201c daininink\u0117 Rasa Kau\u0161i\u016bt\u0117 pranoko visus \u2013 peln\u0117 nugal\u0117tojo taur\u0119 ir pinigin\u012f priz\u0105. Vaizdingame Bledo mieste penkias dienas konkurse d\u0117l geriausiojo vardo skirtingose kategorijose var\u017e\u0117si 62 dainininkai i\u0161 15 \u0161ali\u0173. \u201eTu buvai to verta. Labai d\u017eiaugiuosi ir sveikinu! \u012eveikus tokius stiprius konkurentus, laim\u0117jimas \u012fgauna dar daugiau vert\u0117s\u201c, \u2013 kviesdamas R."}