{"version":"1.0","provider_name":"\u017durnalas Lietuv\u0117","provider_url":"https:\/\/lietuve.lt","title":"Renginiai U\u017epaliuose, skatinantys nepamir\u0161ti savo kra\u0161to ir tautos savitumo - \u017durnalas Lietuv\u0117","type":"rich","width":600,"height":338,"html":"<blockquote class=\"wp-embedded-content\" data-secret=\"ZUdLj6XiTf\"><a href=\"https:\/\/lietuve.lt\/renginiai-uzpaliuose-skatinantys-nepamirsti-savo-krasto-ir-tautos-savitumo\/\">Renginiai U\u017epaliuose, skatinantys nepamir\u0161ti savo kra\u0161to ir tautos savitumo<\/a><\/blockquote><iframe sandbox=\"allow-scripts\" security=\"restricted\" src=\"https:\/\/lietuve.lt\/renginiai-uzpaliuose-skatinantys-nepamirsti-savo-krasto-ir-tautos-savitumo\/embed\/#?secret=ZUdLj6XiTf\" width=\"600\" height=\"338\" title=\"&#8220;Renginiai U\u017epaliuose, skatinantys nepamir\u0161ti savo kra\u0161to ir tautos savitumo&#8221; &#8212; \u017durnalas Lietuv\u0117\" data-secret=\"ZUdLj6XiTf\" frameborder=\"0\" marginwidth=\"0\" marginheight=\"0\" scrolling=\"no\" class=\"wp-embedded-content\"><\/iframe><script type=\"text\/javascript\">\n\/* <![CDATA[ *\/\n\/*! This file is auto-generated *\/\n!function(d,l){\"use strict\";l.querySelector&&d.addEventListener&&\"undefined\"!=typeof URL&&(d.wp=d.wp||{},d.wp.receiveEmbedMessage||(d.wp.receiveEmbedMessage=function(e){var t=e.data;if((t||t.secret||t.message||t.value)&&!\/[^a-zA-Z0-9]\/.test(t.secret)){for(var s,r,n,a=l.querySelectorAll('iframe[data-secret=\"'+t.secret+'\"]'),o=l.querySelectorAll('blockquote[data-secret=\"'+t.secret+'\"]'),c=new RegExp(\"^https?:$\",\"i\"),i=0;i<o.length;i++)o[i].style.display=\"none\";for(i=0;i<a.length;i++)s=a[i],e.source===s.contentWindow&&(s.removeAttribute(\"style\"),\"height\"===t.message?(1e3<(r=parseInt(t.value,10))?r=1e3:~~r<200&&(r=200),s.height=r):\"link\"===t.message&&(r=new URL(s.getAttribute(\"src\")),n=new URL(t.value),c.test(n.protocol))&&n.host===r.host&&l.activeElement===s&&(d.top.location.href=t.value))}},d.addEventListener(\"message\",d.wp.receiveEmbedMessage,!1),l.addEventListener(\"DOMContentLoaded\",function(){for(var e,t,s=l.querySelectorAll(\"iframe.wp-embedded-content\"),r=0;r<s.length;r++)(t=(e=s[r]).getAttribute(\"data-secret\"))||(t=Math.random().toString(36).substring(2,12),e.src+=\"#?secret=\"+t,e.setAttribute(\"data-secret\",t)),e.contentWindow.postMessage({message:\"ready\",secret:t},\"*\")},!1)))}(window,document);\n\/\/# sourceURL=https:\/\/lietuve.lt\/wp-includes\/js\/wp-embed.min.js\n\/* ]]> *\/\n<\/script>\n","description":"Vis da\u017eniau girdime samprotavim\u0173 apie art\u0117jant\u012f Lietuvos valstyb\u0117s atk\u016brimo \u0161imtmet\u012f. Svarstome \u2013 \u0161imtas met\u0173 daug ar ma\u017eai ir k\u0105 gal\u0117jome susp\u0117ti nuveikti per tok\u012f laikotarp\u012f. Atsakymas turb\u016bt b\u016bt\u0173: \u201eNelygu, i\u0161 kurio kampo pa\u017ei\u016br\u0117si.\u201c Kai sutinkame ilgiau nematyt\u0105 draug\u0105, i\u0161reik\u0161dami d\u017eiaugsm\u0105 da\u017enokai sakome: \u201e\u0160imtas met\u0173, kaip nema\u010diau.\u201c Sveikindami \u017emog\u0173, nevengiame palink\u0117ti: \u201eDuok, Dieve, \u0161imt\u0105 met\u0173 nugyventi.\u201c","thumbnail_url":"https:\/\/lietuve.lt\/wp-content\/uploads\/2017\/03\/Kovo-11-osios-viktorina-150x150.jpg"}