{"version":"1.0","provider_name":"\u017durnalas Lietuv\u0117","provider_url":"https:\/\/lietuve.lt","title":"Ruden\u012f Vilniuje duris pirm\u0105 kart\u0105 atvers miuzikl\u0173 festivalis - \u017durnalas Lietuv\u0117","type":"rich","width":600,"height":338,"html":"<blockquote class=\"wp-embedded-content\" data-secret=\"0kiPnef8ih\"><a href=\"https:\/\/lietuve.lt\/rudeni-vilniuje-duris-pirma-karta-atvers-miuziklu-festivalis\/\">Ruden\u012f Vilniuje duris pirm\u0105 kart\u0105 atvers miuzikl\u0173 festivalis<\/a><\/blockquote><iframe sandbox=\"allow-scripts\" security=\"restricted\" src=\"https:\/\/lietuve.lt\/rudeni-vilniuje-duris-pirma-karta-atvers-miuziklu-festivalis\/embed\/#?secret=0kiPnef8ih\" width=\"600\" height=\"338\" title=\"&#8220;Ruden\u012f Vilniuje duris pirm\u0105 kart\u0105 atvers miuzikl\u0173 festivalis&#8221; &#8212; \u017durnalas Lietuv\u0117\" data-secret=\"0kiPnef8ih\" frameborder=\"0\" marginwidth=\"0\" marginheight=\"0\" scrolling=\"no\" class=\"wp-embedded-content\"><\/iframe><script type=\"text\/javascript\">\n\/* <![CDATA[ *\/\n\/*! This file is auto-generated *\/\n!function(d,l){\"use strict\";l.querySelector&&d.addEventListener&&\"undefined\"!=typeof URL&&(d.wp=d.wp||{},d.wp.receiveEmbedMessage||(d.wp.receiveEmbedMessage=function(e){var t=e.data;if((t||t.secret||t.message||t.value)&&!\/[^a-zA-Z0-9]\/.test(t.secret)){for(var s,r,n,a=l.querySelectorAll('iframe[data-secret=\"'+t.secret+'\"]'),o=l.querySelectorAll('blockquote[data-secret=\"'+t.secret+'\"]'),c=new RegExp(\"^https?:$\",\"i\"),i=0;i<o.length;i++)o[i].style.display=\"none\";for(i=0;i<a.length;i++)s=a[i],e.source===s.contentWindow&&(s.removeAttribute(\"style\"),\"height\"===t.message?(1e3<(r=parseInt(t.value,10))?r=1e3:~~r<200&&(r=200),s.height=r):\"link\"===t.message&&(r=new URL(s.getAttribute(\"src\")),n=new URL(t.value),c.test(n.protocol))&&n.host===r.host&&l.activeElement===s&&(d.top.location.href=t.value))}},d.addEventListener(\"message\",d.wp.receiveEmbedMessage,!1),l.addEventListener(\"DOMContentLoaded\",function(){for(var e,t,s=l.querySelectorAll(\"iframe.wp-embedded-content\"),r=0;r<s.length;r++)(t=(e=s[r]).getAttribute(\"data-secret\"))||(t=Math.random().toString(36).substring(2,12),e.src+=\"#?secret=\"+t,e.setAttribute(\"data-secret\",t)),e.contentWindow.postMessage({message:\"ready\",secret:t},\"*\")},!1)))}(window,document);\n\/\/# sourceURL=https:\/\/lietuve.lt\/wp-includes\/js\/wp-embed.min.js\n\/* ]]> *\/\n<\/script>\n","description":"Rudens prad\u017eioje Vilniuje vyks trumpametra\u017ei\u0173 miuzikl\u0173 festivalis. Tokio pob\u016bd\u017eio projektas \u2013 visi\u0161kai naujas rei\u0161kinys m\u016bs\u0173 \u0161alies meno istorijoje. Pasak renginio sumanytoj\u0173, tikimasi, jog \u0161io kult\u016bros projekto inicijavimas pad\u0117s rastis bei subr\u0119sti naujajai miuzikl\u0173 k\u016br\u0117j\u0173 kartai Lietuvoje. Organizatoriai tikina, jog \u0161iame projekte \u017ei\u016brovai i\u0161vys daug \u017einom\u0173 veid\u0173. Visi jie susivienys draug\u0117n d\u0117l bendro tikslo \u2013 miuziklo"}