{"version":"1.0","provider_name":"\u017durnalas Lietuv\u0117","provider_url":"https:\/\/lietuve.lt","title":"Rugs\u0117jo 1-oji Generolo Jono \u017demai\u010dio Lietuvos karo akademijoje - \u017durnalas Lietuv\u0117","type":"rich","width":600,"height":338,"html":"<blockquote class=\"wp-embedded-content\" data-secret=\"lr84gC4Wb8\"><a href=\"https:\/\/lietuve.lt\/rugsejo-1-oji-generolo-jono-zemaicio-lietuvos-karo-akademijoje\/\">Rugs\u0117jo 1-oji Generolo Jono \u017demai\u010dio Lietuvos karo akademijoje<\/a><\/blockquote><iframe sandbox=\"allow-scripts\" security=\"restricted\" src=\"https:\/\/lietuve.lt\/rugsejo-1-oji-generolo-jono-zemaicio-lietuvos-karo-akademijoje\/embed\/#?secret=lr84gC4Wb8\" width=\"600\" height=\"338\" title=\"&#8220;Rugs\u0117jo 1-oji Generolo Jono \u017demai\u010dio Lietuvos karo akademijoje&#8221; &#8212; \u017durnalas Lietuv\u0117\" data-secret=\"lr84gC4Wb8\" frameborder=\"0\" marginwidth=\"0\" marginheight=\"0\" scrolling=\"no\" class=\"wp-embedded-content\"><\/iframe><script type=\"text\/javascript\">\n\/* <![CDATA[ *\/\n\/*! This file is auto-generated *\/\n!function(d,l){\"use strict\";l.querySelector&&d.addEventListener&&\"undefined\"!=typeof URL&&(d.wp=d.wp||{},d.wp.receiveEmbedMessage||(d.wp.receiveEmbedMessage=function(e){var t=e.data;if((t||t.secret||t.message||t.value)&&!\/[^a-zA-Z0-9]\/.test(t.secret)){for(var s,r,n,a=l.querySelectorAll('iframe[data-secret=\"'+t.secret+'\"]'),o=l.querySelectorAll('blockquote[data-secret=\"'+t.secret+'\"]'),c=new RegExp(\"^https?:$\",\"i\"),i=0;i<o.length;i++)o[i].style.display=\"none\";for(i=0;i<a.length;i++)s=a[i],e.source===s.contentWindow&&(s.removeAttribute(\"style\"),\"height\"===t.message?(1e3<(r=parseInt(t.value,10))?r=1e3:~~r<200&&(r=200),s.height=r):\"link\"===t.message&&(r=new URL(s.getAttribute(\"src\")),n=new URL(t.value),c.test(n.protocol))&&n.host===r.host&&l.activeElement===s&&(d.top.location.href=t.value))}},d.addEventListener(\"message\",d.wp.receiveEmbedMessage,!1),l.addEventListener(\"DOMContentLoaded\",function(){for(var e,t,s=l.querySelectorAll(\"iframe.wp-embedded-content\"),r=0;r<s.length;r++)(t=(e=s[r]).getAttribute(\"data-secret\"))||(t=Math.random().toString(36).substring(2,12),e.src+=\"#?secret=\"+t,e.setAttribute(\"data-secret\",t)),e.contentWindow.postMessage({message:\"ready\",secret:t},\"*\")},!1)))}(window,document);\n\/\/# sourceURL=https:\/\/lietuve.lt\/wp-includes\/js\/wp-embed.min.js\n\/* ]]> *\/\n<\/script>\n","description":"Antradien\u012f, rugs\u0117jo 1 d., Lietuvos Respublikos Prezident\u0117 Dalia Grybauskait\u0117 dalyvavo Mokslo ir \u017eini\u0173 dienos \u0161vent\u0117je Generolo Jono \u017demai\u010dio Lietuvos karo akademijoje ir drauge su kariais paskelb\u0117 nauj\u0173j\u0173 mokslo met\u0173 prad\u017ei\u0105. I\u0161kilmingoje ceremonijoje taip pat buvo inauguruotas naujasis Generolo Jono \u017demai\u010dio Lietuvos karo akademijos vir\u0161ininkas pulkininkas Raimundas Matulis. Pasak Prezident\u0117s, atnaujinus privalom\u0105j\u0105 karo tarnyb\u0105 ir siekiant"}