{"version":"1.0","provider_name":"\u017durnalas Lietuv\u0117","provider_url":"https:\/\/lietuve.lt","title":"S. Skvernelis: \u201eKviesime pasaulio lietuvius \u012f talk\u0105\u201c - \u017durnalas Lietuv\u0117","type":"rich","width":600,"height":338,"html":"<blockquote class=\"wp-embedded-content\" data-secret=\"7diA4pWeJe\"><a href=\"https:\/\/lietuve.lt\/s-skvernelis-kviesime-pasaulio-lietuvius-i-talka\/\">S. Skvernelis: \u201eKviesime pasaulio lietuvius \u012f talk\u0105\u201c<\/a><\/blockquote><iframe sandbox=\"allow-scripts\" security=\"restricted\" src=\"https:\/\/lietuve.lt\/s-skvernelis-kviesime-pasaulio-lietuvius-i-talka\/embed\/#?secret=7diA4pWeJe\" width=\"600\" height=\"338\" title=\"&#8220;S. Skvernelis: \u201eKviesime pasaulio lietuvius \u012f talk\u0105\u201c&#8221; &#8212; \u017durnalas Lietuv\u0117\" data-secret=\"7diA4pWeJe\" frameborder=\"0\" marginwidth=\"0\" marginheight=\"0\" scrolling=\"no\" class=\"wp-embedded-content\"><\/iframe><script type=\"text\/javascript\">\n\/* <![CDATA[ *\/\n\/*! This file is auto-generated *\/\n!function(d,l){\"use strict\";l.querySelector&&d.addEventListener&&\"undefined\"!=typeof URL&&(d.wp=d.wp||{},d.wp.receiveEmbedMessage||(d.wp.receiveEmbedMessage=function(e){var t=e.data;if((t||t.secret||t.message||t.value)&&!\/[^a-zA-Z0-9]\/.test(t.secret)){for(var s,r,n,a=l.querySelectorAll('iframe[data-secret=\"'+t.secret+'\"]'),o=l.querySelectorAll('blockquote[data-secret=\"'+t.secret+'\"]'),c=new RegExp(\"^https?:$\",\"i\"),i=0;i<o.length;i++)o[i].style.display=\"none\";for(i=0;i<a.length;i++)s=a[i],e.source===s.contentWindow&&(s.removeAttribute(\"style\"),\"height\"===t.message?(1e3<(r=parseInt(t.value,10))?r=1e3:~~r<200&&(r=200),s.height=r):\"link\"===t.message&&(r=new URL(s.getAttribute(\"src\")),n=new URL(t.value),c.test(n.protocol))&&n.host===r.host&&l.activeElement===s&&(d.top.location.href=t.value))}},d.addEventListener(\"message\",d.wp.receiveEmbedMessage,!1),l.addEventListener(\"DOMContentLoaded\",function(){for(var e,t,s=l.querySelectorAll(\"iframe.wp-embedded-content\"),r=0;r<s.length;r++)(t=(e=s[r]).getAttribute(\"data-secret\"))||(t=Math.random().toString(36).substring(2,12),e.src+=\"#?secret=\"+t,e.setAttribute(\"data-secret\",t)),e.contentWindow.postMessage({message:\"ready\",secret:t},\"*\")},!1)))}(window,document);\n\/\/# sourceURL=https:\/\/lietuve.lt\/wp-includes\/js\/wp-embed.min.js\n\/* ]]> *\/\n<\/script>\n","thumbnail_url":"https:\/\/lietuve.lt\/wp-content\/uploads\/2018\/04\/1-121.jpg","thumbnail_width":852,"thumbnail_height":536,"description":"Vyriausyb\u0117 pasitarime pritar\u0117 priemon\u0117ms, kurios tur\u0117t\u0173 sutelkti Lietuvos diasporos profesionalus\u00a0 \u0161alies pa\u017eangai. \u012egyvendinant \u0161ias priemones, bus siekiama aktyvesnio Lietuvos ir jos diasporos bendradarbiavimo, didesnio u\u017esienio lietuvi\u0173 profesional\u0173 bei juos vienijan\u010di\u0173 organizacij\u0173 \u012fsitraukimo \u012f Lietuvos gyvenim\u0105.\u00a0\u00a0 \u201ePasaulyje gyvena ir kuria daug garsi\u0173 lietuvi\u0173 \u2013 savo srities profesional\u0173, kuri\u0173 \u012f\u017evalgos, patarimai mums labai svarb\u016bs. Mes ie\u0161kosime toki\u0173"}