{"version":"1.0","provider_name":"\u017durnalas Lietuv\u0117","provider_url":"https:\/\/lietuve.lt","title":"\u0160alies vadov\u0117: \u201e\u0160vietimo sistemos laukia poky\u010di\u0173 mokslo metai\u201c - \u017durnalas Lietuv\u0117","type":"rich","width":600,"height":338,"html":"<blockquote class=\"wp-embedded-content\" data-secret=\"0YJpmqLjSR\"><a href=\"https:\/\/lietuve.lt\/salies-vadove-svietimo-sistemos-laukia-pokyciu-mokslo-metai\/\">\u0160alies vadov\u0117: \u201e\u0160vietimo sistemos laukia poky\u010di\u0173 mokslo metai\u201c<\/a><\/blockquote><iframe sandbox=\"allow-scripts\" security=\"restricted\" src=\"https:\/\/lietuve.lt\/salies-vadove-svietimo-sistemos-laukia-pokyciu-mokslo-metai\/embed\/#?secret=0YJpmqLjSR\" width=\"600\" height=\"338\" title=\"&#8220;\u0160alies vadov\u0117: \u201e\u0160vietimo sistemos laukia poky\u010di\u0173 mokslo metai\u201c&#8221; &#8212; \u017durnalas Lietuv\u0117\" data-secret=\"0YJpmqLjSR\" frameborder=\"0\" marginwidth=\"0\" marginheight=\"0\" scrolling=\"no\" class=\"wp-embedded-content\"><\/iframe><script type=\"text\/javascript\">\n\/* <![CDATA[ *\/\n\/*! This file is auto-generated *\/\n!function(d,l){\"use strict\";l.querySelector&&d.addEventListener&&\"undefined\"!=typeof URL&&(d.wp=d.wp||{},d.wp.receiveEmbedMessage||(d.wp.receiveEmbedMessage=function(e){var t=e.data;if((t||t.secret||t.message||t.value)&&!\/[^a-zA-Z0-9]\/.test(t.secret)){for(var s,r,n,a=l.querySelectorAll('iframe[data-secret=\"'+t.secret+'\"]'),o=l.querySelectorAll('blockquote[data-secret=\"'+t.secret+'\"]'),c=new RegExp(\"^https?:$\",\"i\"),i=0;i<o.length;i++)o[i].style.display=\"none\";for(i=0;i<a.length;i++)s=a[i],e.source===s.contentWindow&&(s.removeAttribute(\"style\"),\"height\"===t.message?(1e3<(r=parseInt(t.value,10))?r=1e3:~~r<200&&(r=200),s.height=r):\"link\"===t.message&&(r=new URL(s.getAttribute(\"src\")),n=new URL(t.value),c.test(n.protocol))&&n.host===r.host&&l.activeElement===s&&(d.top.location.href=t.value))}},d.addEventListener(\"message\",d.wp.receiveEmbedMessage,!1),l.addEventListener(\"DOMContentLoaded\",function(){for(var e,t,s=l.querySelectorAll(\"iframe.wp-embedded-content\"),r=0;r<s.length;r++)(t=(e=s[r]).getAttribute(\"data-secret\"))||(t=Math.random().toString(36).substring(2,12),e.src+=\"#?secret=\"+t,e.setAttribute(\"data-secret\",t)),e.contentWindow.postMessage({message:\"ready\",secret:t},\"*\")},!1)))}(window,document);\n\/\/# sourceURL=https:\/\/lietuve.lt\/wp-includes\/js\/wp-embed.min.js\n\/* ]]> *\/\n<\/script>\n","thumbnail_url":"https:\/\/lietuve.lt\/wp-content\/uploads\/2017\/09\/5.jpg","thumbnail_width":800,"thumbnail_height":534,"description":"Prezident\u0117 Dalia Grybauskait\u0117 Mokslo ir \u017eini\u0173 dienos proga pasveikino sostin\u0117s Jono Basanavi\u010diaus progimnazijos moksleivius ir mokytojus, \u0161iemet minin\u010dius 20 met\u0173 sukakt\u012f, kai mokyklai buvo suteiktas Tautos patriarcho vardas. Prezident\u0117 atkreipia d\u0117mes\u012f, kad pasitinkant atkurtos valstyb\u0117s \u0161imtmet\u012f visos \u0161vietimo sistemos laukia dideli poky\u010diai siekiant naujos ugdymo kokyb\u0117s ir formuojant pa\u017eangios Lietuvos ateities visuomen\u0119. Jono Basanavi\u010diaus progimnazijoje"}