{"version":"1.0","provider_name":"\u017durnalas Lietuv\u0117","provider_url":"https:\/\/lietuve.lt","title":"\u0160ar\u016bnas Jasikevi\u010dius: \u201eNuo mano vaikyst\u0117s Kaunas labai pasikeit\u0117\u201c - \u017durnalas Lietuv\u0117","type":"rich","width":600,"height":338,"html":"<blockquote class=\"wp-embedded-content\" data-secret=\"safcIC6976\"><a href=\"https:\/\/lietuve.lt\/sarunas-jasikevicius-nuo-mano-vaikystes-kaunas-labai-pasikeite\/\">\u0160ar\u016bnas Jasikevi\u010dius: \u201eNuo mano vaikyst\u0117s Kaunas labai pasikeit\u0117\u201c<\/a><\/blockquote><iframe sandbox=\"allow-scripts\" security=\"restricted\" src=\"https:\/\/lietuve.lt\/sarunas-jasikevicius-nuo-mano-vaikystes-kaunas-labai-pasikeite\/embed\/#?secret=safcIC6976\" width=\"600\" height=\"338\" title=\"&#8220;\u0160ar\u016bnas Jasikevi\u010dius: \u201eNuo mano vaikyst\u0117s Kaunas labai pasikeit\u0117\u201c&#8221; &#8212; \u017durnalas Lietuv\u0117\" data-secret=\"safcIC6976\" frameborder=\"0\" marginwidth=\"0\" marginheight=\"0\" scrolling=\"no\" class=\"wp-embedded-content\"><\/iframe><script type=\"text\/javascript\">\n\/* <![CDATA[ *\/\n\/*! This file is auto-generated *\/\n!function(d,l){\"use strict\";l.querySelector&&d.addEventListener&&\"undefined\"!=typeof URL&&(d.wp=d.wp||{},d.wp.receiveEmbedMessage||(d.wp.receiveEmbedMessage=function(e){var t=e.data;if((t||t.secret||t.message||t.value)&&!\/[^a-zA-Z0-9]\/.test(t.secret)){for(var s,r,n,a=l.querySelectorAll('iframe[data-secret=\"'+t.secret+'\"]'),o=l.querySelectorAll('blockquote[data-secret=\"'+t.secret+'\"]'),c=new RegExp(\"^https?:$\",\"i\"),i=0;i<o.length;i++)o[i].style.display=\"none\";for(i=0;i<a.length;i++)s=a[i],e.source===s.contentWindow&&(s.removeAttribute(\"style\"),\"height\"===t.message?(1e3<(r=parseInt(t.value,10))?r=1e3:~~r<200&&(r=200),s.height=r):\"link\"===t.message&&(r=new URL(s.getAttribute(\"src\")),n=new URL(t.value),c.test(n.protocol))&&n.host===r.host&&l.activeElement===s&&(d.top.location.href=t.value))}},d.addEventListener(\"message\",d.wp.receiveEmbedMessage,!1),l.addEventListener(\"DOMContentLoaded\",function(){for(var e,t,s=l.querySelectorAll(\"iframe.wp-embedded-content\"),r=0;r<s.length;r++)(t=(e=s[r]).getAttribute(\"data-secret\"))||(t=Math.random().toString(36).substring(2,12),e.src+=\"#?secret=\"+t,e.setAttribute(\"data-secret\",t)),e.contentWindow.postMessage({message:\"ready\",secret:t},\"*\")},!1)))}(window,document);\n\/\/# sourceURL=https:\/\/lietuve.lt\/wp-includes\/js\/wp-embed.min.js\n\/* ]]> *\/\n<\/script>\n","thumbnail_url":"https:\/\/lietuve.lt\/wp-content\/uploads\/2016\/02\/Sarunas-Jasikevicius-2-1-990x557.jpg","thumbnail_width":990,"thumbnail_height":557,"description":"Kaune gim\u0119s ir aug\u0119s \u201e\u017dalgirio\u201c vyriausiasis treneris \u0160ar\u016bnas Jasikevi\u010dius prie\u0161 kelerius metus po ilg\u0173 klajoni\u0173 po u\u017esien\u012f sugr\u012f\u017eo namo. Atviras pokalbis su vienu garsiausi\u0173 \u0161alies krep\u0161inink\u0173 apie poky\u010dius mieste, mieliausias Kauno vietas ir sprendim\u0105 ra\u0161yti autobiografin\u0119 knyg\u0105. Koks J\u016bs\u0173 santykis su Kauno miestu? Kaune gimiau ir augau. Jame yra gerai, nes viskas pa\u017e\u012fstama. Kai turiu"}