{"version":"1.0","provider_name":"\u017durnalas Lietuv\u0117","provider_url":"https:\/\/lietuve.lt","title":"\u0160ar\u016bnui Jasikevi\u010diui ketinama suteikti Kauno miesto garb\u0117s pilie\u010dio vard\u0105 - \u017durnalas Lietuv\u0117","type":"rich","width":600,"height":338,"html":"<blockquote class=\"wp-embedded-content\" data-secret=\"knYsNwtpyE\"><a href=\"https:\/\/lietuve.lt\/sarunui-jasikeviciui-ketinama-suteikti-kauno-miesto-garbes-piliecio-varda\/\">\u0160ar\u016bnui Jasikevi\u010diui ketinama suteikti Kauno miesto garb\u0117s pilie\u010dio vard\u0105<\/a><\/blockquote><iframe sandbox=\"allow-scripts\" security=\"restricted\" src=\"https:\/\/lietuve.lt\/sarunui-jasikeviciui-ketinama-suteikti-kauno-miesto-garbes-piliecio-varda\/embed\/#?secret=knYsNwtpyE\" width=\"600\" height=\"338\" title=\"&#8220;\u0160ar\u016bnui Jasikevi\u010diui ketinama suteikti Kauno miesto garb\u0117s pilie\u010dio vard\u0105&#8221; &#8212; \u017durnalas Lietuv\u0117\" data-secret=\"knYsNwtpyE\" frameborder=\"0\" marginwidth=\"0\" marginheight=\"0\" scrolling=\"no\" class=\"wp-embedded-content\"><\/iframe><script type=\"text\/javascript\">\n\/* <![CDATA[ *\/\n\/*! This file is auto-generated *\/\n!function(d,l){\"use strict\";l.querySelector&&d.addEventListener&&\"undefined\"!=typeof URL&&(d.wp=d.wp||{},d.wp.receiveEmbedMessage||(d.wp.receiveEmbedMessage=function(e){var t=e.data;if((t||t.secret||t.message||t.value)&&!\/[^a-zA-Z0-9]\/.test(t.secret)){for(var s,r,n,a=l.querySelectorAll('iframe[data-secret=\"'+t.secret+'\"]'),o=l.querySelectorAll('blockquote[data-secret=\"'+t.secret+'\"]'),c=new RegExp(\"^https?:$\",\"i\"),i=0;i<o.length;i++)o[i].style.display=\"none\";for(i=0;i<a.length;i++)s=a[i],e.source===s.contentWindow&&(s.removeAttribute(\"style\"),\"height\"===t.message?(1e3<(r=parseInt(t.value,10))?r=1e3:~~r<200&&(r=200),s.height=r):\"link\"===t.message&&(r=new URL(s.getAttribute(\"src\")),n=new URL(t.value),c.test(n.protocol))&&n.host===r.host&&l.activeElement===s&&(d.top.location.href=t.value))}},d.addEventListener(\"message\",d.wp.receiveEmbedMessage,!1),l.addEventListener(\"DOMContentLoaded\",function(){for(var e,t,s=l.querySelectorAll(\"iframe.wp-embedded-content\"),r=0;r<s.length;r++)(t=(e=s[r]).getAttribute(\"data-secret\"))||(t=Math.random().toString(36).substring(2,12),e.src+=\"#?secret=\"+t,e.setAttribute(\"data-secret\",t)),e.contentWindow.postMessage({message:\"ready\",secret:t},\"*\")},!1)))}(window,document);\n\/\/# sourceURL=https:\/\/lietuve.lt\/wp-includes\/js\/wp-embed.min.js\n\/* ]]> *\/\n<\/script>\n","thumbnail_url":"https:\/\/lietuve.lt\/wp-content\/uploads\/2018\/04\/1-134.jpg","thumbnail_width":990,"thumbnail_height":529,"description":"Kauno \u201e\u017dalgirio\u201c vyriausi\u0105j\u012f trener\u012f \u0160ar\u016bn\u0105 Jasikevi\u010di\u0173 si\u016bloma paskelbti Kauno miesto garb\u0117s pilie\u010diu. Tok\u012f si\u016blym\u0105 \u0161ios savait\u0117s prad\u017eioje pateik\u0117 Kauno meras Visvaldas Matijo\u0161aitis. \u201e\u0160ar\u016bnas \u012frod\u0117, kad did\u017eiausios pergal\u0117s i\u0161kovojamos ne tada, kai turi piln\u0105 pinigin\u0119, o tada, kai turi didel\u0119 \u0161ird\u012f. Bet Kauno garb\u0117s pilie\u010diais \u017emon\u0117s skelbiami ne u\u017e pergales krep\u0161inio aik\u0161tel\u0117se, o u\u017e tai, kokie"}