{"version":"1.0","provider_name":"\u017durnalas Lietuv\u0117","provider_url":"https:\/\/lietuve.lt","title":"Sausio 13-oji Alytuje: laisv\u0117s dainos ir vieningi alyti\u0161kiai - \u017durnalas Lietuv\u0117","type":"rich","width":600,"height":338,"html":"<blockquote class=\"wp-embedded-content\" data-secret=\"UZwFJhJwmO\"><a href=\"https:\/\/lietuve.lt\/sausio-13-oji-alytuje-laisves-dainos-ir-vieningi-alytiskiai\/\">Sausio 13-oji Alytuje: laisv\u0117s dainos ir vieningi alyti\u0161kiai<\/a><\/blockquote><iframe sandbox=\"allow-scripts\" security=\"restricted\" src=\"https:\/\/lietuve.lt\/sausio-13-oji-alytuje-laisves-dainos-ir-vieningi-alytiskiai\/embed\/#?secret=UZwFJhJwmO\" width=\"600\" height=\"338\" title=\"&#8220;Sausio 13-oji Alytuje: laisv\u0117s dainos ir vieningi alyti\u0161kiai&#8221; &#8212; \u017durnalas Lietuv\u0117\" data-secret=\"UZwFJhJwmO\" frameborder=\"0\" marginwidth=\"0\" marginheight=\"0\" scrolling=\"no\" class=\"wp-embedded-content\"><\/iframe><script type=\"text\/javascript\">\n\/* <![CDATA[ *\/\n\/*! This file is auto-generated *\/\n!function(d,l){\"use strict\";l.querySelector&&d.addEventListener&&\"undefined\"!=typeof URL&&(d.wp=d.wp||{},d.wp.receiveEmbedMessage||(d.wp.receiveEmbedMessage=function(e){var t=e.data;if((t||t.secret||t.message||t.value)&&!\/[^a-zA-Z0-9]\/.test(t.secret)){for(var s,r,n,a=l.querySelectorAll('iframe[data-secret=\"'+t.secret+'\"]'),o=l.querySelectorAll('blockquote[data-secret=\"'+t.secret+'\"]'),c=new RegExp(\"^https?:$\",\"i\"),i=0;i<o.length;i++)o[i].style.display=\"none\";for(i=0;i<a.length;i++)s=a[i],e.source===s.contentWindow&&(s.removeAttribute(\"style\"),\"height\"===t.message?(1e3<(r=parseInt(t.value,10))?r=1e3:~~r<200&&(r=200),s.height=r):\"link\"===t.message&&(r=new URL(s.getAttribute(\"src\")),n=new URL(t.value),c.test(n.protocol))&&n.host===r.host&&l.activeElement===s&&(d.top.location.href=t.value))}},d.addEventListener(\"message\",d.wp.receiveEmbedMessage,!1),l.addEventListener(\"DOMContentLoaded\",function(){for(var e,t,s=l.querySelectorAll(\"iframe.wp-embedded-content\"),r=0;r<s.length;r++)(t=(e=s[r]).getAttribute(\"data-secret\"))||(t=Math.random().toString(36).substring(2,12),e.src+=\"#?secret=\"+t,e.setAttribute(\"data-secret\",t)),e.contentWindow.postMessage({message:\"ready\",secret:t},\"*\")},!1)))}(window,document);\n\/\/# sourceURL=https:\/\/lietuve.lt\/wp-includes\/js\/wp-embed.min.js\n\/* ]]> *\/\n<\/script>\n","description":"Alytaus miesto sode alyti\u0161kiai visi drauge prisimin\u0117 tragi\u0161kus Sausio 13-osios \u012fvykius ir viening\u0105 kov\u0105 u\u017e laisv\u0119. I\u0161k\u0117l\u0119 Lietuvos v\u0117liav\u0117les \u012f dang\u0173 kartu dainavo laisv\u0117s dainas, susirinkusiems daug emocij\u0173 suk\u0117l\u0117 Alytaus ,,Volung\u0117s\u201c pagrindin\u0117s mokyklos mokini\u0173 menin\u0117 kompozicija, Alytaus miesto mero Vytauto Grigaravi\u010diaus 1991m. sausio 13 d. prisiminimai. \u201eMielieji, atrodo, taip seniai buvo \u0161ie \u012fvykiai, juk nepriklausomai"}