{"version":"1.0","provider_name":"\u017durnalas Lietuv\u0117","provider_url":"https:\/\/lietuve.lt","title":"Seimas prad\u0117jo svarstyti pataisas, pad\u0117sian\u010dias kovoti su mobingu darbe - \u017durnalas Lietuv\u0117","type":"rich","width":600,"height":338,"html":"<blockquote class=\"wp-embedded-content\" data-secret=\"F3qK1vVhx9\"><a href=\"https:\/\/lietuve.lt\/seimas-pradejo-svarstyti-pataisas-padesiancias-kovoti-su-mobingu-darbe\/\">Seimas prad\u0117jo svarstyti pataisas, pad\u0117sian\u010dias kovoti su mobingu darbe<\/a><\/blockquote><iframe sandbox=\"allow-scripts\" security=\"restricted\" src=\"https:\/\/lietuve.lt\/seimas-pradejo-svarstyti-pataisas-padesiancias-kovoti-su-mobingu-darbe\/embed\/#?secret=F3qK1vVhx9\" width=\"600\" height=\"338\" title=\"&#8220;Seimas prad\u0117jo svarstyti pataisas, pad\u0117sian\u010dias kovoti su mobingu darbe&#8221; &#8212; \u017durnalas Lietuv\u0117\" data-secret=\"F3qK1vVhx9\" frameborder=\"0\" marginwidth=\"0\" marginheight=\"0\" scrolling=\"no\" class=\"wp-embedded-content\"><\/iframe><script type=\"text\/javascript\">\n\/* <![CDATA[ *\/\n\/*! This file is auto-generated *\/\n!function(d,l){\"use strict\";l.querySelector&&d.addEventListener&&\"undefined\"!=typeof URL&&(d.wp=d.wp||{},d.wp.receiveEmbedMessage||(d.wp.receiveEmbedMessage=function(e){var t=e.data;if((t||t.secret||t.message||t.value)&&!\/[^a-zA-Z0-9]\/.test(t.secret)){for(var s,r,n,a=l.querySelectorAll('iframe[data-secret=\"'+t.secret+'\"]'),o=l.querySelectorAll('blockquote[data-secret=\"'+t.secret+'\"]'),c=new RegExp(\"^https?:$\",\"i\"),i=0;i<o.length;i++)o[i].style.display=\"none\";for(i=0;i<a.length;i++)s=a[i],e.source===s.contentWindow&&(s.removeAttribute(\"style\"),\"height\"===t.message?(1e3<(r=parseInt(t.value,10))?r=1e3:~~r<200&&(r=200),s.height=r):\"link\"===t.message&&(r=new URL(s.getAttribute(\"src\")),n=new URL(t.value),c.test(n.protocol))&&n.host===r.host&&l.activeElement===s&&(d.top.location.href=t.value))}},d.addEventListener(\"message\",d.wp.receiveEmbedMessage,!1),l.addEventListener(\"DOMContentLoaded\",function(){for(var e,t,s=l.querySelectorAll(\"iframe.wp-embedded-content\"),r=0;r<s.length;r++)(t=(e=s[r]).getAttribute(\"data-secret\"))||(t=Math.random().toString(36).substring(2,12),e.src+=\"#?secret=\"+t,e.setAttribute(\"data-secret\",t)),e.contentWindow.postMessage({message:\"ready\",secret:t},\"*\")},!1)))}(window,document);\n\/\/# sourceURL=https:\/\/lietuve.lt\/wp-includes\/js\/wp-embed.min.js\n\/* ]]> *\/\n<\/script>\n","thumbnail_url":"https:\/\/lietuve.lt\/wp-content\/uploads\/2022\/04\/1-12.jpg","thumbnail_width":800,"thumbnail_height":533,"description":"Seimas prad\u0117jo svarstyti socialin\u0117s apsaugos ir darbo ministr\u0117s Monikos Navickien\u0117s pristatytas Darbo kodekso pataisas, kuriomis si\u016bloma kodekse apibr\u0117\u017eti smurt\u0105 ir priekabiavim\u0105 darbe, \u012fskaitant psichologin\u012f smurt\u0105 bei smurt\u0105 ir priekabiavim\u0105 d\u0117l lyties. Pasak ministr\u0117s, \u0161iais pakeitimais yra reaguojama \u012f ilg\u0105 laik\u0105 nespr\u0119st\u0105 mobingo, psichologinio smurto ir psichosocialin\u0117s aplinkos darbe problem\u0105. \u201ePra\u0117jusiais metais tur\u0117jome li\u016bdn\u0173 ir tragi\u0161k\u0173"}