{"version":"1.0","provider_name":"\u017durnalas Lietuv\u0117","provider_url":"https:\/\/lietuve.lt","title":"Seimas svarstys si\u016blym\u0105 didinti \u0161auktini\u0173 ir kari\u016bn\u0173 skai\u010di\u0173 - \u017durnalas Lietuv\u0117","type":"rich","width":600,"height":338,"html":"<blockquote class=\"wp-embedded-content\" data-secret=\"nmM2HKWJWL\"><a href=\"https:\/\/lietuve.lt\/seimas-svarstys-siulyma-didinti-sauktiniu-ir-kariunu-skaiciu\/\">Seimas svarstys si\u016blym\u0105 didinti \u0161auktini\u0173 ir kari\u016bn\u0173 skai\u010di\u0173<\/a><\/blockquote><iframe sandbox=\"allow-scripts\" security=\"restricted\" src=\"https:\/\/lietuve.lt\/seimas-svarstys-siulyma-didinti-sauktiniu-ir-kariunu-skaiciu\/embed\/#?secret=nmM2HKWJWL\" width=\"600\" height=\"338\" title=\"&#8220;Seimas svarstys si\u016blym\u0105 didinti \u0161auktini\u0173 ir kari\u016bn\u0173 skai\u010di\u0173&#8221; &#8212; \u017durnalas Lietuv\u0117\" data-secret=\"nmM2HKWJWL\" frameborder=\"0\" marginwidth=\"0\" marginheight=\"0\" scrolling=\"no\" class=\"wp-embedded-content\"><\/iframe><script type=\"text\/javascript\">\n\/* <![CDATA[ *\/\n\/*! This file is auto-generated *\/\n!function(d,l){\"use strict\";l.querySelector&&d.addEventListener&&\"undefined\"!=typeof URL&&(d.wp=d.wp||{},d.wp.receiveEmbedMessage||(d.wp.receiveEmbedMessage=function(e){var t=e.data;if((t||t.secret||t.message||t.value)&&!\/[^a-zA-Z0-9]\/.test(t.secret)){for(var s,r,n,a=l.querySelectorAll('iframe[data-secret=\"'+t.secret+'\"]'),o=l.querySelectorAll('blockquote[data-secret=\"'+t.secret+'\"]'),c=new RegExp(\"^https?:$\",\"i\"),i=0;i<o.length;i++)o[i].style.display=\"none\";for(i=0;i<a.length;i++)s=a[i],e.source===s.contentWindow&&(s.removeAttribute(\"style\"),\"height\"===t.message?(1e3<(r=parseInt(t.value,10))?r=1e3:~~r<200&&(r=200),s.height=r):\"link\"===t.message&&(r=new URL(s.getAttribute(\"src\")),n=new URL(t.value),c.test(n.protocol))&&n.host===r.host&&l.activeElement===s&&(d.top.location.href=t.value))}},d.addEventListener(\"message\",d.wp.receiveEmbedMessage,!1),l.addEventListener(\"DOMContentLoaded\",function(){for(var e,t,s=l.querySelectorAll(\"iframe.wp-embedded-content\"),r=0;r<s.length;r++)(t=(e=s[r]).getAttribute(\"data-secret\"))||(t=Math.random().toString(36).substring(2,12),e.src+=\"#?secret=\"+t,e.setAttribute(\"data-secret\",t)),e.contentWindow.postMessage({message:\"ready\",secret:t},\"*\")},!1)))}(window,document);\n\/\/# sourceURL=https:\/\/lietuve.lt\/wp-includes\/js\/wp-embed.min.js\n\/* ]]> *\/\n<\/script>\n","thumbnail_url":"https:\/\/lietuve.lt\/wp-content\/uploads\/2022\/04\/Lietuvos-kariuomenes-nuotr..jpg","thumbnail_width":792,"thumbnail_height":528,"description":"Seimas prad\u0117jo svarstyti kra\u0161to apsaugos ministro Arvydo Anu\u0161ausko pristatytus \u012fstatymo pakeitimus, kuriais si\u016bloma didinti \u0161aukiam\u0173 \u012f nuolatin\u0119 privalom\u0105j\u0105 pradin\u0119 karo tarnyb\u0105 kari\u0173, taip pat Karo akademijos kari\u016bn\u0173 ir Lietuvos kariuomen\u0117s civili\u0173 darbuotoj\u0173 ribinius skai\u010dius. Pagal teikiamas pataisas, \u0161aukiam\u0173 \u012f nuolatin\u0119 privalom\u0105j\u0105 pradin\u0119 karo tarnyb\u0105 kari\u0173 skai\u010diaus ribos siekt\u0173 nuo 3400 iki 4400 (\u0161iuo metu \u2013"}