{"version":"1.0","provider_name":"\u017durnalas Lietuv\u0117","provider_url":"https:\/\/lietuve.lt","title":"Sekmadien\u012f Verki\u0173 regioniniame parke \u2013 dvira\u010di\u0173 \u017eygis - \u017durnalas Lietuv\u0117","type":"rich","width":600,"height":338,"html":"<blockquote class=\"wp-embedded-content\" data-secret=\"DW2FjQTeMS\"><a href=\"https:\/\/lietuve.lt\/sekmadieni-verkiu-regioniniame-parke-dviraciu-zygis\/\">Sekmadien\u012f Verki\u0173 regioniniame parke \u2013 dvira\u010di\u0173 \u017eygis<\/a><\/blockquote><iframe sandbox=\"allow-scripts\" security=\"restricted\" src=\"https:\/\/lietuve.lt\/sekmadieni-verkiu-regioniniame-parke-dviraciu-zygis\/embed\/#?secret=DW2FjQTeMS\" width=\"600\" height=\"338\" title=\"&#8220;Sekmadien\u012f Verki\u0173 regioniniame parke \u2013 dvira\u010di\u0173 \u017eygis&#8221; &#8212; \u017durnalas Lietuv\u0117\" data-secret=\"DW2FjQTeMS\" frameborder=\"0\" marginwidth=\"0\" marginheight=\"0\" scrolling=\"no\" class=\"wp-embedded-content\"><\/iframe><script type=\"text\/javascript\">\n\/* <![CDATA[ *\/\n\/*! This file is auto-generated *\/\n!function(d,l){\"use strict\";l.querySelector&&d.addEventListener&&\"undefined\"!=typeof URL&&(d.wp=d.wp||{},d.wp.receiveEmbedMessage||(d.wp.receiveEmbedMessage=function(e){var t=e.data;if((t||t.secret||t.message||t.value)&&!\/[^a-zA-Z0-9]\/.test(t.secret)){for(var s,r,n,a=l.querySelectorAll('iframe[data-secret=\"'+t.secret+'\"]'),o=l.querySelectorAll('blockquote[data-secret=\"'+t.secret+'\"]'),c=new RegExp(\"^https?:$\",\"i\"),i=0;i<o.length;i++)o[i].style.display=\"none\";for(i=0;i<a.length;i++)s=a[i],e.source===s.contentWindow&&(s.removeAttribute(\"style\"),\"height\"===t.message?(1e3<(r=parseInt(t.value,10))?r=1e3:~~r<200&&(r=200),s.height=r):\"link\"===t.message&&(r=new URL(s.getAttribute(\"src\")),n=new URL(t.value),c.test(n.protocol))&&n.host===r.host&&l.activeElement===s&&(d.top.location.href=t.value))}},d.addEventListener(\"message\",d.wp.receiveEmbedMessage,!1),l.addEventListener(\"DOMContentLoaded\",function(){for(var e,t,s=l.querySelectorAll(\"iframe.wp-embedded-content\"),r=0;r<s.length;r++)(t=(e=s[r]).getAttribute(\"data-secret\"))||(t=Math.random().toString(36).substring(2,12),e.src+=\"#?secret=\"+t,e.setAttribute(\"data-secret\",t)),e.contentWindow.postMessage({message:\"ready\",secret:t},\"*\")},!1)))}(window,document);\n\/\/# sourceURL=https:\/\/lietuve.lt\/wp-includes\/js\/wp-embed.min.js\n\/* ]]> *\/\n<\/script>\n","description":"\u00a0Kaip ir kiekvien\u0105 vasar\u0105, visi norintieji kvie\u010diami \u012f dvira\u010di\u0173 \u017eyg\u012f po gra\u017ei\u0105sias Verki\u0173 regioninio parko teritorijas \u2013 E\u017eer\u0117li\u0173 geomorfologin\u012f ir \u017dali\u0173j\u0173 e\u017eer\u0173 kra\u0161tovaizd\u017eio draustinius, Verki\u0173 dvaro park\u0105. \u017dygis vyks sekmadien\u012f, rugpj\u016b\u010dio 16 d., 14.00 val. \u017dygio dalyviai rinksis prie regionini\u0173 park\u0173 direkcijos pastato (\u017dali\u0173j\u0173 E\u017eer\u0173 g. 53). Keliaujama nuosavais dvira\u010diais, arba galima i\u0161sinuomoti direkcijos dvirat\u012f"}