{"version":"1.0","provider_name":"\u017durnalas Lietuv\u0117","provider_url":"https:\/\/lietuve.lt","title":"Sered\u017eiuje mokiniai teig\u0117, kad reikia mokytis kalb\u0173 - \u017durnalas Lietuv\u0117","type":"rich","width":600,"height":338,"html":"<blockquote class=\"wp-embedded-content\" data-secret=\"UaAWsUtWl5\"><a href=\"https:\/\/lietuve.lt\/seredziuje-mokiniai-teige-kad-reikia-mokytis-kalbu\/\">Sered\u017eiuje mokiniai teig\u0117, kad reikia mokytis kalb\u0173<\/a><\/blockquote><iframe sandbox=\"allow-scripts\" security=\"restricted\" src=\"https:\/\/lietuve.lt\/seredziuje-mokiniai-teige-kad-reikia-mokytis-kalbu\/embed\/#?secret=UaAWsUtWl5\" width=\"600\" height=\"338\" title=\"&#8220;Sered\u017eiuje mokiniai teig\u0117, kad reikia mokytis kalb\u0173&#8221; &#8212; \u017durnalas Lietuv\u0117\" data-secret=\"UaAWsUtWl5\" frameborder=\"0\" marginwidth=\"0\" marginheight=\"0\" scrolling=\"no\" class=\"wp-embedded-content\"><\/iframe><script type=\"text\/javascript\">\n\/* <![CDATA[ *\/\n\/*! This file is auto-generated *\/\n!function(d,l){\"use strict\";l.querySelector&&d.addEventListener&&\"undefined\"!=typeof URL&&(d.wp=d.wp||{},d.wp.receiveEmbedMessage||(d.wp.receiveEmbedMessage=function(e){var t=e.data;if((t||t.secret||t.message||t.value)&&!\/[^a-zA-Z0-9]\/.test(t.secret)){for(var s,r,n,a=l.querySelectorAll('iframe[data-secret=\"'+t.secret+'\"]'),o=l.querySelectorAll('blockquote[data-secret=\"'+t.secret+'\"]'),c=new RegExp(\"^https?:$\",\"i\"),i=0;i<o.length;i++)o[i].style.display=\"none\";for(i=0;i<a.length;i++)s=a[i],e.source===s.contentWindow&&(s.removeAttribute(\"style\"),\"height\"===t.message?(1e3<(r=parseInt(t.value,10))?r=1e3:~~r<200&&(r=200),s.height=r):\"link\"===t.message&&(r=new URL(s.getAttribute(\"src\")),n=new URL(t.value),c.test(n.protocol))&&n.host===r.host&&l.activeElement===s&&(d.top.location.href=t.value))}},d.addEventListener(\"message\",d.wp.receiveEmbedMessage,!1),l.addEventListener(\"DOMContentLoaded\",function(){for(var e,t,s=l.querySelectorAll(\"iframe.wp-embedded-content\"),r=0;r<s.length;r++)(t=(e=s[r]).getAttribute(\"data-secret\"))||(t=Math.random().toString(36).substring(2,12),e.src+=\"#?secret=\"+t,e.setAttribute(\"data-secret\",t)),e.contentWindow.postMessage({message:\"ready\",secret:t},\"*\")},!1)))}(window,document);\n\/\/# sourceURL=https:\/\/lietuve.lt\/wp-includes\/js\/wp-embed.min.js\n\/* ]]> *\/\n<\/script>\n","description":"Rugs\u0117jo 25 dien\u0105 Sered\u017eiaus Stasio \u0160imkaus pagrindin\u0117je mokykloje buvo pamin\u0117ta Europos kalb\u0173 diena. \u0160ios dienos tikslas \u2013 skatinti kalb\u0173 mokymosi \u012fvairov\u0119, ugdyti pagarb\u0105 visoms Europos kalboms. Vis\u0173 klasi\u0173 mokiniams pamok\u0173 metu buvo parodytos skaidr\u0117s apie Europos kalbas. \u0160e\u0161tos ir septintos klasi\u0173 mokiniams vyko integruotos rus\u0173 (mokytoja Daiva Mork\u016bnien\u0117) ir angl\u0173 kalbos (mokytoja Irena \u0160tyk) pamokos,","thumbnail_url":"http:\/\/lietuve.lt\/wp-content\/uploads\/2013\/10\/k-P1030974.jpg"}