{"version":"1.0","provider_name":"\u017durnalas Lietuv\u0117","provider_url":"https:\/\/lietuve.lt","title":"\u0160\u012f savaitgal\u012f \u2013 Druskinink\u0173 vasaros sezono u\u017edarymo \u0161vent\u0117 - \u017durnalas Lietuv\u0117","type":"rich","width":600,"height":338,"html":"<blockquote class=\"wp-embedded-content\" data-secret=\"4cGZqDuKnD\"><a href=\"https:\/\/lietuve.lt\/si-savaitgali-druskininku-vasaros-sezono-uzdarymo-svente\/\">\u0160\u012f savaitgal\u012f \u2013 Druskinink\u0173 vasaros sezono u\u017edarymo \u0161vent\u0117<\/a><\/blockquote><iframe sandbox=\"allow-scripts\" security=\"restricted\" src=\"https:\/\/lietuve.lt\/si-savaitgali-druskininku-vasaros-sezono-uzdarymo-svente\/embed\/#?secret=4cGZqDuKnD\" width=\"600\" height=\"338\" title=\"&#8220;\u0160\u012f savaitgal\u012f \u2013 Druskinink\u0173 vasaros sezono u\u017edarymo \u0161vent\u0117&#8221; &#8212; \u017durnalas Lietuv\u0117\" data-secret=\"4cGZqDuKnD\" frameborder=\"0\" marginwidth=\"0\" marginheight=\"0\" scrolling=\"no\" class=\"wp-embedded-content\"><\/iframe><script type=\"text\/javascript\">\n\/* <![CDATA[ *\/\n\/*! This file is auto-generated *\/\n!function(d,l){\"use strict\";l.querySelector&&d.addEventListener&&\"undefined\"!=typeof URL&&(d.wp=d.wp||{},d.wp.receiveEmbedMessage||(d.wp.receiveEmbedMessage=function(e){var t=e.data;if((t||t.secret||t.message||t.value)&&!\/[^a-zA-Z0-9]\/.test(t.secret)){for(var s,r,n,a=l.querySelectorAll('iframe[data-secret=\"'+t.secret+'\"]'),o=l.querySelectorAll('blockquote[data-secret=\"'+t.secret+'\"]'),c=new RegExp(\"^https?:$\",\"i\"),i=0;i<o.length;i++)o[i].style.display=\"none\";for(i=0;i<a.length;i++)s=a[i],e.source===s.contentWindow&&(s.removeAttribute(\"style\"),\"height\"===t.message?(1e3<(r=parseInt(t.value,10))?r=1e3:~~r<200&&(r=200),s.height=r):\"link\"===t.message&&(r=new URL(s.getAttribute(\"src\")),n=new URL(t.value),c.test(n.protocol))&&n.host===r.host&&l.activeElement===s&&(d.top.location.href=t.value))}},d.addEventListener(\"message\",d.wp.receiveEmbedMessage,!1),l.addEventListener(\"DOMContentLoaded\",function(){for(var e,t,s=l.querySelectorAll(\"iframe.wp-embedded-content\"),r=0;r<s.length;r++)(t=(e=s[r]).getAttribute(\"data-secret\"))||(t=Math.random().toString(36).substring(2,12),e.src+=\"#?secret=\"+t,e.setAttribute(\"data-secret\",t)),e.contentWindow.postMessage({message:\"ready\",secret:t},\"*\")},!1)))}(window,document);\n\/\/# sourceURL=https:\/\/lietuve.lt\/wp-includes\/js\/wp-embed.min.js\n\/* ]]> *\/\n<\/script>\n","description":"\u0160\u012f savaitgal\u012f, rugpj\u016b\u010dio 22\u201323 dienomis, Druskininkai kvie\u010dia \u012f vasaros sezono u\u017edarymo \u0161vent\u0119 \u201eVasaros aidai\u201c. Kalendorin\u0117s vasaros pabaig\u0105 kurorte \u0161iais metais pa\u017eym\u0117s Drakono val\u010di\u0173 var\u017eybos, Dainavos kra\u0161to folkloro \u0161vent\u0117, Tautodail\u0117s dirbini\u0173 ir amat\u0173\u00a0 mug\u0117 bei daug smagi\u0173 pramog\u0173. Pasak Druskinink\u0173 savivaldyb\u0117s mero Ri\u010dardo Malinausko, kalendorin\u0117s vasaros sezono u\u017edarymas yra daugiau simbolinis, nes Druskininkuose sezonas niekada nesibaigia,"}