{"version":"1.0","provider_name":"\u017durnalas Lietuv\u0117","provider_url":"https:\/\/lietuve.lt","title":"Simboliniu m\u016b\u0161iu prasid\u0117jo \u0160iauli\u0173 jubiliejiniai metai  - \u017durnalas Lietuv\u0117","type":"rich","width":600,"height":338,"html":"<blockquote class=\"wp-embedded-content\" data-secret=\"10TYUSbSo3\"><a href=\"https:\/\/lietuve.lt\/simboliniu-musiu-prasidejo-siauliu-jubiliejiniai-metai\/\">Simboliniu m\u016b\u0161iu prasid\u0117jo \u0160iauli\u0173 jubiliejiniai metai<\/a><\/blockquote><iframe sandbox=\"allow-scripts\" security=\"restricted\" src=\"https:\/\/lietuve.lt\/simboliniu-musiu-prasidejo-siauliu-jubiliejiniai-metai\/embed\/#?secret=10TYUSbSo3\" width=\"600\" height=\"338\" title=\"&#8220;Simboliniu m\u016b\u0161iu prasid\u0117jo \u0160iauli\u0173 jubiliejiniai metai&#8221; &#8212; \u017durnalas Lietuv\u0117\" data-secret=\"10TYUSbSo3\" frameborder=\"0\" marginwidth=\"0\" marginheight=\"0\" scrolling=\"no\" class=\"wp-embedded-content\"><\/iframe><script type=\"text\/javascript\">\n\/* <![CDATA[ *\/\n\/*! This file is auto-generated *\/\n!function(d,l){\"use strict\";l.querySelector&&d.addEventListener&&\"undefined\"!=typeof URL&&(d.wp=d.wp||{},d.wp.receiveEmbedMessage||(d.wp.receiveEmbedMessage=function(e){var t=e.data;if((t||t.secret||t.message||t.value)&&!\/[^a-zA-Z0-9]\/.test(t.secret)){for(var s,r,n,a=l.querySelectorAll('iframe[data-secret=\"'+t.secret+'\"]'),o=l.querySelectorAll('blockquote[data-secret=\"'+t.secret+'\"]'),c=new RegExp(\"^https?:$\",\"i\"),i=0;i<o.length;i++)o[i].style.display=\"none\";for(i=0;i<a.length;i++)s=a[i],e.source===s.contentWindow&&(s.removeAttribute(\"style\"),\"height\"===t.message?(1e3<(r=parseInt(t.value,10))?r=1e3:~~r<200&&(r=200),s.height=r):\"link\"===t.message&&(r=new URL(s.getAttribute(\"src\")),n=new URL(t.value),c.test(n.protocol))&&n.host===r.host&&l.activeElement===s&&(d.top.location.href=t.value))}},d.addEventListener(\"message\",d.wp.receiveEmbedMessage,!1),l.addEventListener(\"DOMContentLoaded\",function(){for(var e,t,s=l.querySelectorAll(\"iframe.wp-embedded-content\"),r=0;r<s.length;r++)(t=(e=s[r]).getAttribute(\"data-secret\"))||(t=Math.random().toString(36).substring(2,12),e.src+=\"#?secret=\"+t,e.setAttribute(\"data-secret\",t)),e.contentWindow.postMessage({message:\"ready\",secret:t},\"*\")},!1)))}(window,document);\n\/\/# sourceURL=https:\/\/lietuve.lt\/wp-includes\/js\/wp-embed.min.js\n\/* ]]> *\/\n<\/script>\n","description":"2016-ieji paskelbti Saul\u0117s m\u016b\u0161io metais \u2013 \u0161iemet minime \u0161io ne tik Lietuvai, bet ir Europai reik\u0161mingo \u012fvykio 780-met\u012f. 1236 m. rugs\u0117jo 22 d. \u0160iauli\u0173 \u017eem\u0117je \u012fvykusio m\u016b\u0161io metu lietuvi\u0173 ir kit\u0173 balt\u0173 \u017eemi\u0173 kariai pasiek\u0117 istorin\u0117s reik\u0161m\u0117s pergal\u0119 prie\u0161 Kalavijuo\u010di\u0173 ordin\u0105. Tai buvo pirmasis didelis Lietuvos \u017eem\u0117je laim\u0117tas m\u016b\u0161is, \u012ftvirtin\u0119s Lietuvos vard\u0105 Europos \u017eem\u0117lapyje. Saul\u0117s"}