{"version":"1.0","provider_name":"\u017durnalas Lietuv\u0117","provider_url":"https:\/\/lietuve.lt","title":"\u0160imtmet\u012f \u0161ven\u010dian\u010dioje Prezident\u016broje \u2013 lankytoj\u0173 antpl\u016bdis - \u017durnalas Lietuv\u0117","type":"rich","width":600,"height":338,"html":"<blockquote class=\"wp-embedded-content\" data-secret=\"DpI8N2Dum9\"><a href=\"https:\/\/lietuve.lt\/simtmeti-svenciancioje-prezidenturoje-lankytoju-antpludis\/\">\u0160imtmet\u012f \u0161ven\u010dian\u010dioje Prezident\u016broje \u2013 lankytoj\u0173 antpl\u016bdis<\/a><\/blockquote><iframe sandbox=\"allow-scripts\" security=\"restricted\" src=\"https:\/\/lietuve.lt\/simtmeti-svenciancioje-prezidenturoje-lankytoju-antpludis\/embed\/#?secret=DpI8N2Dum9\" width=\"600\" height=\"338\" title=\"&#8220;\u0160imtmet\u012f \u0161ven\u010dian\u010dioje Prezident\u016broje \u2013 lankytoj\u0173 antpl\u016bdis&#8221; &#8212; \u017durnalas Lietuv\u0117\" data-secret=\"DpI8N2Dum9\" frameborder=\"0\" marginwidth=\"0\" marginheight=\"0\" scrolling=\"no\" class=\"wp-embedded-content\"><\/iframe><script type=\"text\/javascript\">\n\/* <![CDATA[ *\/\n\/*! This file is auto-generated *\/\n!function(d,l){\"use strict\";l.querySelector&&d.addEventListener&&\"undefined\"!=typeof URL&&(d.wp=d.wp||{},d.wp.receiveEmbedMessage||(d.wp.receiveEmbedMessage=function(e){var t=e.data;if((t||t.secret||t.message||t.value)&&!\/[^a-zA-Z0-9]\/.test(t.secret)){for(var s,r,n,a=l.querySelectorAll('iframe[data-secret=\"'+t.secret+'\"]'),o=l.querySelectorAll('blockquote[data-secret=\"'+t.secret+'\"]'),c=new RegExp(\"^https?:$\",\"i\"),i=0;i<o.length;i++)o[i].style.display=\"none\";for(i=0;i<a.length;i++)s=a[i],e.source===s.contentWindow&&(s.removeAttribute(\"style\"),\"height\"===t.message?(1e3<(r=parseInt(t.value,10))?r=1e3:~~r<200&&(r=200),s.height=r):\"link\"===t.message&&(r=new URL(s.getAttribute(\"src\")),n=new URL(t.value),c.test(n.protocol))&&n.host===r.host&&l.activeElement===s&&(d.top.location.href=t.value))}},d.addEventListener(\"message\",d.wp.receiveEmbedMessage,!1),l.addEventListener(\"DOMContentLoaded\",function(){for(var e,t,s=l.querySelectorAll(\"iframe.wp-embedded-content\"),r=0;r<s.length;r++)(t=(e=s[r]).getAttribute(\"data-secret\"))||(t=Math.random().toString(36).substring(2,12),e.src+=\"#?secret=\"+t,e.setAttribute(\"data-secret\",t)),e.contentWindow.postMessage({message:\"ready\",secret:t},\"*\")},!1)))}(window,document);\n\/\/# sourceURL=https:\/\/lietuve.lt\/wp-includes\/js\/wp-embed.min.js\n\/* ]]> *\/\n<\/script>\n","thumbnail_url":"https:\/\/lietuve.lt\/wp-content\/uploads\/2019\/04\/4-5.jpg","thumbnail_width":800,"thumbnail_height":566,"description":"Ketvirtadien\u012f Prezident\u0117 Dalia Grybauskait\u0117 pasveikino visus Prezidento institucijos \u0161imto met\u0173 jubiliejaus proga, bendravo su istorinius Prezidento r\u016bmus aplankyti atvykusiais \u017emon\u0117mis. \u201ePrie\u0161 100 met\u0173 \u012fsteigtos Prezidento institucijos istorija atspindi nelengv\u0105 atkurtos valstyb\u0117s keli\u0105. Jis nueitas kartu su tauta, ginant ir saugant T\u0117vyn\u0117s nepriklausomyb\u0119, \u012ftvirtinant pasaulyje stiprios ir savaranki\u0161kos Lietuvos vard\u0105\u201c, \u2013 teigia \u0161alies vadov\u0117. 1918 m."}