{"version":"1.0","provider_name":"\u017durnalas Lietuv\u0117","provider_url":"https:\/\/lietuve.lt","title":"\u0160irvinti\u0161ki\u0173 sielas v\u0117l prakalbino dainuojamoji poezija - \u017durnalas Lietuv\u0117","type":"rich","width":600,"height":338,"html":"<blockquote class=\"wp-embedded-content\" data-secret=\"a7OxcShjyC\"><a href=\"https:\/\/lietuve.lt\/sirvintiskiu-sielas-vel-prakalbino-dainuojamoji-poezija\/\">\u0160irvinti\u0161ki\u0173 sielas v\u0117l prakalbino dainuojamoji poezija<\/a><\/blockquote><iframe sandbox=\"allow-scripts\" security=\"restricted\" src=\"https:\/\/lietuve.lt\/sirvintiskiu-sielas-vel-prakalbino-dainuojamoji-poezija\/embed\/#?secret=a7OxcShjyC\" width=\"600\" height=\"338\" title=\"&#8220;\u0160irvinti\u0161ki\u0173 sielas v\u0117l prakalbino dainuojamoji poezija&#8221; &#8212; \u017durnalas Lietuv\u0117\" data-secret=\"a7OxcShjyC\" frameborder=\"0\" marginwidth=\"0\" marginheight=\"0\" scrolling=\"no\" class=\"wp-embedded-content\"><\/iframe><script type=\"text\/javascript\">\n\/* <![CDATA[ *\/\n\/*! This file is auto-generated *\/\n!function(d,l){\"use strict\";l.querySelector&&d.addEventListener&&\"undefined\"!=typeof URL&&(d.wp=d.wp||{},d.wp.receiveEmbedMessage||(d.wp.receiveEmbedMessage=function(e){var t=e.data;if((t||t.secret||t.message||t.value)&&!\/[^a-zA-Z0-9]\/.test(t.secret)){for(var s,r,n,a=l.querySelectorAll('iframe[data-secret=\"'+t.secret+'\"]'),o=l.querySelectorAll('blockquote[data-secret=\"'+t.secret+'\"]'),c=new RegExp(\"^https?:$\",\"i\"),i=0;i<o.length;i++)o[i].style.display=\"none\";for(i=0;i<a.length;i++)s=a[i],e.source===s.contentWindow&&(s.removeAttribute(\"style\"),\"height\"===t.message?(1e3<(r=parseInt(t.value,10))?r=1e3:~~r<200&&(r=200),s.height=r):\"link\"===t.message&&(r=new URL(s.getAttribute(\"src\")),n=new URL(t.value),c.test(n.protocol))&&n.host===r.host&&l.activeElement===s&&(d.top.location.href=t.value))}},d.addEventListener(\"message\",d.wp.receiveEmbedMessage,!1),l.addEventListener(\"DOMContentLoaded\",function(){for(var e,t,s=l.querySelectorAll(\"iframe.wp-embedded-content\"),r=0;r<s.length;r++)(t=(e=s[r]).getAttribute(\"data-secret\"))||(t=Math.random().toString(36).substring(2,12),e.src+=\"#?secret=\"+t,e.setAttribute(\"data-secret\",t)),e.contentWindow.postMessage({message:\"ready\",secret:t},\"*\")},!1)))}(window,document);\n\/\/# sourceURL=https:\/\/lietuve.lt\/wp-includes\/js\/wp-embed.min.js\n\/* ]]> *\/\n<\/script>\n","description":"Tre\u010di\u0105 kart\u0105 \u012f \u0160irvintas u\u017esuko tarptautinis dainuojamosios poezijos festivalis \u201eTai \u2013 a\u0161\u201c. Kaip visuomet, kartu su lietuvi\u0173 bardais festivalyje pasirod\u0117 sve\u010di\u0173 i\u0161 u\u017esienio. \u0160\u012fkart tai buvo kompozitor\u0117 ir dain\u0173 atlik\u0117ja i\u0161 \u0160vedijos Marija Pill ir bardas i\u0161 Airijos D. Mcloughlin. Virgio Stak\u0117no pasirodymas Pirmas \u012f scen\u0105, nuklot\u0105 rudeni\u0161kais lapais, \u012f\u017eeng\u0117 Lietuvos kantri t\u0117vu tituluojamas Virgis"}