{"version":"1.0","provider_name":"\u017durnalas Lietuv\u0117","provider_url":"https:\/\/lietuve.lt","title":"Si\u016blo didinti vidutin\u012f m\u0117nesin\u012f socialini\u0173 darbuotoj\u0173 atlyg\u012f - \u017durnalas Lietuv\u0117","type":"rich","width":600,"height":338,"html":"<blockquote class=\"wp-embedded-content\" data-secret=\"BSO5vO1vQY\"><a href=\"https:\/\/lietuve.lt\/siulo-didinti-vidutini-menesini-socialiniu-darbuotoju-atlygi\/\">Si\u016blo didinti vidutin\u012f m\u0117nesin\u012f socialini\u0173 darbuotoj\u0173 atlyg\u012f<\/a><\/blockquote><iframe sandbox=\"allow-scripts\" security=\"restricted\" src=\"https:\/\/lietuve.lt\/siulo-didinti-vidutini-menesini-socialiniu-darbuotoju-atlygi\/embed\/#?secret=BSO5vO1vQY\" width=\"600\" height=\"338\" title=\"&#8220;Si\u016blo didinti vidutin\u012f m\u0117nesin\u012f socialini\u0173 darbuotoj\u0173 atlyg\u012f&#8221; &#8212; \u017durnalas Lietuv\u0117\" data-secret=\"BSO5vO1vQY\" frameborder=\"0\" marginwidth=\"0\" marginheight=\"0\" scrolling=\"no\" class=\"wp-embedded-content\"><\/iframe><script type=\"text\/javascript\">\n\/* <![CDATA[ *\/\n\/*! This file is auto-generated *\/\n!function(d,l){\"use strict\";l.querySelector&&d.addEventListener&&\"undefined\"!=typeof URL&&(d.wp=d.wp||{},d.wp.receiveEmbedMessage||(d.wp.receiveEmbedMessage=function(e){var t=e.data;if((t||t.secret||t.message||t.value)&&!\/[^a-zA-Z0-9]\/.test(t.secret)){for(var s,r,n,a=l.querySelectorAll('iframe[data-secret=\"'+t.secret+'\"]'),o=l.querySelectorAll('blockquote[data-secret=\"'+t.secret+'\"]'),c=new RegExp(\"^https?:$\",\"i\"),i=0;i<o.length;i++)o[i].style.display=\"none\";for(i=0;i<a.length;i++)s=a[i],e.source===s.contentWindow&&(s.removeAttribute(\"style\"),\"height\"===t.message?(1e3<(r=parseInt(t.value,10))?r=1e3:~~r<200&&(r=200),s.height=r):\"link\"===t.message&&(r=new URL(s.getAttribute(\"src\")),n=new URL(t.value),c.test(n.protocol))&&n.host===r.host&&l.activeElement===s&&(d.top.location.href=t.value))}},d.addEventListener(\"message\",d.wp.receiveEmbedMessage,!1),l.addEventListener(\"DOMContentLoaded\",function(){for(var e,t,s=l.querySelectorAll(\"iframe.wp-embedded-content\"),r=0;r<s.length;r++)(t=(e=s[r]).getAttribute(\"data-secret\"))||(t=Math.random().toString(36).substring(2,12),e.src+=\"#?secret=\"+t,e.setAttribute(\"data-secret\",t)),e.contentWindow.postMessage({message:\"ready\",secret:t},\"*\")},!1)))}(window,document);\n\/\/# sourceURL=https:\/\/lietuve.lt\/wp-includes\/js\/wp-embed.min.js\n\/* ]]> *\/\n<\/script>\n","description":"Socialin\u0117s apsaugos ir darbo ministr\u0117 Algimanta Pabedinskien\u0117, susitikusi su Lietuvos socialini\u0173 darbuotoj\u0173 asociacijos prezidente Rasa Laiconiene, pabr\u0117\u017e\u0117, kad Lietuvoje, skirtingai nuo Vakar\u0173 Europos, Skandinavijos valstybi\u0173, socialiniai darbuotojai dar nesulaukia atitinkamo j\u0173 darbo \u012fvertinimo. \u201eSocialiniai darbuotojai dirba su sunkiausiomis visuomen\u0117s grup\u0117mis \u2013 rizikos \u0161eimomis, socialin\u0117s globos \u012fstaig\u0173 gyventojais, seneliais, vaikais, ne\u012fgaliaisiais. Sunkiai \u012fsivaizduojame gyvenim\u0105 be \u0161i\u0173"}