{"version":"1.0","provider_name":"\u017durnalas Lietuv\u0117","provider_url":"https:\/\/lietuve.lt","title":"\u0160kotijoje prasideda Lietuvos dienos - \u017durnalas Lietuv\u0117","type":"rich","width":600,"height":338,"html":"<blockquote class=\"wp-embedded-content\" data-secret=\"wBA0s5IzTN\"><a href=\"https:\/\/lietuve.lt\/skotijoje-prasideda-lietuvos-dienos\/\">\u0160kotijoje prasideda Lietuvos dienos<\/a><\/blockquote><iframe sandbox=\"allow-scripts\" security=\"restricted\" src=\"https:\/\/lietuve.lt\/skotijoje-prasideda-lietuvos-dienos\/embed\/#?secret=wBA0s5IzTN\" width=\"600\" height=\"338\" title=\"&#8220;\u0160kotijoje prasideda Lietuvos dienos&#8221; &#8212; \u017durnalas Lietuv\u0117\" data-secret=\"wBA0s5IzTN\" frameborder=\"0\" marginwidth=\"0\" marginheight=\"0\" scrolling=\"no\" class=\"wp-embedded-content\"><\/iframe><script>\n\/*! This file is auto-generated *\/\n!function(d,l){\"use strict\";l.querySelector&&d.addEventListener&&\"undefined\"!=typeof URL&&(d.wp=d.wp||{},d.wp.receiveEmbedMessage||(d.wp.receiveEmbedMessage=function(e){var t=e.data;if((t||t.secret||t.message||t.value)&&!\/[^a-zA-Z0-9]\/.test(t.secret)){for(var s,r,n,a=l.querySelectorAll('iframe[data-secret=\"'+t.secret+'\"]'),o=l.querySelectorAll('blockquote[data-secret=\"'+t.secret+'\"]'),c=new RegExp(\"^https?:$\",\"i\"),i=0;i<o.length;i++)o[i].style.display=\"none\";for(i=0;i<a.length;i++)s=a[i],e.source===s.contentWindow&&(s.removeAttribute(\"style\"),\"height\"===t.message?(1e3<(r=parseInt(t.value,10))?r=1e3:~~r<200&&(r=200),s.height=r):\"link\"===t.message&&(r=new URL(s.getAttribute(\"src\")),n=new URL(t.value),c.test(n.protocol))&&n.host===r.host&&l.activeElement===s&&(d.top.location.href=t.value))}},d.addEventListener(\"message\",d.wp.receiveEmbedMessage,!1),l.addEventListener(\"DOMContentLoaded\",function(){for(var e,t,s=l.querySelectorAll(\"iframe.wp-embedded-content\"),r=0;r<s.length;r++)(t=(e=s[r]).getAttribute(\"data-secret\"))||(t=Math.random().toString(36).substring(2,12),e.src+=\"#?secret=\"+t,e.setAttribute(\"data-secret\",t)),e.contentWindow.postMessage({message:\"ready\",secret:t},\"*\")},!1)))}(window,document);\n\/\/# sourceURL=https:\/\/lietuve.lt\/wp-includes\/js\/wp-embed.min.js\n<\/script>\n","thumbnail_url":"https:\/\/lietuve.lt\/wp-content\/uploads\/2019\/10\/5-7.jpg","thumbnail_width":960,"thumbnail_height":540,"description":"Spalio 22\u201325 dienomis Edinburge ir Glazge (Jungtin\u0117 Karalyst\u0117) bus surengtas i\u0161skirtinis Lietuv\u0105 pristatantis rengini\u0173 ciklas \u2013 Lietuvos dienos \u0160kotijoje. Keturias dienas vyksian\u010diuose renginiuose \u0160kotijos visuomen\u0117 ir \u0160kotijoje gyvenan\u010di\u0173 lietuvi\u0173 bendruomen\u0117 bus pakviesta kartu su Lietuvos kult\u016brinio ir akademinio pasaulio&nbsp; korif\u0117jais, tokiais kaip prof. Tomas Venclova, Petras Geniu\u0161as, Liudas Mock\u016bnas, jaunesn\u0117s kartos k\u016brybininkais ir \u0160kotijos partneriais"}