{"version":"1.0","provider_name":"\u017durnalas Lietuv\u0117","provider_url":"https:\/\/lietuve.lt","title":"Steigiama bendra Lietuvos, Ukrainos ir Lenkijos karin\u0117 brigada - \u017durnalas Lietuv\u0117","type":"rich","width":600,"height":338,"html":"<blockquote class=\"wp-embedded-content\" data-secret=\"NZjxxZ8rrV\"><a href=\"https:\/\/lietuve.lt\/steigiama-bendra-lietuvos-ukrainos-ir-lenkijos-karine-brigada\/\">Steigiama bendra Lietuvos, Ukrainos ir Lenkijos karin\u0117 brigada<\/a><\/blockquote><iframe sandbox=\"allow-scripts\" security=\"restricted\" src=\"https:\/\/lietuve.lt\/steigiama-bendra-lietuvos-ukrainos-ir-lenkijos-karine-brigada\/embed\/#?secret=NZjxxZ8rrV\" width=\"600\" height=\"338\" title=\"&#8220;Steigiama bendra Lietuvos, Ukrainos ir Lenkijos karin\u0117 brigada&#8221; &#8212; \u017durnalas Lietuv\u0117\" data-secret=\"NZjxxZ8rrV\" frameborder=\"0\" marginwidth=\"0\" marginheight=\"0\" scrolling=\"no\" class=\"wp-embedded-content\"><\/iframe><script type=\"text\/javascript\">\n\/* <![CDATA[ *\/\n\/*! This file is auto-generated *\/\n!function(d,l){\"use strict\";l.querySelector&&d.addEventListener&&\"undefined\"!=typeof URL&&(d.wp=d.wp||{},d.wp.receiveEmbedMessage||(d.wp.receiveEmbedMessage=function(e){var t=e.data;if((t||t.secret||t.message||t.value)&&!\/[^a-zA-Z0-9]\/.test(t.secret)){for(var s,r,n,a=l.querySelectorAll('iframe[data-secret=\"'+t.secret+'\"]'),o=l.querySelectorAll('blockquote[data-secret=\"'+t.secret+'\"]'),c=new RegExp(\"^https?:$\",\"i\"),i=0;i<o.length;i++)o[i].style.display=\"none\";for(i=0;i<a.length;i++)s=a[i],e.source===s.contentWindow&&(s.removeAttribute(\"style\"),\"height\"===t.message?(1e3<(r=parseInt(t.value,10))?r=1e3:~~r<200&&(r=200),s.height=r):\"link\"===t.message&&(r=new URL(s.getAttribute(\"src\")),n=new URL(t.value),c.test(n.protocol))&&n.host===r.host&&l.activeElement===s&&(d.top.location.href=t.value))}},d.addEventListener(\"message\",d.wp.receiveEmbedMessage,!1),l.addEventListener(\"DOMContentLoaded\",function(){for(var e,t,s=l.querySelectorAll(\"iframe.wp-embedded-content\"),r=0;r<s.length;r++)(t=(e=s[r]).getAttribute(\"data-secret\"))||(t=Math.random().toString(36).substring(2,12),e.src+=\"#?secret=\"+t,e.setAttribute(\"data-secret\",t)),e.contentWindow.postMessage({message:\"ready\",secret:t},\"*\")},!1)))}(window,document);\n\/\/# sourceURL=https:\/\/lietuve.lt\/wp-includes\/js\/wp-embed.min.js\n\/* ]]> *\/\n<\/script>\n","thumbnail_url":"https:\/\/lietuve.lt\/wp-content\/uploads\/2015\/02\/resize_680x520_dsc_8680-1.jpg","thumbnail_width":680,"thumbnail_height":447,"description":"Lietuvos Respublikos Prezident\u0117 Dalia Grybauskait\u0117, vadovaudamasi Konstitucija, teikia Seimui ratifikuoti Lietuvos, Lenkijos ir Ukrainos Vyriausybi\u0173 susitarim\u0105 d\u0117l bendro karinio vieneto \u012fsteigimo. Tri\u0161al\u0117 sutartis d\u0117l bendro karinio vieneto steigimo buvo pasira\u0161yta 2014 m. rugs\u0117jo 19 dien\u0105. Pasak Prezident\u0117s, \u0161ios brigados steigimas bus vienas did\u017eiausi\u0173 karinio bendradarbiavimo projekt\u0173 tarp Lietuvos, Lenkijos ir Ukrainos bei sustiprins tri\u0161alius santykius."}