{"version":"1.0","provider_name":"\u017durnalas Lietuv\u0117","provider_url":"https:\/\/lietuve.lt","title":"Stokholmo lituanistin\u0117 \u201eSaul\u0117s\u201c mokykla at\u0161vent\u0117 20 met\u0173 jubiliej\u0173 - \u017durnalas Lietuv\u0117","type":"rich","width":600,"height":338,"html":"<blockquote class=\"wp-embedded-content\" data-secret=\"1f9BnRJPx0\"><a href=\"https:\/\/lietuve.lt\/stokholmo-lituanistine-saules-mokykla-atsvente-20-metu-jubilieju\/\">Stokholmo lituanistin\u0117 \u201eSaul\u0117s\u201c mokykla at\u0161vent\u0117 20 met\u0173 jubiliej\u0173<\/a><\/blockquote><iframe sandbox=\"allow-scripts\" security=\"restricted\" src=\"https:\/\/lietuve.lt\/stokholmo-lituanistine-saules-mokykla-atsvente-20-metu-jubilieju\/embed\/#?secret=1f9BnRJPx0\" width=\"600\" height=\"338\" title=\"&#8220;Stokholmo lituanistin\u0117 \u201eSaul\u0117s\u201c mokykla at\u0161vent\u0117 20 met\u0173 jubiliej\u0173&#8221; &#8212; \u017durnalas Lietuv\u0117\" data-secret=\"1f9BnRJPx0\" frameborder=\"0\" marginwidth=\"0\" marginheight=\"0\" scrolling=\"no\" class=\"wp-embedded-content\"><\/iframe><script type=\"text\/javascript\">\n\/* <![CDATA[ *\/\n\/*! This file is auto-generated *\/\n!function(d,l){\"use strict\";l.querySelector&&d.addEventListener&&\"undefined\"!=typeof URL&&(d.wp=d.wp||{},d.wp.receiveEmbedMessage||(d.wp.receiveEmbedMessage=function(e){var t=e.data;if((t||t.secret||t.message||t.value)&&!\/[^a-zA-Z0-9]\/.test(t.secret)){for(var s,r,n,a=l.querySelectorAll('iframe[data-secret=\"'+t.secret+'\"]'),o=l.querySelectorAll('blockquote[data-secret=\"'+t.secret+'\"]'),c=new RegExp(\"^https?:$\",\"i\"),i=0;i<o.length;i++)o[i].style.display=\"none\";for(i=0;i<a.length;i++)s=a[i],e.source===s.contentWindow&&(s.removeAttribute(\"style\"),\"height\"===t.message?(1e3<(r=parseInt(t.value,10))?r=1e3:~~r<200&&(r=200),s.height=r):\"link\"===t.message&&(r=new URL(s.getAttribute(\"src\")),n=new URL(t.value),c.test(n.protocol))&&n.host===r.host&&l.activeElement===s&&(d.top.location.href=t.value))}},d.addEventListener(\"message\",d.wp.receiveEmbedMessage,!1),l.addEventListener(\"DOMContentLoaded\",function(){for(var e,t,s=l.querySelectorAll(\"iframe.wp-embedded-content\"),r=0;r<s.length;r++)(t=(e=s[r]).getAttribute(\"data-secret\"))||(t=Math.random().toString(36).substring(2,12),e.src+=\"#?secret=\"+t,e.setAttribute(\"data-secret\",t)),e.contentWindow.postMessage({message:\"ready\",secret:t},\"*\")},!1)))}(window,document);\n\/\/# sourceURL=https:\/\/lietuve.lt\/wp-includes\/js\/wp-embed.min.js\n\/* ]]> *\/\n<\/script>\n","thumbnail_url":"https:\/\/lietuve.lt\/wp-content\/uploads\/2016\/06\/74666_5f1914ffee931572db5d83268ebb233d.jpg","thumbnail_width":960,"thumbnail_height":540,"description":"Stokholmo lituanistin\u0117 \u201eSaul\u0117s\u201c mokykla \u0161vent\u0117 20 met\u0173 jubiliej\u0173. \u012e \u0161vent\u0119 susirinkusius t\u0117velius, vaiku\u010dius bei mokykl\u0117l\u0117s mokytoj\u0173 kolektyv\u0105 pasveikino bei pad\u0117kos ra\u0161t\u0105 \u201eSaul\u0117s\u201c mokykl\u0117l\u0117s tarybos pirmininkei Rugilei Kapiliorienei \u012fteik\u0117 Lietuvos ambasados konsulas Mindaugas Grigas. Kaip ir prie\u0161 10 met\u0173, 20-me\u010dio \u0161vent\u0117je sve\u010diavosi nenuilstantis Stokholmo lietuvi\u0173 liaudies \u0161oki\u0173 kolektyvas \u201eBaltija\u201c, linksmindamas sve\u010dius lietuvi\u0173 liaudies \u0161okiais. \u0160vent\u0117s sve\u010di\u0173"}