{"version":"1.0","provider_name":"\u017durnalas Lietuv\u0117","provider_url":"https:\/\/lietuve.lt","title":"Strasb\u016bre atidarytas septintasis Lietuvos garb\u0117s konsulatas Pranc\u016bzijoje - \u017durnalas Lietuv\u0117","type":"rich","width":600,"height":338,"html":"<blockquote class=\"wp-embedded-content\" data-secret=\"nPUXwOuzfD\"><a href=\"https:\/\/lietuve.lt\/strasbure-atidarytas-septintasis-lietuvos-garbes-konsulatas-prancuzijoje\/\">Strasb\u016bre atidarytas septintasis Lietuvos garb\u0117s konsulatas Pranc\u016bzijoje<\/a><\/blockquote><iframe sandbox=\"allow-scripts\" security=\"restricted\" src=\"https:\/\/lietuve.lt\/strasbure-atidarytas-septintasis-lietuvos-garbes-konsulatas-prancuzijoje\/embed\/#?secret=nPUXwOuzfD\" width=\"600\" height=\"338\" title=\"&#8220;Strasb\u016bre atidarytas septintasis Lietuvos garb\u0117s konsulatas Pranc\u016bzijoje&#8221; &#8212; \u017durnalas Lietuv\u0117\" data-secret=\"nPUXwOuzfD\" frameborder=\"0\" marginwidth=\"0\" marginheight=\"0\" scrolling=\"no\" class=\"wp-embedded-content\"><\/iframe><script type=\"text\/javascript\">\n\/* <![CDATA[ *\/\n\/*! This file is auto-generated *\/\n!function(d,l){\"use strict\";l.querySelector&&d.addEventListener&&\"undefined\"!=typeof URL&&(d.wp=d.wp||{},d.wp.receiveEmbedMessage||(d.wp.receiveEmbedMessage=function(e){var t=e.data;if((t||t.secret||t.message||t.value)&&!\/[^a-zA-Z0-9]\/.test(t.secret)){for(var s,r,n,a=l.querySelectorAll('iframe[data-secret=\"'+t.secret+'\"]'),o=l.querySelectorAll('blockquote[data-secret=\"'+t.secret+'\"]'),c=new RegExp(\"^https?:$\",\"i\"),i=0;i<o.length;i++)o[i].style.display=\"none\";for(i=0;i<a.length;i++)s=a[i],e.source===s.contentWindow&&(s.removeAttribute(\"style\"),\"height\"===t.message?(1e3<(r=parseInt(t.value,10))?r=1e3:~~r<200&&(r=200),s.height=r):\"link\"===t.message&&(r=new URL(s.getAttribute(\"src\")),n=new URL(t.value),c.test(n.protocol))&&n.host===r.host&&l.activeElement===s&&(d.top.location.href=t.value))}},d.addEventListener(\"message\",d.wp.receiveEmbedMessage,!1),l.addEventListener(\"DOMContentLoaded\",function(){for(var e,t,s=l.querySelectorAll(\"iframe.wp-embedded-content\"),r=0;r<s.length;r++)(t=(e=s[r]).getAttribute(\"data-secret\"))||(t=Math.random().toString(36).substring(2,12),e.src+=\"#?secret=\"+t,e.setAttribute(\"data-secret\",t)),e.contentWindow.postMessage({message:\"ready\",secret:t},\"*\")},!1)))}(window,document);\n\/\/# sourceURL=https:\/\/lietuve.lt\/wp-includes\/js\/wp-embed.min.js\n\/* ]]> *\/\n<\/script>\n","thumbnail_url":"https:\/\/lietuve.lt\/wp-content\/uploads\/2016\/07\/235.jpg","thumbnail_width":921,"thumbnail_height":768,"description":"Liepos 6-\u0105j\u0105, minint Valstyb\u0117s (Lietuvos karaliaus Mindaugo kar\u016bnavimo) dien\u0105, Strasb\u016bre atidarytas septintasis Lietuvos garb\u0117s konsulatas Pranc\u016bzijoje. Lietuvos garb\u0117s konsulu paskirtas Elzaso regiono did\u017eiausio laikra\u0161\u010dio \u201eDerni\u00e8res Nouvelles d\u2019Alsace\u201c (\u201eElzaso naujienos\u201c) generalinis direktorius, regione puikiai \u017einomas visuomenininkas Francis Hirnas. Lietuvos ambasadorius Pranc\u016bzijoje Dalius \u010cekuolis renginyje pasid\u017eiaug\u0117 Lietuvos konsulinio tinklo pl\u0117tra Pranc\u016bzijoje, ypa\u010d jos \u0161iaur\u0117s rytin\u0117je dalyje, kurioje"}