{"version":"1.0","provider_name":"\u017durnalas Lietuv\u0117","provider_url":"https:\/\/lietuve.lt","title":"Su Suomijos Prezidentu aptartos regionui kylan\u010dios gr\u0117sm\u0117s - \u017durnalas Lietuv\u0117","type":"rich","width":600,"height":338,"html":"<blockquote class=\"wp-embedded-content\" data-secret=\"SQoc07s9ov\"><a href=\"https:\/\/lietuve.lt\/su-suomijos-prezidentu-aptartos-regionui-kylancios-gresmes\/\">Su Suomijos Prezidentu aptartos regionui kylan\u010dios gr\u0117sm\u0117s<\/a><\/blockquote><iframe sandbox=\"allow-scripts\" security=\"restricted\" src=\"https:\/\/lietuve.lt\/su-suomijos-prezidentu-aptartos-regionui-kylancios-gresmes\/embed\/#?secret=SQoc07s9ov\" width=\"600\" height=\"338\" title=\"&#8220;Su Suomijos Prezidentu aptartos regionui kylan\u010dios gr\u0117sm\u0117s&#8221; &#8212; \u017durnalas Lietuv\u0117\" data-secret=\"SQoc07s9ov\" frameborder=\"0\" marginwidth=\"0\" marginheight=\"0\" scrolling=\"no\" class=\"wp-embedded-content\"><\/iframe><script type=\"text\/javascript\">\n\/* <![CDATA[ *\/\n\/*! This file is auto-generated *\/\n!function(d,l){\"use strict\";l.querySelector&&d.addEventListener&&\"undefined\"!=typeof URL&&(d.wp=d.wp||{},d.wp.receiveEmbedMessage||(d.wp.receiveEmbedMessage=function(e){var t=e.data;if((t||t.secret||t.message||t.value)&&!\/[^a-zA-Z0-9]\/.test(t.secret)){for(var s,r,n,a=l.querySelectorAll('iframe[data-secret=\"'+t.secret+'\"]'),o=l.querySelectorAll('blockquote[data-secret=\"'+t.secret+'\"]'),c=new RegExp(\"^https?:$\",\"i\"),i=0;i<o.length;i++)o[i].style.display=\"none\";for(i=0;i<a.length;i++)s=a[i],e.source===s.contentWindow&&(s.removeAttribute(\"style\"),\"height\"===t.message?(1e3<(r=parseInt(t.value,10))?r=1e3:~~r<200&&(r=200),s.height=r):\"link\"===t.message&&(r=new URL(s.getAttribute(\"src\")),n=new URL(t.value),c.test(n.protocol))&&n.host===r.host&&l.activeElement===s&&(d.top.location.href=t.value))}},d.addEventListener(\"message\",d.wp.receiveEmbedMessage,!1),l.addEventListener(\"DOMContentLoaded\",function(){for(var e,t,s=l.querySelectorAll(\"iframe.wp-embedded-content\"),r=0;r<s.length;r++)(t=(e=s[r]).getAttribute(\"data-secret\"))||(t=Math.random().toString(36).substring(2,12),e.src+=\"#?secret=\"+t,e.setAttribute(\"data-secret\",t)),e.contentWindow.postMessage({message:\"ready\",secret:t},\"*\")},!1)))}(window,document);\n\/\/# sourceURL=https:\/\/lietuve.lt\/wp-includes\/js\/wp-embed.min.js\n\/* ]]> *\/\n<\/script>\n","description":"Su oficialiu vizitu \u012f Suomij\u0105 i\u0161vykusi Lietuvos Respublikos Prezident\u0117 Dalia Grybauskait\u0117 susitiko su Suomijos Prezidentu Sauli Niinist\u00f6. Juodu aptar\u0117 regionui kylan\u010dias gr\u0117smes, bendradarbiavim\u0105 gynybos srityje, migracijos kriz\u0119, kitus aktualius dvi\u0161alius ir ES klausimus. \u201e\u012etempta geopolitin\u0117 realyb\u0117 ir nauji i\u0161\u0161\u016bkiai regiono saugumui \u012fpareigoja m\u016bs\u0173 \u0161alis stiprinti bendradarbiavim\u0105 visose srityse. Suomija susiduria su tokiomis pat gr\u0117sm\u0117mis kaip"}