{"version":"1.0","provider_name":"\u017durnalas Lietuv\u0117","provider_url":"https:\/\/lietuve.lt","title":"\u0160vies\u0173 festivalyje vilnie\u010di\u0173 emocijos virs ap\u0161vietimo spalvomis - \u017durnalas Lietuv\u0117","type":"rich","width":600,"height":338,"html":"<blockquote class=\"wp-embedded-content\" data-secret=\"TPTtc8TaYg\"><a href=\"https:\/\/lietuve.lt\/sviesu-festivalyje-vilnieciu-emocijos-virs-apsvietimo-spalvomis\/\">\u0160vies\u0173 festivalyje vilnie\u010di\u0173 emocijos virs ap\u0161vietimo spalvomis<\/a><\/blockquote><iframe sandbox=\"allow-scripts\" security=\"restricted\" src=\"https:\/\/lietuve.lt\/sviesu-festivalyje-vilnieciu-emocijos-virs-apsvietimo-spalvomis\/embed\/#?secret=TPTtc8TaYg\" width=\"600\" height=\"338\" title=\"&#8220;\u0160vies\u0173 festivalyje vilnie\u010di\u0173 emocijos virs ap\u0161vietimo spalvomis&#8221; &#8212; \u017durnalas Lietuv\u0117\" data-secret=\"TPTtc8TaYg\" frameborder=\"0\" marginwidth=\"0\" marginheight=\"0\" scrolling=\"no\" class=\"wp-embedded-content\"><\/iframe><script type=\"text\/javascript\">\n\/* <![CDATA[ *\/\n\/*! This file is auto-generated *\/\n!function(d,l){\"use strict\";l.querySelector&&d.addEventListener&&\"undefined\"!=typeof URL&&(d.wp=d.wp||{},d.wp.receiveEmbedMessage||(d.wp.receiveEmbedMessage=function(e){var t=e.data;if((t||t.secret||t.message||t.value)&&!\/[^a-zA-Z0-9]\/.test(t.secret)){for(var s,r,n,a=l.querySelectorAll('iframe[data-secret=\"'+t.secret+'\"]'),o=l.querySelectorAll('blockquote[data-secret=\"'+t.secret+'\"]'),c=new RegExp(\"^https?:$\",\"i\"),i=0;i<o.length;i++)o[i].style.display=\"none\";for(i=0;i<a.length;i++)s=a[i],e.source===s.contentWindow&&(s.removeAttribute(\"style\"),\"height\"===t.message?(1e3<(r=parseInt(t.value,10))?r=1e3:~~r<200&&(r=200),s.height=r):\"link\"===t.message&&(r=new URL(s.getAttribute(\"src\")),n=new URL(t.value),c.test(n.protocol))&&n.host===r.host&&l.activeElement===s&&(d.top.location.href=t.value))}},d.addEventListener(\"message\",d.wp.receiveEmbedMessage,!1),l.addEventListener(\"DOMContentLoaded\",function(){for(var e,t,s=l.querySelectorAll(\"iframe.wp-embedded-content\"),r=0;r<s.length;r++)(t=(e=s[r]).getAttribute(\"data-secret\"))||(t=Math.random().toString(36).substring(2,12),e.src+=\"#?secret=\"+t,e.setAttribute(\"data-secret\",t)),e.contentWindow.postMessage({message:\"ready\",secret:t},\"*\")},!1)))}(window,document);\n\/\/# sourceURL=https:\/\/lietuve.lt\/wp-includes\/js\/wp-embed.min.js\n\/* ]]> *\/\n<\/script>\n","thumbnail_url":"https:\/\/lietuve.lt\/wp-content\/uploads\/2019\/01\/2-15.jpg","thumbnail_width":960,"thumbnail_height":539,"description":"Pirmasis Vilniaus \u0161vies\u0173 festivalis per sostin\u0117s gimtadien\u012f (sausio 25 d.) \u017eada ne vien\u0105 staigmen\u0105 vilnie\u010diams ir miesto sve\u010diams. Viena j\u0173 \u2013 praeivi\u0173 emocijas ir fiziologin\u0119 b\u016bkl\u0119 (puls\u0105, kv\u0117pavimo da\u017en\u012f) spalvomis atvaizduosiantis ap\u0161vietimas ant Trij\u0173 kry\u017ei\u0173 paminklo. Smalsiausi bus kvie\u010diami savo emocijas pasimatuoti prie \u012f\u0117jimo \u012f Bernardin\u0173 sod\u0105 sumontuotoje kameroje. Visa, k\u0105 patirs festivalio lankytojai, kokios"}