{"version":"1.0","provider_name":"\u017durnalas Lietuv\u0117","provider_url":"https:\/\/lietuve.lt","title":"T. Tomilinas: \u201eAtlyginim\u0173 vie\u0161inimas \u2013 veiksminga naujos darbo politikos priemon\u0117\u201c - \u017durnalas Lietuv\u0117","type":"rich","width":600,"height":338,"html":"<blockquote class=\"wp-embedded-content\" data-secret=\"jynwovQlJK\"><a href=\"https:\/\/lietuve.lt\/t-tomilinas-atlyginimu-viesinimas-veiksminga-naujos-darbo-politikos-priemone\/\">T. Tomilinas: \u201eAtlyginim\u0173 vie\u0161inimas \u2013 veiksminga naujos darbo politikos priemon\u0117\u201c<\/a><\/blockquote><iframe sandbox=\"allow-scripts\" security=\"restricted\" src=\"https:\/\/lietuve.lt\/t-tomilinas-atlyginimu-viesinimas-veiksminga-naujos-darbo-politikos-priemone\/embed\/#?secret=jynwovQlJK\" width=\"600\" height=\"338\" title=\"&#8220;T. Tomilinas: \u201eAtlyginim\u0173 vie\u0161inimas \u2013 veiksminga naujos darbo politikos priemon\u0117\u201c&#8221; &#8212; \u017durnalas Lietuv\u0117\" data-secret=\"jynwovQlJK\" frameborder=\"0\" marginwidth=\"0\" marginheight=\"0\" scrolling=\"no\" class=\"wp-embedded-content\"><\/iframe><script type=\"text\/javascript\">\n\/* <![CDATA[ *\/\n\/*! This file is auto-generated *\/\n!function(d,l){\"use strict\";l.querySelector&&d.addEventListener&&\"undefined\"!=typeof URL&&(d.wp=d.wp||{},d.wp.receiveEmbedMessage||(d.wp.receiveEmbedMessage=function(e){var t=e.data;if((t||t.secret||t.message||t.value)&&!\/[^a-zA-Z0-9]\/.test(t.secret)){for(var s,r,n,a=l.querySelectorAll('iframe[data-secret=\"'+t.secret+'\"]'),o=l.querySelectorAll('blockquote[data-secret=\"'+t.secret+'\"]'),c=new RegExp(\"^https?:$\",\"i\"),i=0;i<o.length;i++)o[i].style.display=\"none\";for(i=0;i<a.length;i++)s=a[i],e.source===s.contentWindow&&(s.removeAttribute(\"style\"),\"height\"===t.message?(1e3<(r=parseInt(t.value,10))?r=1e3:~~r<200&&(r=200),s.height=r):\"link\"===t.message&&(r=new URL(s.getAttribute(\"src\")),n=new URL(t.value),c.test(n.protocol))&&n.host===r.host&&l.activeElement===s&&(d.top.location.href=t.value))}},d.addEventListener(\"message\",d.wp.receiveEmbedMessage,!1),l.addEventListener(\"DOMContentLoaded\",function(){for(var e,t,s=l.querySelectorAll(\"iframe.wp-embedded-content\"),r=0;r<s.length;r++)(t=(e=s[r]).getAttribute(\"data-secret\"))||(t=Math.random().toString(36).substring(2,12),e.src+=\"#?secret=\"+t,e.setAttribute(\"data-secret\",t)),e.contentWindow.postMessage({message:\"ready\",secret:t},\"*\")},!1)))}(window,document);\n\/\/# sourceURL=https:\/\/lietuve.lt\/wp-includes\/js\/wp-embed.min.js\n\/* ]]> *\/\n<\/script>\n","thumbnail_url":"https:\/\/lietuve.lt\/wp-content\/uploads\/2017\/02\/Tomas-Tomilinas-1.jpg","thumbnail_width":569,"thumbnail_height":451,"description":"Sausio m\u0117nes\u012f \u012fsigaliojus Seimo priimtam Socialinio draudimo \u012fstatymo pakeitimui \u201eSodra\u201c prad\u0117jo Lietuvos \u012fmoni\u0173 atlyginimo vidurki\u0173 vie\u0161inim\u0105. Kas m\u0117nes\u012f bus skelbiamas vidutinis darbo u\u017emokestis visose Lietuvos \u012fmon\u0117se, kurios turi daugiau nei tris darbuotojus. Anot Seimo Socialini\u0173 reikal\u0173 ir darbo komiteto pirmininko pavaduotojo Tomo Tomilino, \u0161i ankstesn\u0117s Vyriausyb\u0117s parengto socialinio modelio priemon\u0117 puikiai dera su 17-osios Vyriausyb\u0117s"}