{"version":"1.0","provider_name":"\u017durnalas Lietuv\u0117","provider_url":"https:\/\/lietuve.lt","title":"Tarp presti\u017einio \u201eSony\u201c fotografijos konkurso nominant\u0173 \u2013 keturi lietuviai - \u017durnalas Lietuv\u0117","type":"rich","width":600,"height":338,"html":"<blockquote class=\"wp-embedded-content\" data-secret=\"BgaZMjK82F\"><a href=\"https:\/\/lietuve.lt\/tarp-prestizinio-sony-fotografijos-konkurso-nominantu-keturi-lietuviai\/\">Tarp presti\u017einio \u201eSony\u201c fotografijos konkurso nominant\u0173 \u2013 keturi lietuviai<\/a><\/blockquote><iframe sandbox=\"allow-scripts\" security=\"restricted\" src=\"https:\/\/lietuve.lt\/tarp-prestizinio-sony-fotografijos-konkurso-nominantu-keturi-lietuviai\/embed\/#?secret=BgaZMjK82F\" width=\"600\" height=\"338\" title=\"&#8220;Tarp presti\u017einio \u201eSony\u201c fotografijos konkurso nominant\u0173 \u2013 keturi lietuviai&#8221; &#8212; \u017durnalas Lietuv\u0117\" data-secret=\"BgaZMjK82F\" frameborder=\"0\" marginwidth=\"0\" marginheight=\"0\" scrolling=\"no\" class=\"wp-embedded-content\"><\/iframe><script type=\"text\/javascript\">\n\/* <![CDATA[ *\/\n\/*! This file is auto-generated *\/\n!function(d,l){\"use strict\";l.querySelector&&d.addEventListener&&\"undefined\"!=typeof URL&&(d.wp=d.wp||{},d.wp.receiveEmbedMessage||(d.wp.receiveEmbedMessage=function(e){var t=e.data;if((t||t.secret||t.message||t.value)&&!\/[^a-zA-Z0-9]\/.test(t.secret)){for(var s,r,n,a=l.querySelectorAll('iframe[data-secret=\"'+t.secret+'\"]'),o=l.querySelectorAll('blockquote[data-secret=\"'+t.secret+'\"]'),c=new RegExp(\"^https?:$\",\"i\"),i=0;i<o.length;i++)o[i].style.display=\"none\";for(i=0;i<a.length;i++)s=a[i],e.source===s.contentWindow&&(s.removeAttribute(\"style\"),\"height\"===t.message?(1e3<(r=parseInt(t.value,10))?r=1e3:~~r<200&&(r=200),s.height=r):\"link\"===t.message&&(r=new URL(s.getAttribute(\"src\")),n=new URL(t.value),c.test(n.protocol))&&n.host===r.host&&l.activeElement===s&&(d.top.location.href=t.value))}},d.addEventListener(\"message\",d.wp.receiveEmbedMessage,!1),l.addEventListener(\"DOMContentLoaded\",function(){for(var e,t,s=l.querySelectorAll(\"iframe.wp-embedded-content\"),r=0;r<s.length;r++)(t=(e=s[r]).getAttribute(\"data-secret\"))||(t=Math.random().toString(36).substring(2,12),e.src+=\"#?secret=\"+t,e.setAttribute(\"data-secret\",t)),e.contentWindow.postMessage({message:\"ready\",secret:t},\"*\")},!1)))}(window,document);\n\/\/# sourceURL=https:\/\/lietuve.lt\/wp-includes\/js\/wp-embed.min.js\n\/* ]]> *\/\n<\/script>\n","thumbnail_url":"https:\/\/lietuve.lt\/wp-content\/uploads\/2018\/02\/Laurynas-Nevidonskis-\u201eMi\u0161ko-kelias\u201c-2018.jpg","thumbnail_width":1024,"thumbnail_height":680,"description":"Tarp 2018-\u0173j\u0173 \u201eSony\u201c pasaulini\u0173 fotografijos apdovanojim\u0173 nominant\u0173 \u2013 net keturi lietuviai fotografai. J\u0173 pateiktos nuotraukos atrinktos var\u017eytis toliau \u012fvairiose Atvirojo konkurso kategorijose, o viena fotografo Lauryno Nevidonskio nuotrauka \u012ftraukta tarp penkiasde\u0161imties geriausi\u0173 kadr\u0173 i\u0161 viso pasaulio. \u201eSony\u201c konkursui fotografas Andrius Burba pateik\u0117 unikal\u0173 kadr\u0105, kuriame i\u0161 apa\u010dios nufotografuotas arklys. \u0160is fotografas savo nuotrauk\u0173 cikl\u0105 \u201ePo"}